{"id":1629,"date":"2017-04-17T17:10:33","date_gmt":"2017-04-17T20:10:33","guid":{"rendered":"http:\/\/ecocaminhos.com\/site\/?page_id=1629"},"modified":"2025-08-06T14:53:45","modified_gmt":"2025-08-06T17:53:45","slug":"farm-rehab-rehabilitation-and-occupational-programmes-in-brazil","status":"publish","type":"page","link":"https:\/\/ecocaminhos.com\/br\/reabilitacao-volte-a-uma-vida-simples\/","title":{"rendered":"Programa de Reabilita\u00e7\u00e3o"},"content":{"rendered":"<div class=\"wpb-content-wrapper\">[vc_row][vc_column][vc_column_text]\n<h1><span style=\"color: #008000;\">Reabilita\u00e7\u00e3o em uma Fazenda Ecol\u00f3gica em Nova Friburgo<\/span><\/h1>\n<p><span style=\"font-weight: 400;\">A Eco Caminhos \u00e9 uma fazenda no interior do Rio de Janeiro que promove a recupera\u00e7\u00e3o de pessoas com depress\u00e3o e outros desafios relacionados a sa\u00fade mental, atrav\u00e9s de um trabalho significativo e uma vida em comunidade.\u00a0<\/span><span style=\"font-weight: 400;\">Em nossa bela localiza\u00e7\u00e3o nas montanhas uma pequena localidade rural, de nome Cardinot no munic\u00edpio de Nova Friburgo, perto do parque nacional\u00a0 dosTr\u00eas Picos, parte da Mata Atl\u00e2ntica,\u00a0 criamos o cen\u00e1rio ideal para uma recupera\u00e7\u00e3o de sa\u00fade mental, recebemos pessoas com depress\u00e3o, ansiedade, estresse, s\u00edndrome de burn-out entre outros. Essas pessoas participam da rotina da fazenda, comem alimentos saud\u00e1veis e participam de atividades como caminhadas, fogueiras, banhos de cachoeiras e passeios pela regi\u00e3o.<\/span><\/p>\n<p><span style=\"font-weight: 400;\">Ao longo dos \u00faltimos anos, recebemos algumas pessoas com problemas de sa\u00fade mental que, mostraram grande recupera\u00e7\u00e3o. O trabalho desenvolvido nas fazendas de recupera\u00e7\u00e3o foi recentemente estudado, indicando resultados incr\u00edveis.\u00a0 Leia mais sobre esta <a class=\"tcolor\" href=\"https:\/\/content.iospress.com\/articles\/work\/wor2213\" target=\"_blank\" rel=\"noopener noreferrer\">pesquisa feita nas fazendas norueguesas<\/a>.<\/span><\/p>\n<div class=\"motoslider_wrapper \" id=\"motoslider_wrapper69f472f260efc\" >\n        <div data-motoslider style=\"height: 600px; max-height: 600px;\">\n    <\/div>\n    <div class=\"motoslider\" style=\"display: none;\">\n        <div id=\"settings\"  data-full-window-width=\"false\" data-full-height=\"false\" data-full-height-offset=\"px\" data-full-height-offset-container=\"\" data-full-size-grid=\"false\" data-timer=\"true\" data-timer-delay=\"5000\" data-hover-timer=\"false\" data-counter=\"false\" data-slider-layout=\"auto\" data-timer-reverse=\"false\" data-arrows-show=\"false\" data-thumbnails-show=\"true\" data-slideshow-timer-show=\"false\" data-slideshow-ppb-show=\"false\" data-controls-hide-on-leave=\"false\" data-swipe=\"true\" data-delay-init=\"0\" data-scroll-init=\"false\" data-start-slide=\"1\" data-visible-from=\"\" data-visible-till=\"\" data-layout-desktop-width=\"700\" data-layout-desktop-height=\"600\" data-layout-notebook-width=\"1024\" data-layout-notebook-height=\"768\" data-layout-tablet-width=\"778\" data-layout-tablet-height=\"960\" data-layout-mobile-width=\"480\" data-layout-mobile-height=\"720\" data-layout=\"true;false;false;false\" data-custom-class=\"\">\n        <\/div>\n        <div id=\"slides\">\n                            <div class=\"slide\"  data-class=\"\" data-id=\"\" data-animation=\"msSlideFade\" data-fade-animation=\"msSlideFade\" data-duration=\"800\" data-easing=\"easeIn\">\n                    <div class=\"slide_bg\" >\n                        <div  data-type=\"color\" data-color=\"rgb(255, 255, 255)\"><\/div><div  data-src=\"https:\/\/ecocaminhos.com\/wp-content\/uploads\/2017\/11\/volunteer-bioconstruction-farm-brazil.jpg\" data-type=\"image\" data-fit=\"cover\" data-position=\"center center\" data-repeat=\"no-repeat\"><\/div>                    <\/div>\n                    <div class=\"layers\">\n                                                            <div class=\"layer\"  data-type=\"html\" data-align-horizontal=\"left;left;left;left\" data-align-vertical=\"bottom;bottom;bottom;bottom\" data-offset-x=\"14;14;14;14\" data-offset-y=\"105;105;105;105\" data-animation=\"fadeIn\" data-timing-function=\"linear\" data-duration=\"1000\" data-leave-animation=\"auto\" data-leave-timing-function=\"linear\" data-leave-duration=\"1000\" data-delay=\"1000\" data-resizable=\"1\" data-dont-change-position=\"\" data-hide-width=\"\" data-font-size=\"32;32;32;32\" data-line-height=\"30;30;30;30\" data-text-align=\"center;center;center;center\" data-width=\"509;509;509;509\" data-white-space=\"normal;normal;normal;normal\" data-class=\"mpsl-sub-header-dark  mpsl-layer mpsl-txt-sub-header-white\"><h3 style=\"text-align: left;\"><span style=\"color: #ffffff;\"><strong>Volta ao B\u00e1sico<\/strong><\/span><\/h3><\/div>\n                                                                    <div class=\"layer\"  data-type=\"html\" data-align-horizontal=\"left;left;left;left\" data-align-vertical=\"bottom;bottom;bottom;bottom\" data-offset-x=\"14;14;14;14\" data-offset-y=\"22;22;22;22\" data-animation=\"fadeIn\" data-timing-function=\"linear\" data-duration=\"1000\" data-leave-animation=\"auto\" data-leave-timing-function=\"linear\" data-leave-duration=\"1000\" data-delay=\"1000\" data-resizable=\"1\" data-dont-change-position=\"\" data-hide-width=\"\" data-font-size=\"20;20;20;20\" data-line-height=\";;;\" data-text-align=\";;;\" data-width=\"394;394;394;394\" data-white-space=\"normal;normal;normal;normal\" data-class=\"mpsl-sub-header-white  mpsl-layer\"><strong>Faz novos amigos do mundo tudo<\/strong><\/div>\n                                                    <\/div>\n                <\/div>\n                            <div class=\"slide\"  data-class=\"\" data-id=\"\" data-animation=\"msSlideFade\" data-fade-animation=\"msSlideFade\" data-duration=\"800\" data-easing=\"easeIn\">\n                    <div class=\"slide_bg\" >\n                        <div  data-type=\"color\" data-color=\"rgb(255, 255, 255)\"><\/div><div  data-src=\"https:\/\/ecocaminhos.com\/wp-content\/uploads\/2018\/02\/natural-cob-building-brazil-e1518693946929.jpg\" data-type=\"image\" data-fit=\"cover\" data-position=\"center center\" data-repeat=\"no-repeat\"><\/div>                    <\/div>\n                    <div class=\"layers\">\n                                                            <div class=\"layer\"  data-type=\"html\" data-align-horizontal=\"left;left;left;left\" data-align-vertical=\"bottom;bottom;bottom;bottom\" data-offset-x=\"16;16;16;16\" data-offset-y=\"100;100;100;100\" data-animation=\"fadeIn\" data-timing-function=\"linear\" data-duration=\"1000\" data-leave-animation=\"auto\" data-leave-timing-function=\"linear\" data-leave-duration=\"1000\" data-delay=\"1000\" data-resizable=\"1\" data-dont-change-position=\"\" data-hide-width=\"\" data-font-size=\"32;32;32;32\" data-line-height=\"30;30;30;30\" data-text-align=\"center;center;center;center\" data-width=\"499;499;499;499\" data-white-space=\"normal;normal;normal;normal\" data-class=\"mpsl-sub-header-dark  mpsl-layer mpsl-txt-sub-header-white\"><h3><span style=\"color: #ffffff;\"><strong>Experimente a Bioconstru\u00e7\u00e3o<\/strong><\/span><\/h3><\/div>\n                                                                    <div class=\"layer\"  data-type=\"html\" data-align-horizontal=\"left;left;left;left\" data-align-vertical=\"bottom;bottom;bottom;bottom\" data-offset-x=\"16;16;16;16\" data-offset-y=\"45;45;45;45\" data-animation=\"fadeIn\" data-timing-function=\"linear\" data-duration=\"1000\" data-leave-animation=\"auto\" data-leave-timing-function=\"linear\" data-leave-duration=\"1000\" data-delay=\"1000\" data-resizable=\"1\" data-dont-change-position=\"\" data-hide-width=\"\" data-font-size=\"20;20;20;20\" data-line-height=\";;;\" data-text-align=\";;;\" data-width=\"688;688;688;688\" data-white-space=\"normal;normal;normal;normal\" data-class=\"mpsl-sub-header-white  mpsl-layer\"><strong>M\u00e3os na massa com a bioconstru\u00e7\u00e3o<\/strong><\/div>\n                                                    <\/div>\n                <\/div>\n                            <div class=\"slide\"  data-class=\"\" data-id=\"\" data-animation=\"msSlideFade\" data-fade-animation=\"msSlideFade\" data-duration=\"800\" data-easing=\"easeIn\">\n                    <div class=\"slide_bg\" >\n                        <div  data-type=\"color\" data-color=\"rgb(255, 255, 255)\"><\/div><div  data-src=\"https:\/\/ecocaminhos.com\/wp-content\/uploads\/2018\/02\/hike-mountains-brazil.jpg\" data-type=\"image\" data-fit=\"cover\" data-position=\"center center\" data-repeat=\"no-repeat\"><\/div>                    <\/div>\n                    <div class=\"layers\">\n                                                            <div class=\"layer\"  data-type=\"html\" data-align-horizontal=\"left;left;left;left\" data-align-vertical=\"bottom;bottom;bottom;bottom\" data-offset-x=\"7;7;7;7\" data-offset-y=\"103;103;103;103\" data-animation=\"fadeIn\" data-timing-function=\"linear\" data-duration=\"1000\" data-leave-animation=\"auto\" data-leave-timing-function=\"linear\" data-leave-duration=\"1000\" data-delay=\"1000\" data-resizable=\"1\" data-dont-change-position=\"\" data-hide-width=\"\" data-font-size=\"32;32;32;32\" data-line-height=\"30;30;30;30\" data-text-align=\"center;center;center;center\" data-width=\"501;501;501;501\" data-white-space=\"normal;normal;normal;normal\" data-class=\"mpsl-sub-header-dark  mpsl-layer mpsl-txt-sub-header-white\"><h3><span style=\"color: #ffffff;\"><strong>Trilhas Incr\u00edveis<\/strong><\/span><\/h3><\/div>\n                                                                    <div class=\"layer\"  data-type=\"html\" data-align-horizontal=\"left;left;left;left\" data-align-vertical=\"bottom;bottom;bottom;bottom\" data-offset-x=\"7;7;7;7\" data-offset-y=\"20;20;20;20\" data-animation=\"fadeIn\" data-timing-function=\"linear\" data-duration=\"1000\" data-leave-animation=\"auto\" data-leave-timing-function=\"linear\" data-leave-duration=\"1000\" data-delay=\"1000\" data-resizable=\"1\" data-dont-change-position=\"\" data-hide-width=\"\" data-font-size=\"20;20;20;20\" data-line-height=\";;;\" data-text-align=\";;;\" data-width=\"821;821;821;821\" data-white-space=\"normal;normal;normal;normal\" data-class=\"mpsl-sub-header-white  mpsl-layer\"><strong>A reserva Natural 3 Picos tem muita variedade de Animais e Plantas<\/strong><\/div>\n                                                    <\/div>\n                <\/div>\n                            <div class=\"slide\"  data-class=\"\" data-id=\"\" data-animation=\"msSlideFade\" data-fade-animation=\"msSlideFade\" data-duration=\"800\" data-easing=\"easeIn\">\n                    <div class=\"slide_bg\" >\n                        <div  data-type=\"color\" data-color=\"rgb(255, 255, 255)\"><\/div><div  data-src=\"https:\/\/ecocaminhos.com\/wp-content\/uploads\/2015\/05\/2015-12-12-16.48.37.jpg\" data-type=\"image\" data-fit=\"cover\" data-position=\"center center\" data-repeat=\"no-repeat\"><\/div>                    <\/div>\n                    <div class=\"layers\">\n                                                            <div class=\"layer\"  data-type=\"html\" data-align-horizontal=\"left;left;left;left\" data-align-vertical=\"bottom;bottom;bottom;bottom\" data-offset-x=\"14;14;14;14\" data-offset-y=\"138;138;138;138\" data-animation=\"fadeIn\" data-timing-function=\"linear\" data-duration=\"1000\" data-leave-animation=\"auto\" data-leave-timing-function=\"linear\" data-leave-duration=\"1000\" data-delay=\"1000\" data-resizable=\"1\" data-dont-change-position=\"\" data-hide-width=\"\" data-font-size=\"32;32;32;32\" data-line-height=\"30;30;30;30\" data-text-align=\"center;center;center;center\" data-width=\"295;295;295;295\" data-white-space=\"normal;normal;normal;normal\" data-class=\"mpsl-sub-header-dark  mpsl-layer mpsl-txt-sub-header-white\"><h3 style=\"text-align: left;\"><span style=\"color: #ffffff;\"><strong>Guia s\u00f3 para voc\u00ea<\/strong><\/span><\/h3><\/div>\n                                                                    <div class=\"layer\"  data-type=\"html\" data-align-horizontal=\"left;left;left;left\" data-align-vertical=\"bottom;bottom;bottom;bottom\" data-offset-x=\"14;14;14;14\" data-offset-y=\"55;55;55;55\" data-animation=\"fadeIn\" data-timing-function=\"linear\" data-duration=\"1000\" data-leave-animation=\"auto\" data-leave-timing-function=\"linear\" data-leave-duration=\"1000\" data-delay=\"1000\" data-resizable=\"1\" data-dont-change-position=\"\" data-hide-width=\"\" data-font-size=\"20;20;20;20\" data-line-height=\";;;\" data-text-align=\";;;\" data-width=\"609;609;609;609\" data-white-space=\"normal;normal;normal;normal\" data-class=\"mpsl-sub-header-white  mpsl-layer\"><strong>Tenha conversas e evolu\u00e7\u00f5es diariamente com seu Companheiro<\/strong><\/div>\n                                                    <\/div>\n                <\/div>\n                            <div class=\"slide\"  data-class=\"\" data-id=\"\" data-animation=\"msSlideFade\" data-fade-animation=\"msSlideFade\" data-duration=\"800\" data-easing=\"easeIn\">\n                    <div class=\"slide_bg\" >\n                        <div  data-type=\"color\" data-color=\"rgb(255, 255, 255)\"><\/div><div  data-src=\"https:\/\/ecocaminhos.com\/wp-content\/uploads\/2018\/02\/organic-farming-brazil-permaculture.jpg\" data-type=\"image\" data-fit=\"cover\" data-position=\"center center\" data-repeat=\"no-repeat\"><\/div>                    <\/div>\n                    <div class=\"layers\">\n                                                            <div class=\"layer\"  data-type=\"html\" data-align-horizontal=\"left;left;left;left\" data-align-vertical=\"bottom;bottom;bottom;bottom\" data-offset-x=\"8;8;8;8\" data-offset-y=\"94;94;94;94\" data-animation=\"fadeIn\" data-timing-function=\"linear\" data-duration=\"1000\" data-leave-animation=\"auto\" data-leave-timing-function=\"linear\" data-leave-duration=\"1000\" data-delay=\"1000\" data-resizable=\"1\" data-dont-change-position=\"\" data-hide-width=\"\" data-font-size=\"32;32;32;32\" data-line-height=\"30;30;30;30\" data-text-align=\"center;center;center;center\" data-width=\"372;372;372;372\" data-white-space=\"normal;normal;normal;normal\" data-class=\"mpsl-sub-header-dark  mpsl-layer mpsl-txt-sub-header-white\"><h3 style=\"text-align: left;\"><span style=\"color: #ffffff;\"><strong>Cultivo Org\u00e2nico<\/strong><\/span><\/h3><\/div>\n                                                                    <div class=\"layer\"  data-type=\"html\" data-align-horizontal=\"left;left;left;left\" data-align-vertical=\"bottom;bottom;bottom;bottom\" data-offset-x=\"8;8;8;8\" data-offset-y=\"39;39;39;39\" data-animation=\"fadeIn\" data-timing-function=\"linear\" data-duration=\"1000\" data-leave-animation=\"auto\" data-leave-timing-function=\"linear\" data-leave-duration=\"1000\" data-delay=\"1000\" data-resizable=\"1\" data-dont-change-position=\"\" data-hide-width=\"\" data-font-size=\"20;20;20;20\" data-line-height=\";;;\" data-text-align=\";;;\" data-width=\"594;594;594;594\" data-white-space=\"normal;normal;normal;normal\" data-class=\"mpsl-sub-header-white  mpsl-layer\"><strong>Experimente o cultivo org\u00e2nico e coma o que voc\u00ea produzir<\/strong><\/div>\n                                                    <\/div>\n                <\/div>\n                            <div class=\"slide\"  data-class=\"\" data-id=\"\" data-animation=\"msSlideFade\" data-fade-animation=\"msSlideFade\" data-duration=\"800\" data-easing=\"easeIn\">\n                    <div class=\"slide_bg\" >\n                        <div  data-type=\"color\" data-color=\"rgb(255, 255, 255)\"><\/div><div  data-src=\"https:\/\/ecocaminhos.com\/wp-content\/uploads\/2017\/12\/horseback-riding-brazil.jpg\" data-type=\"image\" data-fit=\"cover\" data-position=\"center center\" data-repeat=\"no-repeat\"><\/div>                    <\/div>\n                    <div class=\"layers\">\n                                                            <div class=\"layer\"  data-type=\"html\" data-align-horizontal=\"left;left;left;left\" data-align-vertical=\"bottom;bottom;bottom;bottom\" data-offset-x=\"7;7;7;7\" data-offset-y=\"106;106;106;106\" data-animation=\"fadeIn\" data-timing-function=\"linear\" data-duration=\"1000\" data-leave-animation=\"auto\" data-leave-timing-function=\"linear\" data-leave-duration=\"1000\" data-delay=\"1000\" data-resizable=\"1\" data-dont-change-position=\"\" data-hide-width=\"\" data-font-size=\"32;32;32;32\" data-line-height=\"30;30;30;30\" data-text-align=\"center;center;center;center\" data-width=\"351;351;351;351\" data-white-space=\"normal;normal;normal;normal\" data-class=\"mpsl-sub-header-dark  mpsl-layer mpsl-txt-sub-header-white\"><h3><span style=\"color: #ffffff;\"><strong>Passeio a Cavalo<\/strong><\/span><\/h3><\/div>\n                                                                    <div class=\"layer\"  data-type=\"html\" data-align-horizontal=\"left;left;left;left\" data-align-vertical=\"bottom;bottom;bottom;bottom\" data-offset-x=\"7;7;7;7\" data-offset-y=\"51;51;51;51\" data-animation=\"fadeIn\" data-timing-function=\"linear\" data-duration=\"1000\" data-leave-animation=\"auto\" data-leave-timing-function=\"linear\" data-leave-duration=\"1000\" data-delay=\"1000\" data-resizable=\"1\" data-dont-change-position=\"\" data-hide-width=\"\" data-font-size=\"20;20;20;20\" data-line-height=\";;;\" data-text-align=\";;;\" data-width=\"561;561;561;561\" data-white-space=\"normal;normal;normal;normal\" data-class=\"mpsl-sub-header-white  mpsl-layer\"><strong>Incr\u00edveis trilhas pelo parque tr\u00eas Picos<\/strong><\/div>\n                                                    <\/div>\n                <\/div>\n                    <\/div>\n    <\/div>\n<\/div>\n    <p class=\"motopress-hide-script mpsl-hide-script\">\n        <script type=\"text\/javascript\" id='mpsl-slider-fonts-load-motoslider_wrapper69f472f260efc'>\n            var font = document.createElement('link');\n            font.rel = 'stylesheet';\n            font.type = 'text\/css';\n            font.className = 'mpsl-fonts-link';\n            font.href = 'https:\/\/fonts.googleapis.com\/css?family=Open+Sans%3A300';\n            document.getElementsByTagName('head')[0].appendChild(font);\n        <\/script>\n    <\/p>\n<p class=\"motopress-hide-script mpsl-hide-script\">\n    <script type=\"text\/javascript\" id='mpsl-fix-height-motoslider_wrapper69f472f260efc'>\n        var aspect = 0.85714285714286;\n        var sliderWrapper = document.getElementById('motoslider_wrapper69f472f260efc');\n        var outerWidth = sliderWrapper.offsetWidth;\n        var curHeight = outerWidth * aspect;\n        sliderWrapper.querySelector('[data-motoslider]').height = curHeight + 'px';\n    <\/script>\n<\/p>[\/vc_column_text]<div  class=\"clear swmsc_gap\" style=\"margin:30px 0 0 0;\"><\/div>[\/vc_column][vc_column][vc_column_text]\n<h2><span style=\"color: #1a7317;\">Como funciona nossa comunidade<\/span><\/h2>\n<p>Nosso ambiente comunit\u00e1rio consiste em volunt\u00e1rios locais e internacionais que se tratam com respeito e formam uma equipe unida.\u00a0Vivemos e trabalhamos juntos e realizamos reuni\u00f5es semanais onde discutimos trabalho, vida e nossas diferen\u00e7as, sempre enfatizando a comunica\u00e7\u00e3o respeitosa, oferecendo \u00e0s pessoas a oportunidade de realmente se tornarem parte da comunidade Eco Caminhos.\u00a0Nosso cen\u00e1rio \u00e9 simples, para que as pessoas possam se concentrar no que realmente importa na vida.<br \/>\nPela nossa experi\u00eancia, muitos dos nossos clientes ficam felizes por estarem longe do modo de vida convencional, imersos num<br \/>\nambiente novo e refrescante, no meio da natureza, com apoio e feedback construtivo e individualizado.<\/p>\n[\/vc_column_text]<div  class=\"clear swmsc_gap\" style=\"margin:30px 0 0 0;\"><\/div>[\/vc_column][vc_column][vc_column_text]\n<h2><span style=\"color: #1a7317;\">Apoio personalizado para a sua reabilita\u00e7\u00e3o<\/span><\/h2>\n<p>Cada cliente ser\u00e1 apoiado e orientado ao longo do programa atrav\u00e9s de conversas frequentes e sess\u00f5es semanais de feedback com nosso experiente Fundador e Diretor.\u00a0Isto fornecer\u00e1 uma estrutura para explora\u00e7\u00e3o e compreens\u00e3o pessoal, para que voc\u00ea se sinta confort\u00e1vel ao falar sobre quest\u00f5es sem press\u00e3o ou julgamento.\u00a0Quando voc\u00ea estiver mais confort\u00e1vel com o programa, esses bate-papos ser\u00e3o reduzidos, pois o objetivo \u00e9 a recupera\u00e7\u00e3o e a independ\u00eancia.<\/p>\n<p>Nosso coordenador geral, Dutra , tem como objetivo o\u00a0 bem-estar e boa conviv\u00eancia das pessoas que moram na fazenda.<br \/>\nEle \u00e9 respons\u00e1vel pelas compras, manuten\u00e7\u00e3o e outros requisitos relacionados a hospedagem e alimenta\u00e7\u00e3o.[\/vc_column_text]<div  class=\"clear swmsc_gap\" style=\"margin:30px 0 0 0;\"><\/div>[\/vc_column][vc_column][vc_column_text]\n<h2 style=\"text-align: left;\"><span style=\"color: #008000;\">Hist\u00f3rias de recupera\u00e7\u00e3o pessoal:<\/span><\/h2>\n[\/vc_column_text][\/vc_column][vc_column][vc_column_text]<div class=\"pt-cv-wrapper\"><div class=\"pt-cv-view pt-cv-grid pt-cv-colsys pt-cv-same-height pt-cv-pgregular\" id=\"pt-cv-view-725412apsz\"><div data-id=\"pt-cv-page-1\" class=\"pt-cv-page\" data-cvc=\"3\" data-cvct=\"2\" data-cvcm=\"1\"><div class=\"col-md-4 col-sm-6 col-xs-12 pt-cv-content-item pt-cv-1-col\"  data-pid=\"25542\"><div class='pt-cv-ifield'><a href=\"https:\/\/ecocaminhos.com\/br\/blog\/reabilitacao-retiro-para-depressao-na-fazenda\/\" class=\"_self pt-cv-href-thumbnail pt-cv-thumb-default cvplbd cvp-responsive-image img-rounded\" target=\"_self\" data-iw=\"300\" data-ih=\"300\"><img loading=\"lazy\" decoding=\"async\" width=\"300\" height=\"225\" src=\"https:\/\/ecocaminhos.com\/wp-content\/uploads\/2024\/07\/eco-farm-brazil-volunteer-bioconstruction-permaculture-agroforestry-tourism-e1722347129650.jpg\" class=\"pt-cv-thumbnail img-rounded no-lazyload \" alt=\"eco farm brazil volunteer bioconstruction permaculture agroforestry tourism\" title=\"\"><\/a>\n<h4 class=\"pt-cv-title\"><a href=\"https:\/\/ecocaminhos.com\/br\/blog\/reabilitacao-retiro-para-depressao-na-fazenda\/\" class=\"_self cvplbd\" target=\"_self\" data-iw=\"300\" data-ih=\"300\">Reabilita\u00e7\u00e3o na Fazenda: Uma Solu\u00e7\u00e3o Hol\u00edstica para a Depress\u00e3o<\/a><\/h4>\n<div class=\"pt-cv-content\">Nosso programa enfatiza a imers\u00e3o na natureza, alimenta\u00e7\u00e3o saud\u00e1vel, apoio comunit\u00e1rio e um estilo de vida simples e estruturado para ...<br \/><div class=\"pt-cv-rmwrap\"><a href=\"https:\/\/ecocaminhos.com\/br\/blog\/reabilitacao-retiro-para-depressao-na-fazenda\/\" class=\"_self pt-cv-readmore btn btn-success cvplbd\" target=\"_self\" data-iw=\"300\" data-ih=\"300\">Leia mais<\/a><\/div><\/div><\/div><\/div>\n<div class=\"col-md-4 col-sm-6 col-xs-12 pt-cv-content-item pt-cv-1-col\"  data-pid=\"19857\"><div class='pt-cv-ifield'><a href=\"https:\/\/ecocaminhos.com\/br\/blog\/a-eco-caminhos-pode-te-ajudar-a-enfrentar-problemas-programa-de-reabilitacao\/\" class=\"_self pt-cv-href-thumbnail pt-cv-thumb-default cvplbd cvp-responsive-image img-rounded\" target=\"_self\" data-iw=\"300\" data-ih=\"300\"><img loading=\"lazy\" decoding=\"async\" width=\"300\" height=\"300\" src=\"https:\/\/ecocaminhos.com\/wp-content\/uploads\/2021\/01\/nova-friburgo-turismo.jpg\" class=\"pt-cv-thumbnail img-rounded no-lazyload \" alt=\"A Eco Caminhos pode te ajudar a enfrentar problemas | Programa de Reabilita\u00e7\u00e3o\" title=\"\"><\/a>\n<h4 class=\"pt-cv-title\"><a href=\"https:\/\/ecocaminhos.com\/br\/blog\/a-eco-caminhos-pode-te-ajudar-a-enfrentar-problemas-programa-de-reabilitacao\/\" class=\"_self cvplbd\" target=\"_self\" data-iw=\"300\" data-ih=\"300\">A Eco Caminhos pode te ajudar a enfrentar problemas | Programa de Reabilita\u00e7\u00e3o<\/a><\/h4>\n<div class=\"pt-cv-content\">Jo\u00e3o Diogo, brasileiro de 24 anos, veio para a Eco Caminhos em novembro de 2020 e, atrav\u00e9s desta entrevista, relata ...<br \/><div class=\"pt-cv-rmwrap\"><a href=\"https:\/\/ecocaminhos.com\/br\/blog\/a-eco-caminhos-pode-te-ajudar-a-enfrentar-problemas-programa-de-reabilitacao\/\" class=\"_self pt-cv-readmore btn btn-success cvplbd\" target=\"_self\" data-iw=\"300\" data-ih=\"300\">Leia mais<\/a><\/div><\/div><\/div><\/div>\n<div class=\"col-md-4 col-sm-6 col-xs-12 pt-cv-content-item pt-cv-1-col\"  data-pid=\"6324\"><div class='pt-cv-ifield'><a href=\"https:\/\/ecocaminhos.com\/br\/blog\/experiencia-programa-reabilitacao\/\" class=\"_self pt-cv-href-thumbnail pt-cv-thumb-default cvplbd cvp-responsive-image img-rounded\" target=\"_self\" data-iw=\"300\" data-ih=\"300\"><img loading=\"lazy\" decoding=\"async\" width=\"300\" height=\"236\" src=\"https:\/\/ecocaminhos.com\/wp-content\/uploads\/2019\/07\/64645642_10214740360838761_697190638021509120_o-300x236.jpg\" class=\"pt-cv-thumbnail img-rounded no-lazyload \" alt=\"Kennedy | canadense relata sua experi\u00eancia no nosso programa de reabilita\u00e7\u00e3o\" title=\"\"><\/a>\n<h4 class=\"pt-cv-title\"><a href=\"https:\/\/ecocaminhos.com\/br\/blog\/experiencia-programa-reabilitacao\/\" class=\"_self cvplbd\" target=\"_self\" data-iw=\"300\" data-ih=\"300\">Kennedy | canadense relata sua experi\u00eancia no nosso programa de reabilita\u00e7\u00e3o<\/a><\/h4>\n<div class=\"pt-cv-content\">Os tr\u00eas meses que passei na Eco Caminhos foram uma das experi\u00eancias mais transformadoras da minha vida. A combina\u00e7\u00e3o do ...<br \/><div class=\"pt-cv-rmwrap\"><a href=\"https:\/\/ecocaminhos.com\/br\/blog\/experiencia-programa-reabilitacao\/\" class=\"_self pt-cv-readmore btn btn-success cvplbd\" target=\"_self\" data-iw=\"300\" data-ih=\"300\">Leia mais<\/a><\/div><\/div><\/div><\/div>\n<div class=\"col-md-4 col-sm-6 col-xs-12 pt-cv-content-item pt-cv-1-col\"  data-pid=\"2471\"><div class='pt-cv-ifield'><a href=\"https:\/\/ecocaminhos.com\/br\/blog\/reabilitacao-em-uma-fazenda-ecologica-brasileira-um-lugar-onde-voce-podera-encontrar-alivio-e-clareza\/\" class=\"_self pt-cv-href-thumbnail pt-cv-thumb-default cvplbd cvp-responsive-image img-rounded\" target=\"_self\" data-iw=\"300\" data-ih=\"300\"><img loading=\"lazy\" decoding=\"async\" width=\"300\" height=\"225\" src=\"https:\/\/ecocaminhos.com\/wp-content\/uploads\/2017\/12\/rehabilitation-in-brazil-eco-farm-e1518192531512.jpg\" class=\"pt-cv-thumbnail img-rounded no-lazyload \" alt=\"Reabilita\u00e7\u00e3o em uma fazenda ecol\u00f3gica brasileira: &quot;Um lugar onde voc\u00ea poder\u00e1 encontrar al\u00edvio e clareza&quot;\" title=\"\"><\/a>\n<h4 class=\"pt-cv-title\"><a href=\"https:\/\/ecocaminhos.com\/br\/blog\/reabilitacao-em-uma-fazenda-ecologica-brasileira-um-lugar-onde-voce-podera-encontrar-alivio-e-clareza\/\" class=\"_self cvplbd\" target=\"_self\" data-iw=\"300\" data-ih=\"300\">Reabilita\u00e7\u00e3o em uma fazenda ecol\u00f3gica brasileira: &#8220;Um lugar onde voc\u00ea poder\u00e1 encontrar al\u00edvio e clareza&#8221;<\/a><\/h4>\n<div class=\"pt-cv-content\">Atualmente tenho 21 anos, trabalhei nove meses na Eco Caminhos. Nasci e cresci na Holanda e enfrentei muitos problemas no ...<br \/><div class=\"pt-cv-rmwrap\"><a href=\"https:\/\/ecocaminhos.com\/br\/blog\/reabilitacao-em-uma-fazenda-ecologica-brasileira-um-lugar-onde-voce-podera-encontrar-alivio-e-clareza\/\" class=\"_self pt-cv-readmore btn btn-success cvplbd\" target=\"_self\" data-iw=\"300\" data-ih=\"300\">Leia mais<\/a><\/div><\/div><\/div><\/div><\/div><\/div><\/div>\t\t\t<style type=\"text\/css\" id=\"pt-cv-inline-style-806ba11jlo\">#pt-cv-view-725412apsz .pt-cv-title a, #pt-cv-view-725412apsz  .panel-title { font-weight: 600 !important; }\n#pt-cv-view-725412apsz .pt-cv-carousel-caption  { background-color: rgba(51,51,51,.6) !important; }\n#pt-cv-view-725412apsz .pt-cv-specialp { background-color: #CC3333 !important }\n#pt-cv-view-725412apsz .pt-cv-specialp * { color: #fff !important; }\n#pt-cv-view-725412apsz .pt-cv-pficon  { color: #bbb !important; }\n#pt-cv-view-725412apsz .pt-cv-readmore  { color: #ffffff !important; background-color: #009e07 !important; }\n#pt-cv-view-725412apsz .pt-cv-readmore:hover  { color: #ffffff !important; background-color: #013f00 !important; }\n#pt-cv-view-725412apsz  + .pt-cv-pagination-wrapper .pt-cv-more , #pt-cv-view-725412apsz  + .pt-cv-pagination-wrapper .pagination .active a { color: #ffffff !important; background-color: #00aeef !important; }\n.cvp-live-submit   { background-color: #328228 !important; }\n#pt-cv-view-725412apsz .img-rounded, #pt-cv-view-725412apsz .pt-cv-hover-wrapper { -webkit-border-radius: 12px !important; -moz-border-radius: 12px !important; border-radius: 12px !important; }\n#pt-cv-view-725412apsz .pt-cv-cap-w-img { border-bottom-left-radius: 12px !important; border-bottom-right-radius: 12px !important; }\n#pt-cv-view-725412apsz .cvp-responsive-image[style*=\"background-image\"] { width: 300px; height: 300px; }<\/style>\r\n\t\t\t[\/vc_column_text]<div  class=\"clear swmsc_gap\" style=\"margin:30px 0 0 0;\"><\/div>[\/vc_column][\/vc_row][vc_row][vc_column][vc_column_text css=&#8221;&#8221;]\n<h2><span style=\"color: #1a7317;\">Comida saud\u00e1vel<\/span><\/h2>\n<p>Cultivamos nossos pr\u00f3prios alimentos org\u00e2nicos e todos os participantes alternam em uma programa\u00e7\u00e3o de culin\u00e1ria.\u00a0Se algu\u00e9m n\u00e3o sabe cozinhar, n\u00e3o se preocupe.\u00a0O cliente come\u00e7ar\u00e1 ajudando outras pessoas at\u00e9 adquirirem habilidades para cozinhar de forma independente.<\/p>\n<h2><span style=\"color: #1a7317;\">Agricultura estruturada e trabalhos de bioconstru\u00e7\u00e3o<\/span><\/h2>\n<p>Acreditamos que a estrutura \u00e9 um componente essencial para uma vida saud\u00e1vel e a\u00a0nossa experi\u00eancia tem-nos mostrado, repetidamente,\u00a0\u00a0que as pessoas que lutam com a sa\u00fade mental e quest\u00f5es relacionadas tendem a ter estruturas mal adaptadas e\/ou insustent\u00e1veis \u200b\u200bou mesmo nenhuma.\u00a0Na Eco Caminhos, traremos sua vida de volta ao b\u00e1sico e proporcionaremos uma rotina est\u00e1vel na qual voc\u00ea pode confiar.\u00a0Nosso dia come\u00e7a \u00e0s 7h e termina \u00e0s 16h, com intervalo de uma hora para almo\u00e7o ao meio-dia.\u00a0Acordamos cedo, trabalhamos na fazenda, comemos alimentos saud\u00e1veis \u200b\u200be aproveitamos o tempo juntos como membros iguais da mesma equipe.\u00a0Dependendo dos interesses do candidato, pode-se optar por participar de bioconstru\u00e7\u00e3o, agrofloresta e\/ou agricultura org\u00e2nica.\u00a0N\u00e3o h\u00e1 prazos;\u00a0esperamos apenas que as pessoas estejam motivadas e fa\u00e7am o seu melhor.<\/p>\n<h2><span style=\"color: #1a7317;\">Op\u00e7\u00f5es de acomoda\u00e7\u00e3o<\/span><\/h2>\n<p>Dependendo das suas necessidades espec\u00edficas, podemos oferecer 2 op\u00e7\u00f5es de alojamento. A op\u00e7\u00e3o 1 \u00e9 ficar na casa do volunt\u00e1rio e conviver com outros volunt\u00e1rios e trabalhadores que j\u00e1 est\u00e3o acostumados com a rotina da fazenda. Este \u00e9 um ambiente ideal para quem se sente confort\u00e1vel o suficiente para compartilhar e conviver com outras pessoas desde o primeiro dia. A alternativa \u00e9 fazer uma estadia em casa de fam\u00edlia com a fam\u00edlia Bijen. A fam\u00edlia Bijen tem mais de 12 anos de experi\u00eancia em trabalho social com jovens e volunt\u00e1rios. Voc\u00ea ter\u00e1 uma sala privada, comida preparada e aten\u00e7\u00e3o personalizada da fam\u00edlia. As acomoda\u00e7\u00f5es na casa da familia Bijen s\u00e3o muito boas e confort\u00e1veis, e esta \u00e9 certamente uma forma mais confort\u00e1vel de come\u00e7ar. Ap\u00f3s 4 semanas de estadia em casa de fam\u00edlia e tendo tido a oportunidade de se acostumar com a rotina, a fazenda e as pessoas, esperamos que voc\u00ea esteja pronto para se mudar para a casa de volunt\u00e1rios, a fim de progredir em dire\u00e7\u00e3o ao objetivo de recupera\u00e7\u00e3o e independ\u00eancia atrav\u00e9s de uma conviv\u00eancia maior com as demais pessoas da fazenda.<\/p>\n<h2><span style=\"color: #1a7317;\">Como poderia ser a sua semana na Eco Caminhos:<\/span><\/h2>\n<p><a href=\"https:\/\/ecocaminhos.com\/wp-content\/uploads\/2024\/03\/PT.-Rehab-Week-Plan-.png\"><img loading=\"lazy\" decoding=\"async\" class=\"alignnone size-full wp-image-25258\" src=\"https:\/\/ecocaminhos.com\/wp-content\/uploads\/2024\/03\/PT.-Rehab-Week-Plan-.png\" alt=\"\" width=\"1920\" height=\"1041\" title=\"\" srcset=\"https:\/\/ecocaminhos.com\/wp-content\/uploads\/2024\/03\/PT.-Rehab-Week-Plan-.png 1920w, https:\/\/ecocaminhos.com\/wp-content\/uploads\/2024\/03\/PT.-Rehab-Week-Plan--300x163.png 300w, https:\/\/ecocaminhos.com\/wp-content\/uploads\/2024\/03\/PT.-Rehab-Week-Plan--1024x555.png 1024w, https:\/\/ecocaminhos.com\/wp-content\/uploads\/2024\/03\/PT.-Rehab-Week-Plan--768x416.png 768w, https:\/\/ecocaminhos.com\/wp-content\/uploads\/2024\/03\/PT.-Rehab-Week-Plan--1536x833.png 1536w, https:\/\/ecocaminhos.com\/wp-content\/uploads\/2024\/03\/PT.-Rehab-Week-Plan--600x325.png 600w, https:\/\/ecocaminhos.com\/wp-content\/uploads\/2024\/03\/PT.-Rehab-Week-Plan--280x152.png 280w\" sizes=\"auto, (max-width: 1920px) 100vw, 1920px\" \/><\/a><\/p>\n<p><em><b>*H\u00e1 uma atividade adicional no fim de semana. Seu amigo est\u00e1 dispon\u00edvel 24 horas por dia, 7 dias por semana.<\/b><\/em><\/p>\n<h2><span style=\"color: #1a7317;\">Crit\u00e9rio<\/span><\/h2>\n<p>Temos alguns crit\u00e9rios muito simples para poder aderir ao programa:<\/p>\n<ul>\n<li aria-level=\"1\">Aproveite a natureza e coloque a m\u00e3o na massa<\/li>\n<li aria-level=\"1\">Estar aberto a feedback, reconhecer seu(s) problema(s) e estar disposto a melhorar<\/li>\n<li aria-level=\"1\">Motiva\u00e7\u00e3o para participar da estrutura do programa<\/li>\n<li aria-level=\"1\">Infelizmente, n\u00e3o podemos acomodar pessoas com transtornos por uso de subst\u00e2ncias (por exemplo, depend\u00eancia de drogas ou \u00e1lcool), pois n\u00e3o temos os recursos adequados para lidar com estes desafios espec\u00edficos.<\/li>\n<\/ul>\n<h2><span style=\"color: #1a7317;\">Pre\u00e7os (tudo inclu\u00eddo)<\/span><\/h2>\n\n<table id=\"tablepress-17\" class=\"tablepress tablepress-id-17 tablewidthh\">\n<thead>\n<tr class=\"row-1\">\n\t<th class=\"column-1\"><strong>Per\u00edodo<\/strong><\/th><th class=\"column-2\"><strong>Pre\u00e7os em Reais<\/strong><\/th><th class=\"column-3\"><strong>Pre\u00e7os em US$<\/strong><\/th><th class=\"column-4\"><strong>Pre\u00e7os em EUR<\/strong><\/th>\n<\/tr>\n<\/thead>\n<tbody class=\"row-striping row-hover\">\n<tr class=\"row-2\">\n\t<td class=\"column-1\">4 semanas<\/td><td class=\"column-2\">R$ 12.000<\/td><td class=\"column-3\"><span class=\"eurofxref-conversion-rate\" style=\"cursor:help;border-bottom:1px dotted gray;\" title=\"1 BRL = 0.2006 USD\">&#36;&nbsp;2,407.03<\/span><span class=\"eurofxref-append-string\">&nbsp;*<\/span><\/td><td class=\"column-4\"><span class=\"eurofxref-conversion-rate\" style=\"cursor:help;border-bottom:1px dotted gray;\" title=\"1 BRL = 0,1714 EUR\">&euro;&nbsp;2.056,24<\/span><span class=\"eurofxref-append-string\">&nbsp;*<\/span><\/td>\n<\/tr>\n<tr class=\"row-3\">\n\t<td class=\"column-1\">5 semanas<\/td><td class=\"column-2\">R$ 13.800<\/td><td class=\"column-3\"><span class=\"eurofxref-conversion-rate\" style=\"cursor:help;border-bottom:1px dotted gray;\" title=\"1 BRL = 0.2006 USD\">&#36;&nbsp;2,768.09<\/span><span class=\"eurofxref-append-string\">&nbsp;*<\/span><\/td><td class=\"column-4\"><span class=\"eurofxref-conversion-rate\" style=\"cursor:help;border-bottom:1px dotted gray;\" title=\"1 BRL = 0,1714 EUR\">&euro;&nbsp;2.364,67<\/span><span class=\"eurofxref-append-string\">&nbsp;*<\/span><\/td>\n<\/tr>\n<tr class=\"row-4\">\n\t<td class=\"column-1\">6 semanas<\/td><td class=\"column-2\">R$ 15.600<\/td><td class=\"column-3\"><span class=\"eurofxref-conversion-rate\" style=\"cursor:help;border-bottom:1px dotted gray;\" title=\"1 BRL = 0.2006 USD\">&#36;&nbsp;3,129.14<\/span><span class=\"eurofxref-append-string\">&nbsp;*<\/span><\/td><td class=\"column-4\"><span class=\"eurofxref-conversion-rate\" style=\"cursor:help;border-bottom:1px dotted gray;\" title=\"1 BRL = 0,1714 EUR\">&euro;&nbsp;2.673,11<\/span><span class=\"eurofxref-append-string\">&nbsp;*<\/span><\/td>\n<\/tr>\n<tr class=\"row-5\">\n\t<td class=\"column-1\">7 semanas<\/td><td class=\"column-2\">R$ 17.400<\/td><td class=\"column-3\"><span class=\"eurofxref-conversion-rate\" style=\"cursor:help;border-bottom:1px dotted gray;\" title=\"1 BRL = 0.2006 USD\">&#36;&nbsp;3,490.20<\/span><span class=\"eurofxref-append-string\">&nbsp;*<\/span><\/td><td class=\"column-4\"><span class=\"eurofxref-conversion-rate\" style=\"cursor:help;border-bottom:1px dotted gray;\" title=\"1 BRL = 0,1714 EUR\">&euro;&nbsp;2.981,55<\/span><span class=\"eurofxref-append-string\">&nbsp;*<\/span><\/td>\n<\/tr>\n<tr class=\"row-6\">\n\t<td class=\"column-1\">8 semanas<\/td><td class=\"column-2\">R$ 19.200<\/td><td class=\"column-3\"><span class=\"eurofxref-conversion-rate\" style=\"cursor:help;border-bottom:1px dotted gray;\" title=\"1 BRL = 0.2006 USD\">&#36;&nbsp;3,851.25<\/span><span class=\"eurofxref-append-string\">&nbsp;*<\/span><\/td><td class=\"column-4\"><span class=\"eurofxref-conversion-rate\" style=\"cursor:help;border-bottom:1px dotted gray;\" title=\"1 BRL = 0,1714 EUR\">&euro;&nbsp;3.289,98<\/span><span class=\"eurofxref-append-string\">&nbsp;*<\/span><\/td>\n<\/tr>\n<tr class=\"row-7\">\n\t<td class=\"column-1\">9 semanas<\/td><td class=\"column-2\">R$ 20.400<\/td><td class=\"column-3\"><span class=\"eurofxref-conversion-rate\" style=\"cursor:help;border-bottom:1px dotted gray;\" title=\"1 BRL = 0.2006 USD\">&#36;&nbsp;4,091.95<\/span><span class=\"eurofxref-append-string\">&nbsp;*<\/span><\/td><td class=\"column-4\"><span class=\"eurofxref-conversion-rate\" style=\"cursor:help;border-bottom:1px dotted gray;\" title=\"1 BRL = 0,1714 EUR\">&euro;&nbsp;3.495,60<\/span><span class=\"eurofxref-append-string\">&nbsp;*<\/span><\/td>\n<\/tr>\n<tr class=\"row-8\">\n\t<td class=\"column-1\">10 semanas<\/td><td class=\"column-2\">R$ 21.600<\/td><td class=\"column-3\"><span class=\"eurofxref-conversion-rate\" style=\"cursor:help;border-bottom:1px dotted gray;\" title=\"1 BRL = 0.2006 USD\">&#36;&nbsp;4,332.66<\/span><span class=\"eurofxref-append-string\">&nbsp;*<\/span><\/td><td class=\"column-4\"><span class=\"eurofxref-conversion-rate\" style=\"cursor:help;border-bottom:1px dotted gray;\" title=\"1 BRL = 0,1714 EUR\">&euro;&nbsp;3.701,23<\/span><span class=\"eurofxref-append-string\">&nbsp;*<\/span><\/td>\n<\/tr>\n<tr class=\"row-9\">\n\t<td class=\"column-1\">11 semanas<\/td><td class=\"column-2\">R$ 22.800<\/td><td class=\"column-3\"><span class=\"eurofxref-conversion-rate\" style=\"cursor:help;border-bottom:1px dotted gray;\" title=\"1 BRL = 0.2006 USD\">&#36;&nbsp;4,573.36<\/span><span class=\"eurofxref-append-string\">&nbsp;*<\/span><\/td><td class=\"column-4\"><span class=\"eurofxref-conversion-rate\" style=\"cursor:help;border-bottom:1px dotted gray;\" title=\"1 BRL = 0,1714 EUR\">&euro;&nbsp;3.906,85<\/span><span class=\"eurofxref-append-string\">&nbsp;*<\/span><\/td>\n<\/tr>\n<tr class=\"row-10\">\n\t<td class=\"column-1\">12 semanas<\/td><td class=\"column-2\">R$ 23.400<\/td><td class=\"column-3\"><span class=\"eurofxref-conversion-rate\" style=\"cursor:help;border-bottom:1px dotted gray;\" title=\"1 BRL = 0.2006 USD\">&#36;&nbsp;4,693.71<\/span><span class=\"eurofxref-append-string\">&nbsp;*<\/span><\/td><td class=\"column-4\"><span class=\"eurofxref-conversion-rate\" style=\"cursor:help;border-bottom:1px dotted gray;\" title=\"1 BRL = 0,1714 EUR\">&euro;&nbsp;4.009,66<\/span><span class=\"eurofxref-append-string\">&nbsp;*<\/span><\/td>\n<\/tr>\n<\/tbody>\n<\/table>\n<!-- #tablepress-17 from cache -->\n<p><strong>*<\/strong><em><strong> Caso opte pela hospedagem em casa de fam\u00edlia nas primeiras 4 semanas, cobraremos um adicional de R$ 8.000,00 .<\/strong><\/em>.<\/p>\n<p><strong>*\u00a0<em>Nossos pre\u00e7os est\u00e3o em reais e incluem impostos. Os pre\u00e7os em $USD e Euros s\u00e3o estimativas e o valor exato em $USD ou Euros ser\u00e1 calculado no dia da reserva.<\/em><\/strong><\/p>\n<p>&nbsp;<\/p>\n<h2><span style=\"color: #1a7317;\">Incluso no programa de reabilita\u00e7\u00e3o<\/span><\/h2>\n<ul>\n<li class=\"checkk\">Alojamento e Alimenta\u00e7\u00e3o<\/li>\n<li class=\"checkk\">\u00a0Orienta\u00e7\u00e3o personalizada do fundador e diretor<\/li>\n<li class=\"checkk\">\u00a0Aprendendo sobre bioconstru\u00e7\u00e3o, agrossilvicultura e agricultura org\u00e2nica<\/li>\n<li class=\"checkk\">\u00a0Atividades: caminhadas, cinema, camping, visitas a locais tur\u00edsticos.<\/li>\n<\/ul>\n<h2><span style=\"color: #1a7317;\">N\u00e3o incluso no programa de reabilita\u00e7\u00e3o<\/span><\/h2>\n<ul>\n<li class=\"checkk\">Orienta\u00e7\u00e3o de psic\u00f3logo ou psiquiatra \u2013 opcional, mas pode ser fornecida com custo adicional<\/li>\n<li class=\"checkk\">\u201cLuxos\u201d<\/li>\n<li class=\"checkk\">Seguro de sa\u00fade \u2013 espera-se que as pessoas tenham uma ap\u00f3lice de seguro de sa\u00fade internacional<\/li>\n<\/ul>\n<h2><span style=\"color: #1a7317;\">Participe do nosso programa: \u00a0<\/span><\/h2>\n<p>Estes s\u00e3o os passos a seguir para fazer parte do nosso programa:<\/p>\n<ol>\n<li><strong><a class=\"tcolor\" href=\"https:\/\/ecocaminhos.com\/contact\/\">Fazer contato<\/a><\/strong><\/li>\n<li>Marcaremos uma entrevista on-line para nos conhecermos<\/li>\n<li>N\u00f3s decidimos se acreditamos que podemos atend\u00ea-lo ou n\u00e3o.\u00a0O cliente decide se quer vir.<\/li>\n<li>O cliente recebe um acordo, formul\u00e1rio de expectativas, programa detalhado e manual<\/li>\n<li>O cliente confirma o acordo, preenche o formul\u00e1rio de expectativas e devolve.<\/li>\n<li>O pagamento integral est\u00e1 feito.<\/li>\n<li>Preparativos para a viagem<\/li>\n<\/ol>\n[\/vc_column_text][\/vc_column][\/vc_row][vc_row][vc_column]<div class=\"ult_pricing_table_wrap ult_info_table ult_design_6  ult-cs-green  \">\n\t\t\t\t\t<div class=\"ult_pricing_table \" style=\" \"><div id=\"Info-table-wrap-5049\" class=\"ult_pricing_heading\" style=\"\">\n\t\t\t\t\t\t\t<h3 class=\"ult-responsive\"  data-ultimate-target='#Info-table-wrap-5049 h3'  data-responsive-json-new='{\"font-size\":\"\",\"line-height\":\"\"}'  style=\"font-weight:normal;\"><\/h3><\/div><!--ult_pricing_heading--><div class=\"ult_price_body_block\" style=\"\">\n\t\t\t\t\t\t\t<div class=\"ult_price_body\">\n\t\t\t\t\t\t\t\t<div class=\"ult_price\">\n\t\t\t\t\t\t\t\t\t<div class=\"ult-just-icon-wrapper  \"><div class=\"align-icon\" style=\"text-align:center;\">\n<div class=\"aio-icon none \"  style=\"color:#81d742;font-size:32px;display:inline-block;\">\n\t<i class=\"Defaults-plane\"><\/i>\n<\/div><\/div><\/div>\n\t\t\t\t\t\t\t\t<\/div>\n\t\t\t\t\t\t\t<\/div>\n\t\t\t\t\t\t<\/div><!--ult_price_body_block--><div id=\"info_table_features_wrap-6807\"  data-ultimate-target='#info_table_features_wrap-6807.ult_price_features'  data-responsive-json-new='{\"font-size\":\"\",\"line-height\":\"\"}'  class=\"ult-responsive ult_price_features\" style=\"font-weight:normal;\">\n\t\t\t\t\t\t\t<h2><span style=\"color: #1a7317;\">Transfer\u00eancia de aeroporto<\/span><\/h2>\n<p style=\"text-align: left;\"><span style=\"font-size: 17px;\">Para garantir sua chegada segura e confort\u00e1vel, nosso motorista de confian\u00e7a de Nova Friburgo, Dutra, pode busc\u00e1-lo e deix\u00e1-lo na porta da Eco Caminhos. Ele esperar\u00e1 por voc\u00ea no sagu\u00e3o de desembarque. Dutra cobra apenas R$ 900. Tamb\u00e9m podemos providenciar para que voc\u00ea seja deixado em um local espec\u00edfico diferente no dia da partida, se preferir.<\/span><\/p>\n\n\t\t\t\t\t\t<\/div><!--ult_price_features--><div class=\"ult_clr\"><\/div>\n\t\t\t<\/div><!--pricing_table-->\n\t\t<\/div><!--pricing_table_wrap-->[\/vc_column][\/vc_row][vc_row][vc_column]<div class=\"ult_pricing_table_wrap ult_info_table ult_design_6  ult-cs-yellow  \">\n\t\t\t\t\t<div class=\"ult_pricing_table \" style=\" \"><div id=\"Info-table-wrap-7744\" class=\"ult_pricing_heading\" style=\"\">\n\t\t\t\t\t\t\t<h3 class=\"ult-responsive\"  data-ultimate-target='#Info-table-wrap-7744 h3'  data-responsive-json-new='{\"font-size\":\"\",\"line-height\":\"\"}'  style=\"font-weight:normal;\"><\/h3><\/div><!--ult_pricing_heading--><div class=\"ult_price_body_block\" style=\"\">\n\t\t\t\t\t\t\t<div class=\"ult_price_body\">\n\t\t\t\t\t\t\t\t<div class=\"ult_price\">\n\t\t\t\t\t\t\t\t\t<div class=\"ult-just-icon-wrapper  \"><div class=\"align-icon\" style=\"text-align:center;\">\n<div class=\"aio-icon none \"  style=\"color:#eeee22;font-size:32px;display:inline-block;\">\n\t<i class=\"Defaults-exclamation-triangle warning\"><\/i>\n<\/div><\/div><\/div>\n\t\t\t\t\t\t\t\t<\/div>\n\t\t\t\t\t\t\t<\/div>\n\t\t\t\t\t\t<\/div><!--ult_price_body_block--><div id=\"info_table_features_wrap-8134\"  data-ultimate-target='#info_table_features_wrap-8134.ult_price_features'  data-responsive-json-new='{\"font-size\":\"\",\"line-height\":\"\"}'  class=\"ult-responsive ult_price_features\" style=\"font-weight:normal;\">\n\t\t\t\t\t\t\t<h2><span style=\"color: #1a7317;\">Seguran\u00e7a e cuidados de sa\u00fade<\/span><\/h2>\n<p style=\"text-align: left;\"><span style=\"font-size: 17px;\">N\u00e3o h\u00e1 necessidade de se preocupar com seguran\u00e7a. Vivemos numa comunidade rural muito segura, onde a criminalidade \u00e9 pr\u00f3xima de zero. Podemos organizar transfer\u00eancias de aeroporto para voc\u00ea com nosso motorista de confian\u00e7a. Em caso de emerg\u00eancia, podemos levar as pessoas ao hospital privado localizado a apenas 25 minutos da ecofazenda. Esperamos que voc\u00ea venha com seu pr\u00f3prio seguro de sa\u00fade.<\/span><\/p>\n\n\t\t\t\t\t\t<\/div><!--ult_price_features--><div class=\"ult_clr\"><\/div>\n\t\t\t<\/div><!--pricing_table-->\n\t\t<\/div><!--pricing_table_wrap-->[\/vc_column][\/vc_row]\n<\/div>","protected":false},"excerpt":{"rendered":"<p><a class=\"subt\" style=\"list-style-type: none; padding-bottom: 5px;\">1 semana \u2013 3 meses<\/a><\/p>\n<ul class=\"fancy_list\">\n<li class=\"check_list green_sprite tbold subtext\">Vida saud\u00e1vel na natureza<\/li>\n<li class=\"check_list green_sprite tbold subtext\">Rotina de trabalho e alimenta\u00e7\u00e3o definida<\/li>\n<li class=\"check_list green_sprite subtext\">Atividades ecoesportivas<\/li>\n<li class=\"check_list green_sprite subtext\">Supervis\u00e3o 24h<\/li>\n<li class=\"check_list green_sprite subtext\">Quarto individual ou compartilhado<\/li>\n<\/ul>\n","protected":false},"author":9,"featured_media":21819,"parent":0,"menu_order":0,"comment_status":"closed","ping_status":"closed","template":"","meta":{"footnotes":"","_links_to":"","_links_to_target":""},"categories":[301],"tags":[],"class_list":["post-1629","page","type-page","status-publish","has-post-thumbnail","hentry","category-rehabilitation"],"rttpg_featured_image_url":{"full":["https:\/\/ecocaminhos.com\/wp-content\/uploads\/2018\/02\/Eco-farm-view-natural-building-agroforestry.jpeg",1026,1191,false],"landscape":["https:\/\/ecocaminhos.com\/wp-content\/uploads\/2018\/02\/Eco-farm-view-natural-building-agroforestry.jpeg",1026,1191,false],"portraits":["https:\/\/ecocaminhos.com\/wp-content\/uploads\/2018\/02\/Eco-farm-view-natural-building-agroforestry.jpeg",1026,1191,false],"thumbnail":["https:\/\/ecocaminhos.com\/wp-content\/uploads\/2018\/02\/Eco-farm-view-natural-building-agroforestry-150x150.jpeg",150,150,true],"medium":["https:\/\/ecocaminhos.com\/wp-content\/uploads\/2018\/02\/Eco-farm-view-natural-building-agroforestry-258x300.jpeg",258,300,true],"large":["https:\/\/ecocaminhos.com\/wp-content\/uploads\/2018\/02\/Eco-farm-view-natural-building-agroforestry-882x1024.jpeg",882,1024,true],"1536x1536":["https:\/\/ecocaminhos.com\/wp-content\/uploads\/2018\/02\/Eco-farm-view-natural-building-agroforestry.jpeg",1026,1191,false],"2048x2048":["https:\/\/ecocaminhos.com\/wp-content\/uploads\/2018\/02\/Eco-farm-view-natural-building-agroforestry.jpeg",1026,1191,false],"classic-grid-listing":["https:\/\/ecocaminhos.com\/wp-content\/uploads\/2018\/02\/Eco-farm-view-natural-building-agroforestry-517x600.jpeg",517,600,true],"classic-list-listing":["https:\/\/ecocaminhos.com\/wp-content\/uploads\/2018\/02\/Eco-farm-view-natural-building-agroforestry-138x160.jpeg",138,160,true],"modern-grid-listing":["https:\/\/ecocaminhos.com\/wp-content\/uploads\/2018\/02\/Eco-farm-view-natural-building-agroforestry-600x384.jpeg",600,384,true],"product-page-image":["https:\/\/ecocaminhos.com\/wp-content\/uploads\/2018\/02\/Eco-farm-view-natural-building-agroforestry-517x600.jpeg",517,600,true],"product-category-page-image":["https:\/\/ecocaminhos.com\/wp-content\/uploads\/2018\/02\/Eco-farm-view-natural-building-agroforestry-517x600.jpeg",517,600,true],"swmsc-related-posts":["https:\/\/ecocaminhos.com\/wp-content\/uploads\/2018\/02\/Eco-farm-view-natural-building-agroforestry.jpeg",296,344,false],"swmsc-recent-post-tiny":["https:\/\/ecocaminhos.com\/wp-content\/uploads\/2018\/02\/Eco-farm-view-natural-building-agroforestry.jpeg",78,90,false],"swmsc-grid-image":["https:\/\/ecocaminhos.com\/wp-content\/uploads\/2018\/02\/Eco-farm-view-natural-building-agroforestry.jpeg",396,460,false],"swmsc-square-image":["https:\/\/ecocaminhos.com\/wp-content\/uploads\/2018\/02\/Eco-farm-view-natural-building-agroforestry.jpeg",577,670,false],"swmsc-blog-featured":["https:\/\/ecocaminhos.com\/wp-content\/uploads\/2018\/02\/Eco-farm-view-natural-building-agroforestry.jpeg",448,520,false],"woocommerce_thumbnail":["https:\/\/ecocaminhos.com\/wp-content\/uploads\/2018\/02\/Eco-farm-view-natural-building-agroforestry-150x150.jpeg",150,150,true],"woocommerce_single":["https:\/\/ecocaminhos.com\/wp-content\/uploads\/2018\/02\/Eco-farm-view-natural-building-agroforestry-300x348.jpeg",300,348,true],"woocommerce_gallery_thumbnail":["https:\/\/ecocaminhos.com\/wp-content\/uploads\/2018\/02\/Eco-farm-view-natural-building-agroforestry-100x100.jpeg",100,100,true],"ecoworld-blog-featured":["https:\/\/ecocaminhos.com\/wp-content\/uploads\/2018\/02\/Eco-farm-view-natural-building-agroforestry.jpeg",448,520,false],"ecoworld-blog-full":["https:\/\/ecocaminhos.com\/wp-content\/uploads\/2018\/02\/Eco-farm-view-natural-building-agroforestry.jpeg",448,520,false],"ecoworld-related-posts":["https:\/\/ecocaminhos.com\/wp-content\/uploads\/2018\/02\/Eco-farm-view-natural-building-agroforestry.jpeg",296,344,false],"ecoworld-recent-post-tiny":["https:\/\/ecocaminhos.com\/wp-content\/uploads\/2018\/02\/Eco-farm-view-natural-building-agroforestry.jpeg",78,90,false],"ecoworld-grid-image":["https:\/\/ecocaminhos.com\/wp-content\/uploads\/2018\/02\/Eco-farm-view-natural-building-agroforestry.jpeg",396,460,false],"ecoworld-standard":["https:\/\/ecocaminhos.com\/wp-content\/uploads\/2018\/02\/Eco-farm-view-natural-building-agroforestry.jpeg",670,778,false],"ecoworld-square-image":["https:\/\/ecocaminhos.com\/wp-content\/uploads\/2018\/02\/Eco-farm-view-natural-building-agroforestry.jpeg",577,670,false]},"rttpg_author":{"display_name":"Nnamdi","author_link":"https:\/\/ecocaminhos.com\/br\/blog\/author\/nnamdi\/"},"rttpg_comment":0,"rttpg_category":" <a href=\"https:\/\/ecocaminhos.com\/br\/blog\/category\/rehabilitation\/\" rel=\"tag\">Reabilita\u00e7\u00e3o<\/a>","rttpg_excerpt":"1 semana \u2013 3 meses Vida saud\u00e1vel na natureza Rotina de trabalho e alimenta\u00e7\u00e3o definida Atividades ecoesportivas Supervis\u00e3o 24h Quarto individual ou compartilhado","post_mailing_queue_ids":[],"_links":{"self":[{"href":"https:\/\/ecocaminhos.com\/br\/wp-json\/wp\/v2\/pages\/1629","targetHints":{"allow":["GET"]}}],"collection":[{"href":"https:\/\/ecocaminhos.com\/br\/wp-json\/wp\/v2\/pages"}],"about":[{"href":"https:\/\/ecocaminhos.com\/br\/wp-json\/wp\/v2\/types\/page"}],"author":[{"embeddable":true,"href":"https:\/\/ecocaminhos.com\/br\/wp-json\/wp\/v2\/users\/9"}],"replies":[{"embeddable":true,"href":"https:\/\/ecocaminhos.com\/br\/wp-json\/wp\/v2\/comments?post=1629"}],"version-history":[{"count":8,"href":"https:\/\/ecocaminhos.com\/br\/wp-json\/wp\/v2\/pages\/1629\/revisions"}],"predecessor-version":[{"id":28196,"href":"https:\/\/ecocaminhos.com\/br\/wp-json\/wp\/v2\/pages\/1629\/revisions\/28196"}],"wp:featuredmedia":[{"embeddable":true,"href":"https:\/\/ecocaminhos.com\/br\/wp-json\/wp\/v2\/media\/21819"}],"wp:attachment":[{"href":"https:\/\/ecocaminhos.com\/br\/wp-json\/wp\/v2\/media?parent=1629"}],"wp:term":[{"taxonomy":"category","embeddable":true,"href":"https:\/\/ecocaminhos.com\/br\/wp-json\/wp\/v2\/categories?post=1629"},{"taxonomy":"post_tag","embeddable":true,"href":"https:\/\/ecocaminhos.com\/br\/wp-json\/wp\/v2\/tags?post=1629"}],"curies":[{"name":"wp","href":"https:\/\/api.w.org\/{rel}","templated":true}]}}