{"id":28884,"date":"2025-09-12T15:12:05","date_gmt":"2025-09-12T18:12:05","guid":{"rendered":"https:\/\/ecocaminhos.com\/?page_id=28884"},"modified":"2025-10-10T14:31:57","modified_gmt":"2025-10-10T17:31:57","slug":"portugues-da-horta-para-a-mesa","status":"publish","type":"page","link":"https:\/\/ecocaminhos.com\/br\/passeio-escolar-natureza-nova-friburgo\/","title":{"rendered":"Passeio Escolar na Natureza"},"content":{"rendered":"<div class=\"wpb-content-wrapper\">[vc_row][vc_column][vc_column_text css=&#8221;&#8221;]\n<h1 style=\"text-align: center; font-size: 48px;\" data-start=\"417\" data-end=\"500\"><b>\ud83c\udf31 Passeio Escolar na Natureza:<\/b><\/h1>\n<h1 style=\"text-align: center;\"><b>Educa\u00e7\u00e3o Ambiental na Eco Caminhos<\/b><\/h1>\n<p style=\"font-size: 24px; text-align: center; color: #228b22;\"><b>Conecte seus alunos \u00e0 natureza, \u00e0 sustentabilidade e \u00e0 alimenta\u00e7\u00e3o saud\u00e1vel atrav\u00e9s de experi\u00eancias pr\u00e1ticas e divertidas na Fazenda Eco Caminhos, em Nova Friburgo (RJ). <\/b><b>Mais do que um passeio escolar, \u00e9 uma viv\u00eancia transformadora que desperta curiosidade, colabora\u00e7\u00e3o e consci\u00eancia ambiental.<\/b><\/p>\n[\/vc_column_text][\/vc_column][\/vc_row][vc_row][vc_column]<div  class=\"clear swmsc_gap\" style=\"margin:30px 0 0 0;\"><\/div><div id=\"ultimate-video-279669f2739cb0d4c\" class=\"ult-video  ult-adjust-bottom-margin ultimate-video-279669f2739cb0d4c ultv-4291 \"><div class=\"ultv-video ultv-aspect-ratio-16_9 ultv-subscribe-responsive-none\" data-videotype=\"uv_iframe\">\n\t\t\t\t\t\t<div class=\"ultv-video__outer-wrap\" data-autoplay=\"0\" data-device=\"false\"  data-iconbg=\"#3A3A3A\" data-overcolor=\"\" data-defaultbg=\"#1f1f1e\" data-defaultplay=\"defaulticon\"><div class=\"ultv-video__play\" data-src=\"https:\/\/www.youtube.com\/embed\/Svaojoe71Tw?rel=0&#038;start&#038;end&#038;controls=1&#038;mute=0&#038;modestbranding=0&#038;autoplay=1\">\n\t\t\t\t\t\t\t\t<img decoding=\"async\" class=\"ultv-video__thumb\" src=\"https:\/\/ecocaminhos.com\/wp-content\/uploads\/2025\/09\/family-experience-kids.webp\" alt=\"\" title=\"\">\n\t\t\t\t\t\t\t\t<div class=\"ultv-video__play-icon  ultv-animation-none\" style=\"width:75px\"><svg height=\"100%\" version=\"1.1\" viewBox=\"0 0 68 48\" width=\"100%\"><path class=\"ultv-youtube-icon-bg\" d=\"m .66,37.62 c 0,0 .66,4.70 2.70,6.77 2.58,2.71 5.98,2.63 7.49,2.91 5.43,.52 23.10,.68 23.12,.68 .00,-1.3e-5 14.29,-0.02 23.81,-0.71 1.32,-0.15 4.22,-0.17 6.81,-2.89 2.03,-2.07 2.70,-6.77 2.70,-6.77 0,0 .67,-5.52 .67,-11.04 l 0,-5.17 c 0,-5.52 -0.67,-11.04 -0.67,-11.04 0,0 -0.66,-4.70 -2.70,-6.77 C 62.03,.86 59.13,.84 57.80,.69 48.28,0 34.00,0 34.00,0 33.97,0 19.69,0 10.18,.69 8.85,.84 5.95,.86 3.36,3.58 1.32,5.65 .66,10.35 .66,10.35 c 0,0 -0.55,4.50 -0.66,9.45 l 0,8.36 c .10,4.94 .66,9.45 .66,9.45 z\" fill=\"#1f1f1e\" ><\/path><path d=\"m 26.96,13.67 18.37,9.62 -18.37,9.55 -0.00,-19.17 z\" fill=\"#fff\"><\/path><path d=\"M 45.02,23.46 45.32,23.28 26.96,13.67 43.32,22.34 45.02,23.46 z\" fill=\"#ccc\"><\/path><\/svg><\/div> <\/div> <\/div><\/div><\/div><div  class=\"clear swmsc_gap\" style=\"margin:30px 0 0 0;\"><\/div>[\/vc_column][\/vc_row][vc_row][vc_column width=&#8221;2\/5&#8243;]<div  class=\"clear swmsc_gap\" style=\"margin:30px 0 0 0;\"><\/div><div  class=\"swmsc_text_block\" > \n<h2 style=\"text-align: center;\" data-start=\"1585\" data-end=\"1648\">\ud83c\udfaf <strong data-start=\"1602\" data-end=\"1646\">O que os alunos v\u00e3o vivenciar<\/strong><\/h2>\n<\/div><div  class=\"swmsc_toggle_accordion_container\" style=\"background-color: #f0fff0;\" data-id=\"closed\">\n\t\t\t\t\t\t<div class=\"swmsc_toggle_box_accordion\">\n\t\t\t\t\t\t<span class=\"swmsc_toggle_box_title_accordion\"><span class=\"swmsc_toggle_box_title_text no_icon\">\ud83c\udf0e Respeito \u00e0 Natureza e Consci\u00eancia Ambiental<i class=\"fa fa-plus-square-o openclose\"><\/i><i class=\"fa fa-minus-square-o openclose\"><\/i><\/span><\/span>\n\t\t\t\t\t\t<div class=\"swmsc_toggle_box_inner\">\n\t\t\t\t\t\t\tDurante a visita guiada, os alunos conhecem a horta, a agrofloresta e o sistema de compostagem, aprendendo sobre o impacto de suas escolhas no meio ambiente e desenvolvendo uma rela\u00e7\u00e3o mais respeitosa com a natureza.\n\t\t\t\t\t\t<\/div>\n\t\t\t\t\t<\/div><div class=\"swmsc_toggle_box_accordion\">\n\t\t\t\t\t\t<span class=\"swmsc_toggle_box_title_accordion\"><span class=\"swmsc_toggle_box_title_text no_icon\">\ud83c\udf31 Educa\u00e7\u00e3o Alimentar na Pr\u00e1tica<i class=\"fa fa-plus-square-o openclose\"><\/i><i class=\"fa fa-minus-square-o openclose\"><\/i><\/span><\/span>\n\t\t\t\t\t\t<div class=\"swmsc_toggle_box_inner\">\n\t\t\t\t\t\t\tAs crian\u00e7as e jovens vivenciam todo o ciclo do alimento \u2013 do plantio \u00e0 colheita, do preparo \u00e0 refei\u00e7\u00e3o \u2013 entendendo a import\u00e2ncia de uma alimenta\u00e7\u00e3o saud\u00e1vel e sustent\u00e1vel.\n\t\t\t\t\t\t<\/div>\n\t\t\t\t\t<\/div><div class=\"swmsc_toggle_box_accordion\">\n\t\t\t\t\t\t<span class=\"swmsc_toggle_box_title_accordion\"><span class=\"swmsc_toggle_box_title_text no_icon\">\ud83e\udd66 Valoriza\u00e7\u00e3o de Alimentos Locais e Sazonais<i class=\"fa fa-plus-square-o openclose\"><\/i><i class=\"fa fa-minus-square-o openclose\"><\/i><\/span><\/span>\n\t\t\t\t\t\t<div class=\"swmsc_toggle_box_inner\">\n\t\t\t\t\t\t\tOs alunos aprendem sobre alimentos frescos, de produ\u00e7\u00e3o local e de acordo com a esta\u00e7\u00e3o, fortalecendo a agricultura da regi\u00e3o e incentivando o consumo consciente.\n\t\t\t\t\t\t<\/div>\n\t\t\t\t\t<\/div><div class=\"swmsc_toggle_box_accordion\">\n\t\t\t\t\t\t<span class=\"swmsc_toggle_box_title_accordion\"><span class=\"swmsc_toggle_box_title_text no_icon\">\ud83d\udc69\u200d\ud83d\udc69\u200d\ud83d\udc67 Trabalho em Equipe e Autonomia<i class=\"fa fa-plus-square-o openclose\"><\/i><i class=\"fa fa-minus-square-o openclose\"><\/i><\/span><\/span>\n\t\t\t\t\t\t<div class=\"swmsc_toggle_box_inner\">\n\t\t\t\t\t\t\tNas atividades culin\u00e1rias e coletivas, os alunos exercitam colabora\u00e7\u00e3o, lideran\u00e7a e responsabilidade, aprendendo a cuidar do espa\u00e7o e uns dos outros.\n\t\t\t\t\t\t<\/div>\n\t\t\t\t\t<\/div>\n\t\t\t\t\t<\/div>[\/vc_column][vc_column width=&#8221;3\/5&#8243;]<div  class=\"clear swmsc_gap\" style=\"margin:30px 0 0 0;\"><\/div><div  class=\"swmsc_text_block\" > \n<h2 style=\"text-align: center;\">\ud83c\udf1f Transforma\u00e7\u00f5es que sua escola vai perceber<\/h2>\n<h3 class=\"eco-heading\" style=\"text-align: center; font-size: 18px;\"><span style=\"color: #228b22;\">\ud83c\udf33 Integra\u00e7\u00e3o com a natureza: estudantes se reconhecem como parte do ecossistema.<\/span><\/h3>\n<h3 class=\"eco-heading\" style=\"text-align: center; font-size: 18px;\"><span style=\"color: #228b22;\">\u2705 <strong data-start=\"194\" data-end=\"214\">Alunos engajados:<\/strong> maior aceita\u00e7\u00e3o de frutas, legumes e verduras.<\/span><\/h3>\n<h3 class=\"eco-heading\" style=\"text-align: center; font-size: 18px;\"><span style=\"color: #228b22;\">\u267b\ufe0f <strong data-start=\"269\" data-end=\"291\">Consumo consciente<\/strong>: menos desperd\u00edcio e mais valoriza\u00e7\u00e3o dos alimentos.<\/span><\/h3>\n<h3 class=\"eco-heading\" style=\"text-align: center; font-size: 18px;\"><span style=\"color: #228b22;\">\ud83e\udde0 Aprendizado significativo: conex\u00e3o entre teoria e pr\u00e1tica.<\/span><\/h3>\n<h3 class=\"eco-heading\" style=\"text-align: center; font-size: 18px;\"><span style=\"color: #228b22;\">\ud83d\udca1 Desenvolvimento socioemocional: mais autonomia e coopera\u00e7\u00e3o.<\/span><\/h3>\n<\/div>[\/vc_column][\/vc_row][vc_row][vc_column]<div  class=\"clear swmsc_gap\" style=\"margin:30px 0 0 0;\"><\/div><div  class=\"swmsc_text_block\" > \n<p style=\"text-align: center;\"><div class=\"motoslider_wrapper \" id=\"motoslider_wrapper69f2739cb47ec\" >\n        <div data-motoslider style=\"height: 600px; max-height: 600px;\">\n    <\/div>\n    <div class=\"motoslider\" style=\"display: none;\">\n        <div id=\"settings\"  data-full-window-width=\"false\" data-full-height=\"false\" data-full-height-offset=\"px\" data-full-height-offset-container=\"\" data-full-size-grid=\"false\" data-timer=\"true\" data-timer-delay=\"7000\" data-hover-timer=\"false\" data-counter=\"false\" data-slider-layout=\"auto\" data-timer-reverse=\"false\" data-arrows-show=\"false\" data-thumbnails-show=\"true\" data-slideshow-timer-show=\"false\" data-slideshow-ppb-show=\"false\" data-controls-hide-on-leave=\"false\" data-swipe=\"true\" data-delay-init=\"0\" data-scroll-init=\"false\" data-start-slide=\"1\" data-visible-from=\"\" data-visible-till=\"\" data-layout-desktop-width=\"700\" data-layout-desktop-height=\"600\" data-layout-notebook-width=\"1024\" data-layout-notebook-height=\"768\" data-layout-tablet-width=\"778\" data-layout-tablet-height=\"960\" data-layout-mobile-width=\"480\" data-layout-mobile-height=\"720\" data-layout=\"true;false;false;false\" data-custom-class=\"\">\n        <\/div>\n        <div id=\"slides\">\n                            <div class=\"slide\"  data-class=\"\" data-id=\"\" data-animation=\"msSlideFade\" data-fade-animation=\"msSlideFade\" data-duration=\"800\" data-easing=\"easeIn\">\n                    <div class=\"slide_bg\" >\n                        <div  data-type=\"color\" data-color=\"rgb(255, 255, 255)\"><\/div><div  data-src=\"https:\/\/ecocaminhos.com\/wp-content\/uploads\/2025\/09\/DSC_0097-1-scaled.jpg\" data-type=\"image\" data-fit=\"cover\" data-position=\"center center\" data-repeat=\"no-repeat\"><\/div>                    <\/div>\n                    <div class=\"layers\">\n                                                            <div class=\"layer\"  data-type=\"html\" data-align-horizontal=\"center;center;center;center\" data-align-vertical=\"middle;middle;middle;middle\" data-offset-x=\"9;9;9;9\" data-offset-y=\"205;205;205;205\" data-animation=\"fadeIn\" data-timing-function=\"linear\" data-duration=\"1000\" data-leave-animation=\"auto\" data-leave-timing-function=\"linear\" data-leave-duration=\"1000\" data-delay=\"1000\" data-resizable=\"1\" data-dont-change-position=\"\" data-hide-width=\"\" data-font-size=\"28;28;28;28\" data-line-height=\";;;\" data-text-align=\"center;center;center;center\" data-width=\";;;\" data-white-space=\"normal;normal;normal;normal\" data-class=\"mpsl-sub-header-white  mpsl-layer\"><strong>\ud83e\udd57 Comer Bem \u00e9 Aprender Bem<\/strong><\/div>\n                                                    <\/div>\n                <\/div>\n                            <div class=\"slide\"  data-class=\"\" data-id=\"\" data-animation=\"msSlideFade\" data-fade-animation=\"msSlideFade\" data-duration=\"800\" data-easing=\"easeIn\">\n                    <div class=\"slide_bg\" >\n                        <div  data-type=\"color\" data-color=\"rgb(255, 255, 255)\"><\/div><div  data-src=\"https:\/\/ecocaminhos.com\/wp-content\/uploads\/2025\/09\/IMG_7634-scaled.jpg\" data-type=\"image\" data-fit=\"cover\" data-position=\"percentage\" data-position-x=\"50\" data-position-y=\"56\" data-repeat=\"no-repeat\"><\/div>                    <\/div>\n                    <div class=\"layers\">\n                                                            <div class=\"layer\"  data-type=\"html\" data-align-horizontal=\"center;center;center;center\" data-align-vertical=\"middle;middle;middle;middle\" data-offset-x=\"-8;-8;-8;-8\" data-offset-y=\"219;219;219;219\" data-animation=\"fadeIn\" data-timing-function=\"linear\" data-duration=\"1000\" data-leave-animation=\"auto\" data-leave-timing-function=\"linear\" data-leave-duration=\"1000\" data-delay=\"1000\" data-resizable=\"1\" data-dont-change-position=\"\" data-hide-width=\"\" data-font-size=\"28;28;28;28\" data-line-height=\";;;\" data-text-align=\"center;center;center;center\" data-width=\"792;792;792;792\" data-white-space=\"normal;normal;normal;normal\" data-class=\"mpsl-sub-header-white  mpsl-layer\"><strong>\ud83d\udc69\u200d\ud83c\udf73 M\u00e3os na Massa, Conhecimento no Cora\u00e7\u00e3o<\/strong><\/div>\n                                                    <\/div>\n                <\/div>\n                            <div class=\"slide\"  data-class=\"\" data-id=\"\" data-animation=\"msSlideFade\" data-fade-animation=\"msSlideFade\" data-duration=\"800\" data-easing=\"easeIn\">\n                    <div class=\"slide_bg\" >\n                        <div  data-type=\"color\" data-color=\"rgb(255, 255, 255)\"><\/div><div  data-src=\"https:\/\/ecocaminhos.com\/wp-content\/uploads\/2025\/09\/DSC_0372-scaled.jpg\" data-type=\"image\" data-fit=\"cover\" data-position=\"percentage\" data-position-x=\"0\" data-position-y=\"80\" data-repeat=\"repeat-y\"><\/div>                    <\/div>\n                    <div class=\"layers\">\n                                                            <div class=\"layer\"  data-type=\"html\" data-align-horizontal=\"center;center;center;center\" data-align-vertical=\"middle;middle;middle;middle\" data-offset-x=\"3;3;3;3\" data-offset-y=\"213;213;213;213\" data-animation=\"fadeIn\" data-timing-function=\"linear\" data-duration=\"1000\" data-leave-animation=\"auto\" data-leave-timing-function=\"linear\" data-leave-duration=\"1000\" data-delay=\"1000\" data-resizable=\"1\" data-dont-change-position=\"\" data-hide-width=\"\" data-font-size=\"28;28;28;28\" data-line-height=\";;;\" data-text-align=\";;;\" data-width=\";;;\" data-white-space=\"normal;normal;normal;normal\" data-class=\"mpsl-sub-header-white  mpsl-layer\"><strong>\ud83d\udeb6\u200d\u2642\ufe0f Descobrindo o Caminho dos Alimentos<\/strong><\/div>\n                                                    <\/div>\n                <\/div>\n                            <div class=\"slide\"  data-class=\"\" data-id=\"\" data-animation=\"msSlideFade\" data-fade-animation=\"msSlideFade\" data-duration=\"800\" data-easing=\"easeIn\">\n                    <div class=\"slide_bg\" >\n                        <div  data-type=\"color\" data-color=\"rgb(255, 255, 255)\"><\/div><div  data-src=\"https:\/\/ecocaminhos.com\/wp-content\/uploads\/2025\/09\/tais-berkeleyside-esy.jpg\" data-type=\"image\" data-fit=\"cover\" data-position=\"percentage\" data-position-x=\"0\" data-position-y=\"35\" data-repeat=\"no-repeat\"><\/div>                    <\/div>\n                    <div class=\"layers\">\n                                                            <div class=\"layer\"  data-type=\"html\" data-align-horizontal=\"center;center;center;center\" data-align-vertical=\"middle;middle;middle;middle\" data-offset-x=\"4;4;4;4\" data-offset-y=\"204;204;204;204\" data-animation=\"fadeIn\" data-timing-function=\"linear\" data-duration=\"1000\" data-leave-animation=\"auto\" data-leave-timing-function=\"linear\" data-leave-duration=\"1000\" data-delay=\"1000\" data-resizable=\"1\" data-dont-change-position=\"\" data-hide-width=\"\" data-font-size=\"28;28;28;28\" data-line-height=\";;;\" data-text-align=\"center;center;center;center\" data-width=\"427.525;427.525;427.525;427.525\" data-white-space=\"normal;normal;normal;normal\" data-class=\"mpsl-sub-header-white  mpsl-layer\">\ud83d\udcda <strong data-start=\"874\" data-end=\"898\">Educa\u00e7\u00e3o que Inspira<\/strong><\/div>\n                                                    <\/div>\n                <\/div>\n                    <\/div>\n    <\/div>\n<\/div>\n<p class=\"motopress-hide-script mpsl-hide-script\">\n    <script type=\"text\/javascript\" id='mpsl-fix-height-motoslider_wrapper69f2739cb47ec'>\n        var aspect = 0.85714285714286;\n        var sliderWrapper = document.getElementById('motoslider_wrapper69f2739cb47ec');\n        var outerWidth = sliderWrapper.offsetWidth;\n        var curHeight = outerWidth * aspect;\n        sliderWrapper.querySelector('[data-motoslider]').height = curHeight + 'px';\n    <\/script>\n<\/p>\n<\/div><div  class=\"clear swmsc_gap\" style=\"margin:30px 0 0 0;\"><\/div><blockquote   style=\"background-color: #f0fff0;\"><p>\n<p style=\"text-align: center;\"><strong>Se as crian\u00e7as n\u00e3o crescerem conhecendo a natureza e apreciando-a,\u00a0elas n\u00e3o a entender\u00e3o.<\/strong><\/p>\n<p style=\"text-align: center;\"><strong>E, se n\u00e3o a entenderem, n\u00e3o a proteger\u00e3o. <\/strong><strong>E se n\u00e3o a protegerem, quem o far\u00e1?<\/strong><\/p>\n<p style=\"text-align: center;\"><em>David Attenborough<\/em><\/p>\n<\/p><\/blockquote><div  class=\"clear swmsc_gap\" style=\"margin:30px 0 0 0;\"><\/div><div  class=\"swmsc_text_block\" > \n<h2 style=\"text-align: center;\">\ud83c\udf3f Roteiros Educacionais Dispon\u00edveis<\/h2>\n<h3 style=\"text-align: center; font-size: 18px;\"><span style=\"color: #228b22;\"><b>A programa\u00e7\u00e3o da Eco Caminhos transforma a fazenda em uma sala de aula ao ar livre, oferecendo experi\u00eancias educativas para escolas e grupos. Os alunos participam de atividades pr\u00e1ticas e interdisciplinares, como oficinas de agrofloresta e bioconstru\u00e7\u00e3o, cuidados com animais, trilhas e preparo coletivo de refei\u00e7\u00f5es.<\/b><\/span><\/h3>\n<h3 style=\"text-align: center; font-size: 18px;\"><span style=\"color: #228b22;\"><b>Em um dia, dois dias ou uma semana, os alunos vivenciam aprendizado direto na natureza, promovendo integra\u00e7\u00e3o, consci\u00eancia ambiental e h\u00e1bitos sustent\u00e1veis.<\/b><\/span><\/h3>\n<\/div>[\/vc_column][\/vc_row][vc_row][vc_column]<div  class=\"clear swmsc_gap\" style=\"margin:20px 0 0 0;\"><\/div><div  class=\"swmsc_tabs tabs_horizontal tab_align_center content_with_border \" >\n\t\t\t\t\t\t\t<ul class=\"tab-nav tab-clearfix\"><li><a href=\"#swmsc-tab-1\"><i class=\"fa fa-- Select Icon -\"><\/i>Roteiro de um dia<\/a><\/li><li><a href=\"#swmsc-tab-2\"><i class=\"fa fa-- Select Icon -\"><\/i>Roteiro de dois dias<\/a><\/li><li><a href=\"#swmsc-tab-3\"><i class=\"fa fa-- Select Icon -\"><\/i>Roteiro de 1 semana<\/a><\/li><\/ul>\n\t\t\t\t\t\t\t<div id=\"swmsc-tab-1\" class=\"swmsc_tab\"><img loading=\"lazy\" decoding=\"async\" class=\"size-full wp-image-29050\" title=\".T\" src=\"https:\/\/ecocaminhos.com\/wp-content\/uploads\/2025\/10\/1.T.png\" alt=\".T\" width=\"2000\" height=\"1000\" srcset=\"https:\/\/ecocaminhos.com\/wp-content\/uploads\/2025\/10\/1.T.png 2000w, https:\/\/ecocaminhos.com\/wp-content\/uploads\/2025\/10\/1.T-300x150.png 300w, https:\/\/ecocaminhos.com\/wp-content\/uploads\/2025\/10\/1.T-1024x512.png 1024w, https:\/\/ecocaminhos.com\/wp-content\/uploads\/2025\/10\/1.T-768x384.png 768w, https:\/\/ecocaminhos.com\/wp-content\/uploads\/2025\/10\/1.T-1536x768.png 1536w\" sizes=\"auto, (max-width: 2000px) 100vw, 2000px\" \/><div class=\"clear\"><\/div><\/div><div id=\"swmsc-tab-2\" class=\"swmsc_tab\"><img loading=\"lazy\" decoding=\"async\" class=\"size-full wp-image-29051\" title=\".T\" src=\"https:\/\/ecocaminhos.com\/wp-content\/uploads\/2025\/10\/2.T.png\" alt=\".T\" width=\"2000\" height=\"1000\" srcset=\"https:\/\/ecocaminhos.com\/wp-content\/uploads\/2025\/10\/2.T.png 2000w, https:\/\/ecocaminhos.com\/wp-content\/uploads\/2025\/10\/2.T-300x150.png 300w, https:\/\/ecocaminhos.com\/wp-content\/uploads\/2025\/10\/2.T-1024x512.png 1024w, https:\/\/ecocaminhos.com\/wp-content\/uploads\/2025\/10\/2.T-768x384.png 768w, https:\/\/ecocaminhos.com\/wp-content\/uploads\/2025\/10\/2.T-1536x768.png 1536w\" sizes=\"auto, (max-width: 2000px) 100vw, 2000px\" \/><div class=\"clear\"><\/div><\/div><div id=\"swmsc-tab-3\" class=\"swmsc_tab\"><img loading=\"lazy\" decoding=\"async\" class=\"size-full wp-image-29048\" title=\"sample schedule Passeio escolar ( x px)\" src=\"https:\/\/ecocaminhos.com\/wp-content\/uploads\/2025\/10\/sample-schedule-Passeio-escolar-2500-x-1000-px.png\" alt=\"sample schedule Passeio escolar ( x px)\" width=\"2500\" height=\"1000\" srcset=\"https:\/\/ecocaminhos.com\/wp-content\/uploads\/2025\/10\/sample-schedule-Passeio-escolar-2500-x-1000-px.png 2500w, https:\/\/ecocaminhos.com\/wp-content\/uploads\/2025\/10\/sample-schedule-Passeio-escolar-2500-x-1000-px-300x120.png 300w, https:\/\/ecocaminhos.com\/wp-content\/uploads\/2025\/10\/sample-schedule-Passeio-escolar-2500-x-1000-px-1024x410.png 1024w, https:\/\/ecocaminhos.com\/wp-content\/uploads\/2025\/10\/sample-schedule-Passeio-escolar-2500-x-1000-px-768x307.png 768w, https:\/\/ecocaminhos.com\/wp-content\/uploads\/2025\/10\/sample-schedule-Passeio-escolar-2500-x-1000-px-1536x614.png 1536w, https:\/\/ecocaminhos.com\/wp-content\/uploads\/2025\/10\/sample-schedule-Passeio-escolar-2500-x-1000-px-2048x819.png 2048w\" sizes=\"auto, (max-width: 2500px) 100vw, 2500px\" \/><div class=\"clear\"><\/div><\/div>\n\t\t   \t\t\t\t<\/div><div class=\"clear\"><\/div>[\/vc_column][\/vc_row][vc_row][vc_column]<div  class=\"clear swmsc_gap\" style=\"margin:20px 0 0 0;\"><\/div><div id=\"ultib3-48619567369f2739cb4986\" class=\" ultb3-box ult-adjust-bottom-margin  \" style=\"background-color: #F0FFF0;\"><div id=\"Info-banner-wrap5377\" class=\"ultb3-info ib3-info-center\" data-animation=\"fadeIn\" data-animation-delay=\"03\"><h3 class=\"ultb3-title ult-responsive\"  data-ultimate-target='#Info-banner-wrap5377 .ultb3-title'  data-responsive-json-new='{\"font-size\":\"\",\"line-height\":\"\"}'  style=\"font-weight:bold;\">Importante:<\/h3><div class=\"ultb3-desc ult-responsive\"  data-ultimate-target='#Info-banner-wrap5377 .ultb3-desc'  data-responsive-json-new='{\"font-size\":\"\",\"line-height\":\"\"}'  style=\"font-weight:normal;\">Todos os roteiros podem ser adaptados para atender aos objetivos pedag\u00f3gicos da escola ou grupo de alunos, refor\u00e7ando conte\u00fados curriculares ou complementando projetos de Ci\u00eancias, Geografia, Biologia e Educa\u00e7\u00e3o Ambiental de forma pr\u00e1tica e divertida.<\/div><\/div><\/div><style>\n\t\t\t\t\t#ultib3-48619567369f2739cb4986 {\n\t\t\t\t\t\tmin-height:50px;\n\t\t\t\t\t}\n\t\t\t\t\t#ultib3-48619567369f2739cb4986 img.ultb3-img {\n\t\t\t\t\t\theight: px;\n\t\t\t\t\t}\n\t\t\t\t\t#ultib3-48619567369f2739cb4986 .ultb3-btn {\n\t\t\t\t\t\tborder:2px solid #1e73be;border-radius:50px;color:#898989;\n\t\t\t\t\t}\n\t\t\t\t\t#ultib3-48619567369f2739cb4986 .ultb3-btn:hover {\n\t\t\t\t\t\tbackground:#1e73be;color:#ffffff;\n\t\t\t\t\t}\n\t\t\t\t<\/style><div  class=\"swmsc_text_block\" > \n<h2 style=\"text-align: center;\" data-start=\"249\" data-end=\"285\">\ud83d\udc69\u200d\ud83c\udfeb Faixas Et\u00e1rias e Objetivos<\/h2>\n<p style=\"text-align: center;\" data-start=\"286\" data-end=\"456\">Cada roteiro \u00e9 adaptado \u00e0 <strong data-start=\"312\" data-end=\"348\">idade e necessidades pedag\u00f3gicas<\/strong> dos alunos, garantindo <strong data-start=\"372\" data-end=\"455\">aprendizado pr\u00e1tico, conex\u00e3o com a natureza e integra\u00e7\u00e3o com o conte\u00fado escolar<\/strong>:<\/p>\n<h3 style=\"text-align: center;\" data-start=\"458\" data-end=\"628\">\ud83d\udfe2 <strong data-start=\"461\" data-end=\"499\">Ensino Fundamental I (6 a 10 anos):<\/strong><\/h3>\n<p style=\"text-align: center;\" data-start=\"458\" data-end=\"628\">Atividades l\u00fadicas e sensoriais que despertam <strong data-start=\"548\" data-end=\"577\">curiosidade pela natureza<\/strong> e incentivam o <strong data-start=\"593\" data-end=\"627\">consumo de alimentos saud\u00e1veis<\/strong>.<\/p>\n<h3 style=\"text-align: center;\" data-start=\"630\" data-end=\"798\">\ud83d\udfe1 <strong data-start=\"633\" data-end=\"672\">Ensino Fundamental II (11 a 14 anos):<\/strong><\/h3>\n<p style=\"text-align: center;\" data-start=\"630\" data-end=\"798\">Introdu\u00e7\u00e3o pr\u00e1tica a conceitos de <strong data-start=\"709\" data-end=\"764\">agroecologia, sustentabilidade e consumo consciente<\/strong>, de forma divertida e envolvente.<\/p>\n<h3 style=\"text-align: center;\" data-start=\"800\" data-end=\"1010\">\ud83d\udd35 <strong data-start=\"803\" data-end=\"834\">Ensino M\u00e9dio (15 a 18 anos):<\/strong><\/h3>\n<p style=\"text-align: center;\" data-start=\"800\" data-end=\"1010\">Aprofundamento em temas como <strong data-start=\"866\" data-end=\"910\">agrofloresta, bioconstru\u00e7\u00e3o, compostagem<\/strong> e impactos ambientais globais, promovendo <strong data-start=\"953\" data-end=\"1009\">pensamento cr\u00edtico e responsabilidade socioambiental<\/strong>.<\/p>\n<h4 style=\"text-align: center;\"><\/h4>\n<\/div>[\/vc_column][\/vc_row][vc_row][vc_column]<div  class=\"swmsc_text_block\" > \n<h2 style=\"text-align: center;\">Escolha o seu pacote:<\/h2>\n<\/div><div class=\"swmsc_pricing_table  border_left pt_3\">\n\t\t\t\t\t\t<div class=\"pricing_box\">\n\t\t\t\t\t\t\t<div class=\"pricing_title\">\n\t\t\t\t\t\t\t\t<div class=\"title_text\">Passeio Escolar (1 Dia)<\/div>\n\t\t\t\t\t\t\t<\/div>\n\n\t\t\t\t\t\t\t<div class=\"plan_price\">\n\t\t\t\t\t\t\t\t<span>R$250<sub>por aluno (m\u00edn. 10 alunos)<\/sub><\/span>\n\t\t\t\t\t\t\t\t<div class=\"clear\"><\/div>\n\t\t\t\t\t\t\t<\/div>\n\n\t\t\t\t\t\t\t<div class=\"pricing_content\">\n\t\t\t\t\t\t\t\t\n<ul>\n<li><strong>Introdu\u00e7\u00e3o pr\u00e1tica \u00e0 agroecologia, alimenta\u00e7\u00e3o saud\u00e1vel e sustentabilidade<\/strong><\/li>\n<li>Boas-vindas e tour pela fazenda<\/li>\n<li>Oficina de Agrofloresta (plantio)<\/li>\n<li>Pegando ovos no galinheiro<\/li>\n<li>Almo\u00e7o coletivo saud\u00e1vel<\/li>\n<li>Ca\u00e7a ao Tesouro Educativa<\/li>\n<\/ul>\n\n\t\t\t\t\t\t\t<\/div>\n\n\t\t\t\t\t\t\t<div class=\"pricing_button\">\n\t\t\t\t\t\t\t\t<a href=\"https:\/\/api.whatsapp.com\/send\/?phone=5522997700350&amp;text=Ol%C3%A1%21+Gostaria+de+saber+mais+informa%C3%A7%C3%B5es+sobre+o+projeto+da+Horta+para+a+Mesa%21&amp;type=phone_number&amp;app_absent=0\" class=\"swmsc_ptc_button\" target=\"_self\" rel=\"noopener\">RESERVE AGORA<\/a>\n\t\t\t\t\t\t\t<\/div>\n\n\t\t\t\t\t\t<\/div>\n\t\t\t\t\t<\/div><div class=\"swmsc_pricing_table   pt_3\">\n\t\t\t\t\t\t<div class=\"pricing_box\">\n\t\t\t\t\t\t\t<div class=\"pricing_title\">\n\t\t\t\t\t\t\t\t<div class=\"title_text\">Viv\u00eancia Educativa Completa (2 dias)<\/div>\n\t\t\t\t\t\t\t<\/div>\n\n\t\t\t\t\t\t\t<div class=\"plan_price\">\n\t\t\t\t\t\t\t\t<span>R$500<sub>por aluno (m\u00edn. 10 alunos)<\/sub><\/span>\n\t\t\t\t\t\t\t\t<div class=\"clear\"><\/div>\n\t\t\t\t\t\t\t<\/div>\n\n\t\t\t\t\t\t\t<div class=\"pricing_content\">\n\t\t\t\t\t\t\t\t\n<ul>\n<li><strong>Imers\u00e3o em pr\u00e1ticas de sustentabilidade e integra\u00e7\u00e3o em grupo<\/strong><\/li>\n<li>Todas as atividades do pacote de 1 dia<\/li>\n<li>2 almo\u00e7os + caf\u00e9 da manh\u00e3 + jantar<\/li>\n<li>Oficina de Bioconstru\u00e7\u00e3o em Miniatura<\/li>\n<li>Trilha at\u00e9 a montanha<\/li>\n<li>Colheita e preparo de hortali\u00e7as<\/li>\n<li>Atividades noturnas (fogueira + observa\u00e7\u00e3o do c\u00e9u)<\/li>\n<\/ul>\n\n\t\t\t\t\t\t\t<\/div>\n\n\t\t\t\t\t\t\t<div class=\"pricing_button\">\n\t\t\t\t\t\t\t\t<a href=\"https:\/\/api.whatsapp.com\/send\/?phone=5522997700350&amp;text=Ol%C3%A1%21+Gostaria+de+saber+mais+informa%C3%A7%C3%B5es+sobre+o+projeto+da+Horta+para+a+Mesa%21&amp;type=phone_number&amp;app_absent=0\" class=\"swmsc_ptc_button\" target=\"_self\" rel=\"noopener\">RESERVE AGORA<\/a>\n\t\t\t\t\t\t\t<\/div>\n\n\t\t\t\t\t\t<\/div>\n\t\t\t\t\t<\/div><div class=\"swmsc_pricing_table special_plan border_right pt_3\">\n\t\t\t\t\t\t<div class=\"pricing_box\">\n\t\t\t\t\t\t\t<div class=\"pricing_title\">\n\t\t\t\t\t\t\t\t<div class=\"title_text\">Imers\u00e3o Educacional na Natureza (1 semana)<\/div>\n\t\t\t\t\t\t\t<\/div>\n\n\t\t\t\t\t\t\t<div class=\"plan_price\">\n\t\t\t\t\t\t\t\t<span>R$1500<sub>por aluno (m\u00edn. 10 alunos)<\/sub><\/span>\n\t\t\t\t\t\t\t\t<div class=\"clear\"><\/div>\n\t\t\t\t\t\t\t<\/div>\n\n\t\t\t\t\t\t\t<div class=\"pricing_content\">\n\t\t\t\t\t\t\t\t\n<ul>\n<li><strong>Transformar a fazenda em sala de aula viva e promover mudan\u00e7as de comportamento<\/strong><\/li>\n<li>Todas as atividades do pacote de 2 dias<\/li>\n<li>Oficinas tem\u00e1ticas (compostagem, culin\u00e1ria, consumo consciente)<\/li>\n<li>Sess\u00f5es de cinema tem\u00e1tico<\/li>\n<li>Banho de rio + piquenique<\/li>\n<li>Noite de talentos, m\u00fasica ao vivo ou roda de hist\u00f3rias<\/li>\n<li>Espa\u00e7o para roda de conversa e integra\u00e7\u00e3o com os educadores<\/li>\n<\/ul>\n\n\t\t\t\t\t\t\t<\/div>\n\n\t\t\t\t\t\t\t<div class=\"pricing_button\">\n\t\t\t\t\t\t\t\t<a href=\"https:\/\/api.whatsapp.com\/send\/?phone=5522997700350&amp;text=Ol%C3%A1%21+Gostaria+de+saber+mais+informa%C3%A7%C3%B5es+sobre+o+projeto+da+Horta+para+a+Mesa%21&amp;type=phone_number&amp;app_absent=0\" class=\"swmsc_ptc_button\" target=\"_self\" rel=\"noopener\">RESERVE AGORA<\/a>\n\t\t\t\t\t\t\t<\/div>\n\n\t\t\t\t\t\t<\/div>\n\t\t\t\t\t<\/div>[\/vc_column][\/vc_row][vc_row][vc_column]<div  class=\"clear swmsc_gap\" style=\"margin:50px 0 0 0;\"><\/div>[\/vc_column][\/vc_row][vc_row][vc_column]<div  class=\"swmsc_text_block\" > \n<h2 style=\"text-align: center;\" data-start=\"4165\" data-end=\"4201\">\ud83d\udccd <strong data-start=\"4182\" data-end=\"4199\">Onde Acontece<\/strong><\/h2>\n<h3 style=\"text-align: center;\"><b>A Fazenda Eco Caminhos fica em Nova Friburgo, regi\u00e3o serrana do Rio de Janeiro \u2013 um destino ideal para quem busca excurs\u00f5es escolares, passeios pedag\u00f3gicos e viagens em meio \u00e0 natureza.<\/b><\/h3>\n<\/div>[vc_goo_maps location=&#8221;eco caminhos&#8221; height=&#8221;500&#8243; zoom=&#8221;14&#8243; type=&#8221;k&#8221; css=&#8221;&#8221;][\/vc_column][\/vc_row][vc_row][vc_column]<div  class=\"clear swmsc_gap\" style=\"margin:50px 0 0 0;\"><\/div><div  class=\"swmsc_text_block\" > \n<p style=\"text-align: center;\" data-start=\"4652\" data-end=\"4710\"><pre class=\"ti-widget\" style=\"display: none\"><template id=\"trustindex-google-widget-html\"><div class=\" ti-widget  ti-goog ti-disable-font ti-show-rating-text ti-review-text-mode-readmore ti-text-align-left\" data-no-translation=\"true\" data-plugin-version=\"13.2.9\" data-layout-id=\"34\" data-layout-category=\"slider\" data-set-id=\"ligth-border\" data-pid=\"\" data-language=\"en\" data-close-locale=\"Close\" data-review-target-width=\"300\" data-css-version=\"2\" data-reply-by-locale=\"Owner's reply\" data-only-rating-locale=\"This user only left a rating.\" data-pager-autoplay-timeout=\"6\"> <div class=\"ti-widget-container ti-col-3\"> <div class=\"ti-header ti-header-grid source-Google\"> <div class=\"ti-fade-container\"> <div class=\"ti-rating-text\"> <strong class=\"ti-rating ti-rating-large\"> EXCELLENT <\/strong> <\/div> <span class=\"ti-stars star-lg\"><trustindex-image class=\"ti-star\" data-imgurl=\"https:\/\/cdn.trustindex.io\/assets\/platform\/Google\/star\/f.svg\" alt=\"Google star 1\" width=\"17\" height=\"17\" loading=\"lazy\"><\/trustindex-image><trustindex-image class=\"ti-star\" data-imgurl=\"https:\/\/cdn.trustindex.io\/assets\/platform\/Google\/star\/f.svg\" alt=\"Google star 2\" width=\"17\" height=\"17\" loading=\"lazy\"><\/trustindex-image><trustindex-image class=\"ti-star\" data-imgurl=\"https:\/\/cdn.trustindex.io\/assets\/platform\/Google\/star\/f.svg\" alt=\"Google star 3\" width=\"17\" height=\"17\" loading=\"lazy\"><\/trustindex-image><trustindex-image class=\"ti-star\" data-imgurl=\"https:\/\/cdn.trustindex.io\/assets\/platform\/Google\/star\/f.svg\" alt=\"Google star 4\" width=\"17\" height=\"17\" loading=\"lazy\"><\/trustindex-image><trustindex-image class=\"ti-star\" data-imgurl=\"https:\/\/cdn.trustindex.io\/assets\/platform\/Google\/star\/f.svg\" alt=\"Google star 5\" width=\"17\" height=\"17\" loading=\"lazy\"><\/trustindex-image><\/span> <div class=\"ti-rating-text\"> <span class=\"nowrap\">Based on <strong>173 reviews<\/strong><\/span> <\/div> <div class=\"ti-large-logo\"> <div class=\"ti-v-center\"> <trustindex-image class=\"ti-logo-fb\" data-imgurl=\"https:\/\/cdn.trustindex.io\/assets\/platform\/Google\/logo.svg\" width=\"150\" height=\"25\" loading=\"lazy\" alt=\"Google\"><\/trustindex-image> <\/div> <\/div> <\/div> <\/div> <div class=\"ti-reviews-container\"> <div class=\"ti-controls\"> <div class=\"ti-next\" aria-label=\"Next review\" role=\"button\" tabindex=\"0\"><\/div> <div class=\"ti-prev\" aria-label=\"Previous review\" role=\"button\" tabindex=\"0\"><\/div> <\/div> <div class=\"ti-reviews-container-wrapper\">  <div data-empty=\"0\" class=\"ti-review-item source-Google ti-image-layout-thumbnail\" data-id=\"cfcd208495d565ef66e7dff9f98764da\"> <div class=\"ti-inner\"> <div class=\"ti-review-header\"> <div class=\"ti-platform-icon ti-with-tooltip\"> <span class=\"ti-tooltip\">Posted on <\/span> <trustindex-image data-imgurl=\"https:\/\/cdn.trustindex.io\/assets\/platform\/Google\/icon.svg\" alt=\"\" width=\"20\" height=\"20\" loading=\"lazy\"><\/trustindex-image> <\/div> <div class=\"ti-profile-img\"> <trustindex-image data-imgurl=\"https:\/\/lh3.googleusercontent.com\/a\/ACg8ocLa_g7pgyaZB2-HxH_xkb61Zc4_TRwldpM8_NhGD8ulmyw2MA=w40-h40-c-rp-mo-br100\" alt=\"\u03a4\u03ac\u03c3\u03bf\u03c2 \u03a0\u03b1\u03bd\u03b1\u03b3\u03b9\u03c9\u03c4\u03af\u03b4\u03b7\u03c2 profile picture\" loading=\"lazy\"><\/trustindex-image> <\/div> <div class=\"ti-profile-details\"> <div class=\"ti-name\"> \u03a4\u03ac\u03c3\u03bf\u03c2 \u03a0\u03b1\u03bd\u03b1\u03b3\u03b9\u03c9\u03c4\u03af\u03b4\u03b7\u03c2 <\/div> <div class=\"ti-date\">April 17, 2026<\/div> <\/div> <\/div> <span class=\"ti-stars\"><trustindex-image class=\"ti-star\" data-imgurl=\"https:\/\/cdn.trustindex.io\/assets\/platform\/Google\/star\/f.svg\" alt=\"Google star 1\" width=\"17\" height=\"17\" loading=\"lazy\"><\/trustindex-image><trustindex-image class=\"ti-star\" data-imgurl=\"https:\/\/cdn.trustindex.io\/assets\/platform\/Google\/star\/f.svg\" alt=\"Google star 2\" width=\"17\" height=\"17\" loading=\"lazy\"><\/trustindex-image><trustindex-image class=\"ti-star\" data-imgurl=\"https:\/\/cdn.trustindex.io\/assets\/platform\/Google\/star\/f.svg\" alt=\"Google star 3\" width=\"17\" height=\"17\" loading=\"lazy\"><\/trustindex-image><trustindex-image class=\"ti-star\" data-imgurl=\"https:\/\/cdn.trustindex.io\/assets\/platform\/Google\/star\/f.svg\" alt=\"Google star 4\" width=\"17\" height=\"17\" loading=\"lazy\"><\/trustindex-image><trustindex-image class=\"ti-star\" data-imgurl=\"https:\/\/cdn.trustindex.io\/assets\/platform\/Google\/star\/f.svg\" alt=\"Google star 5\" width=\"17\" height=\"17\" loading=\"lazy\"><\/trustindex-image><\/span> <div class=\"ti-review-text-container ti-review-content\"><!-- R-CONTENT -->Amazing people amazing place.\nHarmony and inspiration.<!-- R-CONTENT --><\/div> <span class=\"ti-read-more\" data-container=\".ti-review-content\" data-collapse-text=\"Hide\" data-open-text=\"Read more\"><\/span> <\/div> <\/div>  <div data-empty=\"0\" class=\"ti-review-item source-Google ti-image-layout-thumbnail\" data-id=\"cfcd208495d565ef66e7dff9f98764da\"> <div class=\"ti-inner\"> <div class=\"ti-review-header\"> <div class=\"ti-platform-icon ti-with-tooltip\"> <span class=\"ti-tooltip\">Posted on <\/span> <trustindex-image data-imgurl=\"https:\/\/cdn.trustindex.io\/assets\/platform\/Google\/icon.svg\" alt=\"\" width=\"20\" height=\"20\" loading=\"lazy\"><\/trustindex-image> <\/div> <div class=\"ti-profile-img\"> <trustindex-image data-imgurl=\"https:\/\/lh3.googleusercontent.com\/a-\/ALV-UjV1B_qRe8k4FKUXK_1JCNWMciTDaVPQGMYFatPvZlqGlo_2VIQ=w40-h40-c-rp-mo-br100\" alt=\"Peter K profile picture\" loading=\"lazy\"><\/trustindex-image> <\/div> <div class=\"ti-profile-details\"> <div class=\"ti-name\"> Peter K <\/div> <div class=\"ti-date\">April 16, 2026<\/div> <\/div> <\/div> <span class=\"ti-stars\"><trustindex-image class=\"ti-star\" data-imgurl=\"https:\/\/cdn.trustindex.io\/assets\/platform\/Google\/star\/f.svg\" alt=\"Google star 1\" width=\"17\" height=\"17\" loading=\"lazy\"><\/trustindex-image><trustindex-image class=\"ti-star\" data-imgurl=\"https:\/\/cdn.trustindex.io\/assets\/platform\/Google\/star\/f.svg\" alt=\"Google star 2\" width=\"17\" height=\"17\" loading=\"lazy\"><\/trustindex-image><trustindex-image class=\"ti-star\" data-imgurl=\"https:\/\/cdn.trustindex.io\/assets\/platform\/Google\/star\/f.svg\" alt=\"Google star 3\" width=\"17\" height=\"17\" loading=\"lazy\"><\/trustindex-image><trustindex-image class=\"ti-star\" data-imgurl=\"https:\/\/cdn.trustindex.io\/assets\/platform\/Google\/star\/f.svg\" alt=\"Google star 4\" width=\"17\" height=\"17\" loading=\"lazy\"><\/trustindex-image><trustindex-image class=\"ti-star\" data-imgurl=\"https:\/\/cdn.trustindex.io\/assets\/platform\/Google\/star\/f.svg\" alt=\"Google star 5\" width=\"17\" height=\"17\" loading=\"lazy\"><\/trustindex-image><\/span> <div class=\"ti-review-text-container ti-review-content\"><!-- R-CONTENT -->Amazing place, the connection with nature is great. Bart and all the team were always very friendly and willing to help for anything we needed. Maria and Escarlet are amazing cooks, the food was fantastic. I can wait to come back.<!-- R-CONTENT --><\/div> <span class=\"ti-read-more\" data-container=\".ti-review-content\" data-collapse-text=\"Hide\" data-open-text=\"Read more\"><\/span> <\/div> <\/div>  <div data-empty=\"0\" class=\"ti-review-item source-Google ti-image-layout-thumbnail\" data-id=\"cfcd208495d565ef66e7dff9f98764da\"> <div class=\"ti-inner\"> <div class=\"ti-review-header\"> <div class=\"ti-platform-icon ti-with-tooltip\"> <span class=\"ti-tooltip\">Posted on <\/span> <trustindex-image data-imgurl=\"https:\/\/cdn.trustindex.io\/assets\/platform\/Google\/icon.svg\" alt=\"\" width=\"20\" height=\"20\" loading=\"lazy\"><\/trustindex-image> <\/div> <div class=\"ti-profile-img\"> <trustindex-image data-imgurl=\"https:\/\/lh3.googleusercontent.com\/a\/ACg8ocL0lHfsKbJ3Hx29XavJaRoakVeQRlZ0pAEbTvzfHW4YFQ386g=w40-h40-c-rp-mo-br100\" alt=\"Sonia De Marco profile picture\" loading=\"lazy\"><\/trustindex-image> <\/div> <div class=\"ti-profile-details\"> <div class=\"ti-name\"> Sonia De Marco <\/div> <div class=\"ti-date\">March 24, 2026<\/div> <\/div> <\/div> <span class=\"ti-stars\"><trustindex-image class=\"ti-star\" data-imgurl=\"https:\/\/cdn.trustindex.io\/assets\/platform\/Google\/star\/f.svg\" alt=\"Google star 1\" width=\"17\" height=\"17\" loading=\"lazy\"><\/trustindex-image><trustindex-image class=\"ti-star\" data-imgurl=\"https:\/\/cdn.trustindex.io\/assets\/platform\/Google\/star\/f.svg\" alt=\"Google star 2\" width=\"17\" height=\"17\" loading=\"lazy\"><\/trustindex-image><trustindex-image class=\"ti-star\" data-imgurl=\"https:\/\/cdn.trustindex.io\/assets\/platform\/Google\/star\/f.svg\" alt=\"Google star 3\" width=\"17\" height=\"17\" loading=\"lazy\"><\/trustindex-image><trustindex-image class=\"ti-star\" data-imgurl=\"https:\/\/cdn.trustindex.io\/assets\/platform\/Google\/star\/f.svg\" alt=\"Google star 4\" width=\"17\" height=\"17\" loading=\"lazy\"><\/trustindex-image><trustindex-image class=\"ti-star\" data-imgurl=\"https:\/\/cdn.trustindex.io\/assets\/platform\/Google\/star\/f.svg\" alt=\"Google star 5\" width=\"17\" height=\"17\" loading=\"lazy\"><\/trustindex-image><\/span> <div class=\"ti-review-text-container ti-review-content\"><!-- R-CONTENT -->Vengo da Palermo Italia, e sono stata a Eco Caminhos due volte, l\u2019anno scorso e di nuovo quest\u2019anno, proprio negli ultimi giorni. Tornare qui \u00e8 stato molto bello.\nQui arrivano giovani da molte parti del mondo che scelgono di fermarsi per un periodo. Lavorano con la terra, condividono la vita quotidiana e sperimentano un rapporto pi\u00f9 diretto con la natura. Si crea spontaneamente un clima umano molto vivo, fatto di incontro, scambio e crescita personale.\nBart insieme a sua moglie e alla loro famiglia, \u00e8 l\u2019anima di questo progetto. Bart \u00e8 carismatico, molto concreto ed estremamente competente. Si percepiscono la sua esperienza, la sua conoscenza e la visione che guida tutto questo. Sua moglie, braccio destro, contribuisce a creare un\u2019atmosfera calda e autentica e molto accogliente.\nDurante il mio soggiorno ho dormito nelle camere della struttura, ho cenato e fatto colazione. Il cibo era squisito e gran parte degli ingredienti proviene direttamente dalla loro terra.\nMolte persone arrivano qui per fare un\u2019esperienza pratica e finiscono per portarsi via qualcosa di pi\u00f9 profondo. Il contatto con la natura, il lavoro condiviso e la vita semplice aiutano a guardare la propria esistenza con occhi diversi. Eco Caminhos \u00e8 un luogo che arricchisce davvero chi sente il bisogno di rallentare e ritrovare un rapporto pi\u00f9 autentico con la terra e con gli altri.\ud83e\udde1<!-- R-CONTENT --><\/div> <span class=\"ti-read-more\" data-container=\".ti-review-content\" data-collapse-text=\"Hide\" data-open-text=\"Read more\"><\/span> <\/div> <\/div>  <div data-empty=\"0\" class=\"ti-review-item source-Google ti-image-layout-thumbnail\" data-id=\"cfcd208495d565ef66e7dff9f98764da\"> <div class=\"ti-inner\"> <div class=\"ti-review-header\"> <div class=\"ti-platform-icon ti-with-tooltip\"> <span class=\"ti-tooltip\">Posted on <\/span> <trustindex-image data-imgurl=\"https:\/\/cdn.trustindex.io\/assets\/platform\/Google\/icon.svg\" alt=\"\" width=\"20\" height=\"20\" loading=\"lazy\"><\/trustindex-image> <\/div> <div class=\"ti-profile-img\"> <trustindex-image data-imgurl=\"https:\/\/lh3.googleusercontent.com\/a\/ACg8ocJbtfEi5VUr2l4v2n9uojfsQJnpl3gI_9k6quitstDGFTASYw=w40-h40-c-rp-mo-br100\" alt=\"Linda Mostratisi profile picture\" loading=\"lazy\"><\/trustindex-image> <\/div> <div class=\"ti-profile-details\"> <div class=\"ti-name\"> Linda Mostratisi <\/div> <div class=\"ti-date\">March 9, 2026<\/div> <\/div> <\/div> <span class=\"ti-stars\"><trustindex-image class=\"ti-star\" data-imgurl=\"https:\/\/cdn.trustindex.io\/assets\/platform\/Google\/star\/f.svg\" alt=\"Google star 1\" width=\"17\" height=\"17\" loading=\"lazy\"><\/trustindex-image><trustindex-image class=\"ti-star\" data-imgurl=\"https:\/\/cdn.trustindex.io\/assets\/platform\/Google\/star\/f.svg\" alt=\"Google star 2\" width=\"17\" height=\"17\" loading=\"lazy\"><\/trustindex-image><trustindex-image class=\"ti-star\" data-imgurl=\"https:\/\/cdn.trustindex.io\/assets\/platform\/Google\/star\/f.svg\" alt=\"Google star 3\" width=\"17\" height=\"17\" loading=\"lazy\"><\/trustindex-image><trustindex-image class=\"ti-star\" data-imgurl=\"https:\/\/cdn.trustindex.io\/assets\/platform\/Google\/star\/f.svg\" alt=\"Google star 4\" width=\"17\" height=\"17\" loading=\"lazy\"><\/trustindex-image><trustindex-image class=\"ti-star\" data-imgurl=\"https:\/\/cdn.trustindex.io\/assets\/platform\/Google\/star\/f.svg\" alt=\"Google star 5\" width=\"17\" height=\"17\" loading=\"lazy\"><\/trustindex-image><\/span> <div class=\"ti-review-text-container ti-review-content\"><!-- R-CONTENT -->E' un luogo meraviglioso, si \u00e8 circondati dalla natura in un progetto che armonizza la madre terra con la presenza dell'uomo e degli animali. Un'esperienza unica!<!-- R-CONTENT --><\/div> <span class=\"ti-read-more\" data-container=\".ti-review-content\" data-collapse-text=\"Hide\" data-open-text=\"Read more\"><\/span> <\/div> <\/div>  <div data-empty=\"0\" class=\"ti-review-item source-Google ti-image-layout-thumbnail\" data-id=\"cfcd208495d565ef66e7dff9f98764da\"> <div class=\"ti-inner\"> <div class=\"ti-review-header\"> <div class=\"ti-platform-icon ti-with-tooltip\"> <span class=\"ti-tooltip\">Posted on <\/span> <trustindex-image data-imgurl=\"https:\/\/cdn.trustindex.io\/assets\/platform\/Google\/icon.svg\" alt=\"\" width=\"20\" height=\"20\" loading=\"lazy\"><\/trustindex-image> <\/div> <div class=\"ti-profile-img\"> <trustindex-image data-imgurl=\"https:\/\/lh3.googleusercontent.com\/a-\/ALV-UjWyysfC2ZK19Yrel11k7DCp8GuIFu-eDTo_6BLAw56aR1cobZnXYg=w40-h40-c-rp-mo-br100\" alt=\"Tiziana Casadio profile picture\" loading=\"lazy\"><\/trustindex-image> <\/div> <div class=\"ti-profile-details\"> <div class=\"ti-name\"> Tiziana Casadio <\/div> <div class=\"ti-date\">March 9, 2026<\/div> <\/div> <\/div> <span class=\"ti-stars\"><trustindex-image class=\"ti-star\" data-imgurl=\"https:\/\/cdn.trustindex.io\/assets\/platform\/Google\/star\/f.svg\" alt=\"Google star 1\" width=\"17\" height=\"17\" loading=\"lazy\"><\/trustindex-image><trustindex-image class=\"ti-star\" data-imgurl=\"https:\/\/cdn.trustindex.io\/assets\/platform\/Google\/star\/f.svg\" alt=\"Google star 2\" width=\"17\" height=\"17\" loading=\"lazy\"><\/trustindex-image><trustindex-image class=\"ti-star\" data-imgurl=\"https:\/\/cdn.trustindex.io\/assets\/platform\/Google\/star\/f.svg\" alt=\"Google star 3\" width=\"17\" height=\"17\" loading=\"lazy\"><\/trustindex-image><trustindex-image class=\"ti-star\" data-imgurl=\"https:\/\/cdn.trustindex.io\/assets\/platform\/Google\/star\/f.svg\" alt=\"Google star 4\" width=\"17\" height=\"17\" loading=\"lazy\"><\/trustindex-image><trustindex-image class=\"ti-star\" data-imgurl=\"https:\/\/cdn.trustindex.io\/assets\/platform\/Google\/star\/f.svg\" alt=\"Google star 5\" width=\"17\" height=\"17\" loading=\"lazy\"><\/trustindex-image><\/span> <div class=\"ti-review-text-container ti-review-content\"><!-- R-CONTENT -->Un posto che non si visita soltanto: si vive e si porta con s\u00e9 anche dopo essere partiti.\nVisitare e dormire in Eco Caminhos stata un\u2019esperienza che mi ha toccato il cuore.\nImmerso nella natura, questo luogo trasmette subito un senso di pace, armonia e rispetto per la terra. Qui si percepisce davvero cosa significa vivere in modo sostenibile e in comunit\u00e0, con attenzione alle persone, all\u2019ambiente e alle relazioni.\n\nConoscere Bart e la sua famiglia mi ha confermato l'importanza della semplicit\u00e0 e dell'impegno quotidiano come modello di vita pi\u00f9 consapevole e in equilibrio con la natura.\nLo consiglio a tutti!!<!-- R-CONTENT --><\/div> <span class=\"ti-read-more\" data-container=\".ti-review-content\" data-collapse-text=\"Hide\" data-open-text=\"Read more\"><\/span> <\/div> <\/div>  <div data-empty=\"0\" class=\"ti-review-item source-Google ti-image-layout-thumbnail\" data-id=\"cfcd208495d565ef66e7dff9f98764da\"> <div class=\"ti-inner\"> <div class=\"ti-review-header\"> <div class=\"ti-platform-icon ti-with-tooltip\"> <span class=\"ti-tooltip\">Posted on <\/span> <trustindex-image data-imgurl=\"https:\/\/cdn.trustindex.io\/assets\/platform\/Google\/icon.svg\" alt=\"\" width=\"20\" height=\"20\" loading=\"lazy\"><\/trustindex-image> <\/div> <div class=\"ti-profile-img\"> <trustindex-image data-imgurl=\"https:\/\/lh3.googleusercontent.com\/a-\/ALV-UjXTgO8YQIPZgzxp7JSaVeHtYIqZOGYorC_WN3MvWpUzXwqFtx4=w40-h40-c-rp-mo-br100\" alt=\"Gaetano Pedull\u00e0 profile picture\" loading=\"lazy\"><\/trustindex-image> <\/div> <div class=\"ti-profile-details\"> <div class=\"ti-name\"> Gaetano Pedull\u00e0 <\/div> <div class=\"ti-date\">March 9, 2026<\/div> <\/div> <\/div> <span class=\"ti-stars\"><trustindex-image class=\"ti-star\" data-imgurl=\"https:\/\/cdn.trustindex.io\/assets\/platform\/Google\/star\/f.svg\" alt=\"Google star 1\" width=\"17\" height=\"17\" loading=\"lazy\"><\/trustindex-image><trustindex-image class=\"ti-star\" data-imgurl=\"https:\/\/cdn.trustindex.io\/assets\/platform\/Google\/star\/f.svg\" alt=\"Google star 2\" width=\"17\" height=\"17\" loading=\"lazy\"><\/trustindex-image><trustindex-image class=\"ti-star\" data-imgurl=\"https:\/\/cdn.trustindex.io\/assets\/platform\/Google\/star\/f.svg\" alt=\"Google star 3\" width=\"17\" height=\"17\" loading=\"lazy\"><\/trustindex-image><trustindex-image class=\"ti-star\" data-imgurl=\"https:\/\/cdn.trustindex.io\/assets\/platform\/Google\/star\/f.svg\" alt=\"Google star 4\" width=\"17\" height=\"17\" loading=\"lazy\"><\/trustindex-image><trustindex-image class=\"ti-star\" data-imgurl=\"https:\/\/cdn.trustindex.io\/assets\/platform\/Google\/star\/f.svg\" alt=\"Google star 5\" width=\"17\" height=\"17\" loading=\"lazy\"><\/trustindex-image><\/span> <div class=\"ti-review-text-container ti-review-content\"><!-- R-CONTENT -->Una esperienza meravigliosa. E gi\u00e0 la seconda volta che visitiamo ecocaminhos e l\u2019agroforesta, la produzione di caff\u00e8, la bioedilizia rappresentano davvero una importante soluzione al grave squilibrio ecologico determinato dall\u2019essere umano oggi.<!-- R-CONTENT --><\/div> <span class=\"ti-read-more\" data-container=\".ti-review-content\" data-collapse-text=\"Hide\" data-open-text=\"Read more\"><\/span> <\/div> <\/div>  <\/div> <div class=\"ti-controls-line\"> <div class=\"dot\"><\/div> <\/div> <\/div>   <\/div> <\/div> <\/template><\/pre><div data-src=\"https:\/\/cdn.trustindex.io\/loader.js?wp-widget\" data-template-id=\"trustindex-google-widget-html\" data-css-url=\"https:\/\/ecocaminhos.com\/wp-content\/uploads\/trustindex-google-widget.css?1776236071\"><\/div>\n<p>&nbsp;<\/p>\n<h2 style=\"text-align: center;\" data-start=\"4652\" data-end=\"4710\">\ud83c\udf31 <strong data-start=\"4669\" data-end=\"4708\">Quero levar meus alunos para a fazenda!<\/strong><\/h2>\n<\/div><div class=\" ubtn-ctn-center \"><a class=\"ubtn-link ult-adjust-bottom-margin ubtn-center ubtn-large \" href=\"https:\/\/api.whatsapp.com\/send\/?phone=5522997700350&amp;text=Ol%C3%A1%21+Gostaria+de+saber+mais+informa%C3%A7%C3%B5es+sobre+os+passeios+escolares+na+Eco+Caminhos%21&amp;type=phone_number&amp;app_absent=0\" target=\"_blank\" rel=\"noopener\"><button type=\"button\" id=\"ubtn-1241\"  class=\"ubtn ult-adjust-bottom-margin ult-responsive ubtn-large ubtn-no-hover-bg  none  ubtn-center   tooltip-69f2739cb69a4\"  data-hover=\"\" data-border-color=\"\" data-bg=\"#81D742\" data-hover-bg=\"\" data-border-hover=\"\" data-shadow-hover=\"\" data-shadow-click=\"none\" data-shadow=\"\" data-shd-shadow=\"\"  data-ultimate-target='#ubtn-1241'  data-responsive-json-new='{\"font-size\":\"\",\"line-height\":\"\"}'  style=\"font-weight:bold;border:none;background: #81D742;color: #000000;\"><span class=\"ubtn-hover\" style=\"background-color:\"><\/span><span class=\"ubtn-data ubtn-text \" >Fale com nossa equipe<\/span><\/button><\/a><\/div>[\/vc_column][\/vc_row][vc_row][vc_column][vc_column_text]\n[\/vc_column_text]<div  class=\"swmsc_text_block\" > \n<div style=\"position: relative; width: 100%; height: 0; padding-top: 56.2500%; padding-bottom: 0; box-shadow: 0 2px 8px 0 rgba(63,69,81,0.16); margin-top: 1.6em; margin-bottom: 0.9em; overflow: hidden; border-radius: 8px; will-change: transform;\"><iframe style=\"position: absolute; width: 100%; height: 100%; top: 0; left: 0; border: none; padding: 0; margin: 0;\" src=\"https:\/\/www.canva.com\/design\/DAG0eH-SkTc\/PJdjUfxMz2by5KVarGv3Jw\/watch?embed\" allowfullscreen=\"allowfullscreen\"><br \/>\n<\/iframe><\/div>\n<\/div>[\/vc_column][\/vc_row]\n<\/div>","protected":false},"excerpt":{"rendered":"<p>[vc_row][vc_column][vc_column_text css=&#8221;&#8221;] \ud83c\udf31 Passeio Escolar na Natureza: Educa\u00e7\u00e3o Ambiental na Eco Caminhos Conecte seus alunos \u00e0 natureza, \u00e0 sustentabilidade e \u00e0 alimenta\u00e7\u00e3o saud\u00e1vel atrav\u00e9s de experi\u00eancias pr\u00e1ticas e divertidas na [&hellip;]<\/p>\n","protected":false},"author":39,"featured_media":0,"parent":0,"menu_order":0,"comment_status":"closed","ping_status":"closed","template":"","meta":{"footnotes":"","_links_to":"","_links_to_target":""},"categories":[],"tags":[],"class_list":["post-28884","page","type-page","status-publish","hentry"],"rttpg_featured_image_url":null,"rttpg_author":{"display_name":"Jonathan Belarmino","author_link":"https:\/\/ecocaminhos.com\/br\/blog\/author\/jonathan-mbelarmino\/"},"rttpg_comment":0,"rttpg_category":false,"rttpg_excerpt":"[vc_row][vc_column][vc_column_text css=&#8221;&#8221;] \ud83c\udf31 Passeio Escolar na Natureza: Educa\u00e7\u00e3o Ambiental na Eco Caminhos Conecte seus alunos \u00e0 natureza, \u00e0 sustentabilidade e \u00e0 alimenta\u00e7\u00e3o saud\u00e1vel atrav\u00e9s de experi\u00eancias pr\u00e1ticas e divertidas na [&hellip;]","post_mailing_queue_ids":[],"_links":{"self":[{"href":"https:\/\/ecocaminhos.com\/br\/wp-json\/wp\/v2\/pages\/28884","targetHints":{"allow":["GET"]}}],"collection":[{"href":"https:\/\/ecocaminhos.com\/br\/wp-json\/wp\/v2\/pages"}],"about":[{"href":"https:\/\/ecocaminhos.com\/br\/wp-json\/wp\/v2\/types\/page"}],"author":[{"embeddable":true,"href":"https:\/\/ecocaminhos.com\/br\/wp-json\/wp\/v2\/users\/39"}],"replies":[{"embeddable":true,"href":"https:\/\/ecocaminhos.com\/br\/wp-json\/wp\/v2\/comments?post=28884"}],"version-history":[{"count":137,"href":"https:\/\/ecocaminhos.com\/br\/wp-json\/wp\/v2\/pages\/28884\/revisions"}],"predecessor-version":[{"id":29072,"href":"https:\/\/ecocaminhos.com\/br\/wp-json\/wp\/v2\/pages\/28884\/revisions\/29072"}],"wp:attachment":[{"href":"https:\/\/ecocaminhos.com\/br\/wp-json\/wp\/v2\/media?parent=28884"}],"wp:term":[{"taxonomy":"category","embeddable":true,"href":"https:\/\/ecocaminhos.com\/br\/wp-json\/wp\/v2\/categories?post=28884"},{"taxonomy":"post_tag","embeddable":true,"href":"https:\/\/ecocaminhos.com\/br\/wp-json\/wp\/v2\/tags?post=28884"}],"curies":[{"name":"wp","href":"https:\/\/api.w.org\/{rel}","templated":true}]}}