{"id":41,"date":"2015-05-25T12:08:50","date_gmt":"2015-05-25T15:08:50","guid":{"rendered":"http:\/\/your_website_url_here\/?page_id=41"},"modified":"2025-08-13T11:30:54","modified_gmt":"2025-08-13T14:30:54","slug":"about-us-eco-farm-brazil","status":"publish","type":"page","link":"https:\/\/ecocaminhos.com\/br\/sobre-nos\/","title":{"rendered":"Sobre N\u00f3s"},"content":{"rendered":"<div class=\"wpb-content-wrapper\">[vc_row][vc_column][vc_column_text]\n<h2><span style=\"color: #074507;\">1. <\/span>Hist\u00f3ria<\/h2>\n<p>Em 2014, Hilaine, Bart, Roger, Nico e Lucas Bijen vieram ao Brasil com a vis\u00e3o de criar a\u00a0<a class=\"tcolor\" href=\"https:\/\/ecocaminhos.com\/br\/sobre-nos\/\">fazenda autossustent\u00e1vel Eco Caminhos<\/a>\u00a0.\u00a0Hoje, a fazenda \u00e9 totalmente autossustent\u00e1vel em energia, produz 60% de seus pr\u00f3prios alimentos, incluindo vegetais, frutas, carne, leite, ovos e plantou mais de 8.000 \u00e1rvores.\u00a0A Eco Caminhos construiu tr\u00eas casas, um barrac\u00e3o multifuncional e um curral para vacas seguindo o\u00a0<a class=\"tcolor\" href=\"https:\/\/ecocaminhos.com\/br\/bioconstrucao-construcao-sustentavel-brasil-2\/\">m\u00e9todo de bioconstru\u00e7\u00e3o<\/a>\u00a0.\u00a0Al\u00e9m disso, a equipe da Eco Caminhos implementou 1 hectare de\u00a0<a class=\"tcolor\" href=\"https:\/\/ecocaminhos.com\/br\/agrofloresta-brasil\/\">caf\u00e9 em<\/a>\u00a0sistemas agroflorestais como um piloto para comprovar rentabilidade, t\u00e9cnica e viabilidade.<\/p>\n<p><img loading=\"lazy\" decoding=\"async\" class=\"size-full wp-image-23549 alignnone\" src=\"https:\/\/ecocaminhos.com\/wp-content\/uploads\/2023\/12\/volunteer-in-brazil-permaculture-farm-bioconstruction.jpg\" sizes=\"auto, (max-width: 1200px) 100vw, 1200px\" srcset=\"https:\/\/ecocaminhos.com\/wp-content\/uploads\/2023\/12\/volunteer-in-brazil-permaculture-farm-bioconstruction.jpg 1200w, https:\/\/ecocaminhos.com\/wp-content\/uploads\/2023\/12\/volunteer-in-brazil-permaculture-farm-bioconstruction-300x135.jpg 300w, https:\/\/ecocaminhos.com\/wp-content\/uploads\/2023\/12\/volunteer-in-brazil-permaculture-farm-bioconstruction-1024x460.jpg 1024w, https:\/\/ecocaminhos.com\/wp-content\/uploads\/2023\/12\/volunteer-in-brazil-permaculture-farm-bioconstruction-768x345.jpg 768w\" alt=\"\" width=\"1200\" height=\"539\" title=\"\">A Eco Caminhos recebe anualmente pessoas do Brasil e de todo o mundo para aprender sobre essas diferentes t\u00e9cnicas.\u00a0A fazenda j\u00e1 \u00e9 financeiramente autossustent\u00e1vel.\u00a0A Eco Caminhos tem como objetivo disponibilizar o conhecimento acumulado na fazenda para um grupo-alvo mais amplo atrav\u00e9s do seu projeto Escola de Permacultura Ecolibrium que est\u00e1 atualmente em constru\u00e7\u00e3o.<\/p>\n<h2>2. Vis\u00e3o<\/h2>\n<p>O nosso planeta enfrenta atualmente uma s\u00e9rie de crises ambientais, incluindo altera\u00e7\u00f5es clim\u00e1ticas acompanhadas de fen\u00f3menos meteorol\u00f3gicos extremos, polui\u00e7\u00e3o da terra e da \u00e1gua e esgotamento de recursos.\u00a0Acreditamos que o mundo precisa de adotar formas de vida autossustent\u00e1veis, onde produzamos abund\u00e2ncia de alimentos, energia e vivamos em harmonia com a natureza.\u00a0Esta cren\u00e7a \u00e9 amplamente partilhada em todo o mundo, mas sentimos que h\u00e1 muito pouca a\u00e7\u00e3o.\u00a0Na Eco Caminhos agimos e temos reunido conhecimento para contribuir para alcan\u00e7ar este modo de vida autossustent\u00e1vel.\u00a0Queremos agora partilhar este conhecimento com a comunidade, oferecendo forma\u00e7\u00e3o intensiva e de alta qualidade a longo prazo, tanto na teoria como na pr\u00e1tica, \u00e0queles que podem e n\u00e3o podem pagar.\u00a0No Brasil, existem poucos cursos dispon\u00edveis para aprender sobre t\u00e9cnicas sustent\u00e1veis, e esses cursos s\u00e3o caros e muitas vezes fornecem apenas uma vis\u00e3o te\u00f3rica do assunto.<\/p>\n<p>Para convencer os agricultores de monocultura a mudarem para a agrossilvicultura, \u00e9 importante mostrar que estes m\u00e9todos de produ\u00e7\u00e3o ecol\u00f3gicos podem gerar bons rendimentos.\u00a0Para isso, \u00e9 necess\u00e1rio um produto lucrativo de sucesso como exemplo.\u00a0O cultivo do caf\u00e9 em sistemas agroflorestais \u00e9 um exemplo e especificamente interessante para o clima onde a fazenda est\u00e1 inserida.\u00a0O caf\u00e9 j\u00e1 mostra seu potencial no Brasil e al\u00e9m.\u00a0Portanto, o caf\u00e9 ter\u00e1 um papel importante na nossa educa\u00e7\u00e3o pr\u00e1tica na fazenda Eco Caminhos, pois o clima da regi\u00e3o da fazenda \u00e9 ideal para o cultivo do caf\u00e9.<br \/>\n<img loading=\"lazy\" decoding=\"async\" class=\"size-full wp-image-23006 alignnone\" src=\"https:\/\/ecocaminhos.com\/wp-content\/uploads\/motopress-slider\/import\/Ecolibrium-Restaurant-agroforestry-natural-food-educational-centre-1.png\" sizes=\"auto, (max-width: 1280px) 100vw, 1280px\" srcset=\"https:\/\/ecocaminhos.com\/wp-content\/uploads\/motopress-slider\/import\/Ecolibrium-Restaurant-agroforestry-natural-food-educational-centre-1.png 1280w, https:\/\/ecocaminhos.com\/wp-content\/uploads\/motopress-slider\/import\/Ecolibrium-Restaurant-agroforestry-natural-food-educational-centre-1-300x209.png 300w, https:\/\/ecocaminhos.com\/wp-content\/uploads\/motopress-slider\/import\/Ecolibrium-Restaurant-agroforestry-natural-food-educational-centre-1-1024x713.png 1024w, https:\/\/ecocaminhos.com\/wp-content\/uploads\/motopress-slider\/import\/Ecolibrium-Restaurant-agroforestry-natural-food-educational-centre-1-768x535.png 768w\" alt=\"\" width=\"1280\" height=\"891\" title=\"\">Uma impress\u00e3o do futuro do Ecolibrium, do artista criativo Daniel Balcazar 2019.<\/p>\n<h2>3. Miss\u00e3o<\/h2>\n<p>A Eco Caminhos pretende se tornar a escola de\u00a0<a class=\"tcolor\" href=\"https:\/\/ecocaminhos.com\/br\/permaculture-farm-in-brazil\/\">Permacultura\u00a0,\u00a0<\/a><a class=\"tcolor\" href=\"https:\/\/ecocaminhos.com\/br\/agrofloresta-brasil\/\">Agrofloresta<\/a>\u00a0e\u00a0<a class=\"tcolor\" href=\"https:\/\/ecocaminhos.com\/br\/bioconstrucao-construcao-sustentavel-brasil-2\/\">Bioconstru\u00e7\u00e3o<\/a>\u00a0no Brasil.\u00a0Ensinaremos essas t\u00e9cnicas a crian\u00e7as, adolescentes, estudantes, construtores, agricultores e aprendizes internacionais atrav\u00e9s de meios te\u00f3ricos e pr\u00e1ticos.\u00a0Come\u00e7ando localmente, planeamos expandir as nossas atividades a n\u00edvel regional, nacional e internacional atrav\u00e9s da forma\u00e7\u00e3o de outras organiza\u00e7\u00f5es em todo o mundo.\u00a0Nossa experi\u00eancia na implementa\u00e7\u00e3o bem-sucedida dessas t\u00e9cnicas nos \u00faltimos nove anos nos ajudou a construir o conhecimento necess\u00e1rio.\u00a0Atrav\u00e9s do nosso centro educacional veremos uma transforma\u00e7\u00e3o na regi\u00e3o em dire\u00e7\u00e3o a uma agricultura e constru\u00e7\u00e3o mais sustent\u00e1veis, gra\u00e7as aos nossos esfor\u00e7os alinhados com os Objetivos de Desenvolvimento Sustent\u00e1vel (ODS)<\/p>\n<h2>\u00a04. Objetivos espec\u00edficos de ensino<\/h2>\n[\/vc_column_text]<div  class=\"swmsc_toggle_accordion_container\"  data-id=\"closed\">\n\t\t\t\t\t\t<div class=\"swmsc_toggle_box_accordion\">\n\t\t\t\t\t\t<span class=\"swmsc_toggle_box_title_accordion\"><span class=\"swmsc_toggle_box_title_text no_icon\">4.1 Agrossilvicultura<i class=\"fa fa-plus-square-o openclose\"><\/i><i class=\"fa fa-minus-square-o openclose\"><\/i><\/span><\/span>\n\t\t\t\t\t\t<div class=\"swmsc_toggle_box_inner\">\n\t\t\t\t\t\t\t<img loading=\"lazy\" decoding=\"async\" class=\"alignnone wp-image-23050 size-full\" src=\"https:\/\/ecocaminhos.com\/wp-content\/uploads\/motopress-slider\/import\/311829442_5638378952885924_7710294781315319743_n-1-e1703712776954.jpg\" alt=\"\" width=\"1536\" height=\"1276\" title=\"\"><\/p>\n<p>\u2022 Conhecimento te\u00f3rico e pr\u00e1tico sobre como implementar caf\u00e9 rent\u00e1vel em sistemas agroflorestais.<br \/>\n\u2022 Como conceber os sistemas, preparar o solo, plantar as \u00e1rvores, instalar sistemas de irriga\u00e7\u00e3o, manter e podar os sistemas, garantir a seguran\u00e7a, colher, processar, comercializar e vender o caf\u00e9.<br \/>\n\u2022 Influenciar e convencer os agricultores locais a substituir as suas pr\u00e1ticas poluentes por sistemas agroflorestais e criar um efeito de bola de neve.\n\t\t\t\t\t\t<\/div>\n\t\t\t\t\t<\/div><div class=\"swmsc_toggle_box_accordion\">\n\t\t\t\t\t\t<span class=\"swmsc_toggle_box_title_accordion\"><span class=\"swmsc_toggle_box_title_text no_icon\">4.2. Bioconstru\u00e7\u00e3o<i class=\"fa fa-plus-square-o openclose\"><\/i><i class=\"fa fa-minus-square-o openclose\"><\/i><\/span><\/span>\n\t\t\t\t\t\t<div class=\"swmsc_toggle_box_inner\">\n\t\t\t\t\t\t\t<img loading=\"lazy\" decoding=\"async\" class=\"alignleft wp-image-22994\" src=\"https:\/\/ecocaminhos.com\/wp-content\/uploads\/motopress-slider\/import\/Bioconstruction-natural-building-brazil-2-scaled-2-300x169.jpg\" alt=\"\" width=\"1200\" height=\"675\" title=\"\">\u2022 Conhecimento te\u00f3rico e pr\u00e1tico sobre como bioconstruir casas.<br \/>\n\u2022 Observar a localiza\u00e7\u00e3o, selecionar materiais naturais e reciclados e projetar a casa.<br \/>\n\u2022 T\u00e9cnicas de isolamento, drenagem e seguran\u00e7a.<br \/>\n\u2022 Ferramentas e equipamentos necess\u00e1rios para constru\u00e7\u00e3o.<br \/>\n\u2022 Como vender estes conceitos para gerar renda.\n\t\t\t\t\t\t<\/div>\n\t\t\t\t\t<\/div><div class=\"swmsc_toggle_box_accordion\">\n\t\t\t\t\t\t<span class=\"swmsc_toggle_box_title_accordion\"><span class=\"swmsc_toggle_box_title_text no_icon\">4.3. Desenvolvimento empresarial sustent\u00e1vel<i class=\"fa fa-plus-square-o openclose\"><\/i><i class=\"fa fa-minus-square-o openclose\"><\/i><\/span><\/span>\n\t\t\t\t\t\t<div class=\"swmsc_toggle_box_inner\">\n\t\t\t\t\t\t\t\u2022 Como gerar dinheiro com conceitos sustent\u00e1veis.<br \/>\n\u2022 Pesquisa de mercado e desenvolvimento de conceito de neg\u00f3cio.<br \/>\n\u2022 Financiamento\/capta\u00e7\u00e3o de recursos, marketing e vendas.\n\t\t\t\t\t\t<\/div>\n\t\t\t\t\t<\/div><div class=\"swmsc_toggle_box_accordion\">\n\t\t\t\t\t\t<span class=\"swmsc_toggle_box_title_accordion\"><span class=\"swmsc_toggle_box_title_text no_icon\">4.4 Coopera\u00e7\u00e3o<i class=\"fa fa-plus-square-o openclose\"><\/i><i class=\"fa fa-minus-square-o openclose\"><\/i><\/span><\/span>\n\t\t\t\t\t\t<div class=\"swmsc_toggle_box_inner\">\n\t\t\t\t\t\t\t\u2022 Como funcionam as coopera\u00e7\u00f5es<br \/>\n\u2022 Benef\u00edcios das coopera\u00e7\u00f5es<br \/>\n\u2022 Passo a passo como estabelecer e gerir uma coopera\u00e7\u00e3o\n\t\t\t\t\t\t<\/div>\n\t\t\t\t\t<\/div><div class=\"swmsc_toggle_box_accordion\">\n\t\t\t\t\t\t<span class=\"swmsc_toggle_box_title_accordion\"><span class=\"swmsc_toggle_box_title_text no_icon\">4.5. Educa\u00e7\u00e3o em sustentabilidade, agrofloresta e produ\u00e7\u00e3o sustent\u00e1vel<i class=\"fa fa-plus-square-o openclose\"><\/i><i class=\"fa fa-minus-square-o openclose\"><\/i><\/span><\/span>\n\t\t\t\t\t\t<div class=\"swmsc_toggle_box_inner\">\n\t\t\t\t\t\t\t<img loading=\"lazy\" decoding=\"async\" class=\"alignnone size-full wp-image-23765\" src=\"https:\/\/ecocaminhos.com\/wp-content\/uploads\/2023\/12\/study-permaculture-agroforestry-bioconstruction-1260.jpg\" alt=\"\" width=\"1260\" height=\"567\" title=\"\">\u2022 Impactar a regi\u00e3o e mais tarde o pa\u00eds atrav\u00e9s das gera\u00e7\u00f5es mais jovens, especialmente grupos vulner\u00e1veis \u200b\u200be comunidades pr\u00f3ximas.\n\t\t\t\t\t\t<\/div>\n\t\t\t\t\t<\/div><div class=\"swmsc_toggle_box_accordion\">\n\t\t\t\t\t\t<span class=\"swmsc_toggle_box_title_accordion\"><span class=\"swmsc_toggle_box_title_text no_icon\">4.6. replica\u00e7\u00e3o de conceito no Brasil e no mundo<i class=\"fa fa-plus-square-o openclose\"><\/i><i class=\"fa fa-minus-square-o openclose\"><\/i><\/span><\/span>\n\t\t\t\t\t\t<div class=\"swmsc_toggle_box_inner\">\n\t\t\t\t\t\t\t\u2022 Preparar e formar jovens desfavorecidos provenientes de meios vulner\u00e1veis \u200b\u200be sem oportunidades de emprego de qualidade.<br \/>\n\u2022 Treinar agricultores de diferentes comunidades para se tornarem multiplicadores.<br \/>\n\u2022 Influenciar e inspirar a ado\u00e7\u00e3o do modelo pelas comunidades locais.\n\t\t\t\t\t\t<\/div>\n\t\t\t\t\t<\/div>\n\t\t\t\t\t<\/div><div  class=\"swmsc_text_block\" > \n<h2>5. Objectivos de Desenvolvimento Sustent\u00e1vel (ODS)<\/h2>\n<p>Seguimos os Objectivos de Desenvolvimento Sustent\u00e1vel (ODS), que s\u00e3o um conjunto de 17 objectivos globais definidos pelas Na\u00e7\u00f5es Unidas para acabar com a pobreza, proteger o planeta e garantir que todas as pessoas desfrutem de paz e prosperidade at\u00e9 2031. Alinhamos as nossas ac\u00e7\u00f5es com estes objectivos para ajudar a alcan\u00e7\u00e1-los.<\/p>\n<h2><img loading=\"lazy\" decoding=\"async\" class=\"alignnone size-full wp-image-23776\" src=\"https:\/\/ecocaminhos.com\/wp-content\/uploads\/2023\/12\/SDGs.png\" sizes=\"auto, (max-width: 485px) 100vw, 485px\" srcset=\"https:\/\/ecocaminhos.com\/wp-content\/uploads\/2023\/12\/SDGs.png 485w, https:\/\/ecocaminhos.com\/wp-content\/uploads\/2023\/12\/SDGs-300x158.png 300w\" alt=\"\" width=\"485\" height=\"255\" title=\"\"><\/h2>\n<h2>6. Regi\u00e3o de impacto<\/h2>\n<p>O projeto beneficiar\u00e1 inicialmente a popula\u00e7\u00e3o de Nova Friburgo, da regi\u00e3o serrana (Regi\u00e3o Serrano) e das cidades metropolitanas do estado do Rio de Janeiro denominadas Baixada Fluminense.\u00a0Nova Friburgo \u00e9 uma cidade situada entre as montanhas e com clima fresco na maior parte do ano.\u00a0Possui aproximadamente 190 mil habitantes e economia baseada em pequenas f\u00e1bricas de roupas \u00edntimas nos centros urbanos.\u00a0A zona rural de Nova Friburgo \u00e9 uma das maiores produtoras cariocas de morangos e hortali\u00e7as como Coliflor, Br\u00f3colis e Alface.\u00a0A regi\u00e3o serrana do estado do Rio de Janeiro, onde est\u00e1 localizada a cidade de Nova Friburgo, fica entre a plan\u00edcie litor\u00e2nea do norte do estado e o vale formado pelo rio Para\u00edba do Sul no interior do estado.\u00a0A popula\u00e7\u00e3o total desta regi\u00e3o \u00e9 de 873.837.\u00a0A regi\u00e3o serrana do estado do Rio de Janeiro \u00e9 conhecida por suas caracter\u00edsticas socioecon\u00f4micas distintas.\u00a0A regi\u00e3o serrana possui clima mais frio e temperado em compara\u00e7\u00e3o ao restante do estado do Rio de Janeiro.\u00a0A topografia montanhosa e a vegeta\u00e7\u00e3o exuberante s\u00e3o caracter\u00edsticas marcantes, com a presen\u00e7a da Serra dos \u00d3rg\u00e3os e do Parque Nacional da Serra dos \u00d3rg\u00e3os com cachoeiras e \u00e1reas de preserva\u00e7\u00e3o ambiental.\u00a0Destinos populares incluem as cidades de Teres\u00f3polis, Petr\u00f3polis e Nova Friburgo.<\/p>\n<h2>7. Grupos-alvo<\/h2>\n<\/div><div  class=\"swmsc_toggle_accordion_container\"  data-id=\"closed\">\n\t\t\t\t\t\t<div class=\"swmsc_toggle_box_accordion\">\n\t\t\t\t\t\t<span class=\"swmsc_toggle_box_title_accordion\"><span class=\"swmsc_toggle_box_title_text no_icon\">7.1 Agricultores<i class=\"fa fa-plus-square-o openclose\"><\/i><i class=\"fa fa-minus-square-o openclose\"><\/i><\/span><\/span>\n\t\t\t\t\t\t<div class=\"swmsc_toggle_box_inner\">\n\t\t\t\t\t\t\tUm dos principais objetivos do projeto Ecolibrium \u00e9 convencer os agricultores locais a substituir as suas pr\u00e1ticas poluentes por sistemas agroflorestais e criar um efeito de bola de neve.\u00a0Queremos come\u00e7ar em Nova Friburgo que tem hoje 1.820 agricultores (seguindo dados do Programa Rio Rural-Regi\u00e3o Serrana) e depois expandir para toda a regi\u00e3o serrana somando 17.477 agricultores.\u00a0Os agricultores habituais s\u00e3o de fam\u00edlias de baixa a m\u00e9dia renda com sal\u00e1rio m\u00e9dio de R$ 2.318 por m\u00eas.\u00a0Assim que conseguirmos convencer os agricultores locais, acreditamos que atrairemos agricultores de todo o pa\u00eds e de todo o mundo que queiram aprender estas t\u00e9cnicas.\u00a0A Ecolibrium oferecer\u00e1 a infraestrutura adequada para atender esta demanda.\n\t\t\t\t\t\t<\/div>\n\t\t\t\t\t<\/div><div class=\"swmsc_toggle_box_accordion\">\n\t\t\t\t\t\t<span class=\"swmsc_toggle_box_title_accordion\"><span class=\"swmsc_toggle_box_title_text no_icon\">7.2 Crian\u00e7as, adolescentes e estudantes universit\u00e1rios<i class=\"fa fa-plus-square-o openclose\"><\/i><i class=\"fa fa-minus-square-o openclose\"><\/i><\/span><\/span>\n\t\t\t\t\t\t<div class=\"swmsc_toggle_box_inner\">\n\t\t\t\t\t\t\tO nosso objetivo \u00e9 impactar a regi\u00e3o e posteriormente o pa\u00eds atrav\u00e9s das gera\u00e7\u00f5es mais jovens (escolas e universidades).\u00a0Queremos atender 18 mil crian\u00e7as de escolas p\u00fablicas municipais e 12 mil de escolas p\u00fablicas estaduais de Nova Friburgo.\u00a0Um total de 122 escolas.\u00a0A nossa ideia \u00e9 selecionar 3-5% das crian\u00e7as mais motivadas para um programa educativo intensivo na nossa quinta.\u00a0S\u00e3o 540 \u2013 900 crian\u00e7as.\u00a0A cidade possui universidades p\u00fablicas e privadas que oferecem 38 cursos de gradua\u00e7\u00e3o nas \u00e1reas de ci\u00eancias: humanas, biol\u00f3gicas, sociais, ambientais, educa\u00e7\u00e3o, sa\u00fade, ci\u00eancias exatas, tecnologia e inova\u00e7\u00f5es.\u00a0S\u00e3o aproximadamente 3.000 estudantes universit\u00e1rios da cidade, regi\u00e3o e outras localidades.\u00a0Queremos atender, por meio de programas de treinamento, entre 3-5% (90 \u2013 150) dos alunos de gradua\u00e7\u00e3o que demonstram um perfil motivado para participar ativamente de treinamentos e colabora\u00e7\u00e3o.\n\t\t\t\t\t\t<\/div>\n\t\t\t\t\t<\/div><div class=\"swmsc_toggle_box_accordion\">\n\t\t\t\t\t\t<span class=\"swmsc_toggle_box_title_accordion\"><span class=\"swmsc_toggle_box_title_text no_icon\">7.3 dezesseis aprendizes graduados anualmente<i class=\"fa fa-plus-square-o openclose\"><\/i><i class=\"fa fa-minus-square-o openclose\"><\/i><\/span><\/span>\n\t\t\t\t\t\t<div class=\"swmsc_toggle_box_inner\">\n\t\t\t\t\t\t\t<img loading=\"lazy\" decoding=\"async\" class=\"alignnone size-full wp-image-23766\" src=\"https:\/\/ecocaminhos.com\/wp-content\/uploads\/2023\/12\/bioconstrucao-eco-fazenda-permacultura-brasil-vivencia-experiencia-2.jpg\" alt=\"\" width=\"2016\" height=\"1114\" title=\"\">Nosso foco est\u00e1 em jovens desfavorecidos de meios vulner\u00e1veis \u200b\u200bque n\u00e3o t\u00eam oportunidades de emprego de qualidade.\u00a0Como explicado anteriormente, 40% vieram de um orfanato, 90% vieram de fam\u00edlias desfavorecidas, 20% vieram diretamente das ruas.\u00a0A maioria vem do Rio de Janeiro, alguns de Nova Friburgo e tamb\u00e9m recebemos alguns refugiados venezuelanos e argentinos.\u00a0Em 2024 receberemos um aprendiz do nosso projeto parceiro Mais Caminhos e outro do nosso projeto parceiro Off Grid em Nova Friburgo.\u00a0Com o novo complexo queremos receber um total de 16 aprendizes que ir\u00e3o morar e trabalhar em tempo integral na fazenda.\u00a0Isto \u00e9 quatro vezes mais do que agora.\n\t\t\t\t\t\t<\/div>\n\t\t\t\t\t<\/div><div class=\"swmsc_toggle_box_accordion\">\n\t\t\t\t\t\t<span class=\"swmsc_toggle_box_title_accordion\"><span class=\"swmsc_toggle_box_title_text no_icon\">7.4 Convencer as pessoas a construir casas de bioconstru\u00e7\u00e3o em vez de t\u00e9cnicas convencionais poluentes.<i class=\"fa fa-plus-square-o openclose\"><\/i><i class=\"fa fa-minus-square-o openclose\"><\/i><\/span><\/span>\n\t\t\t\t\t\t<div class=\"swmsc_toggle_box_inner\">\n\t\t\t\t\t\t\tQueremos atender todos os segmentos da regi\u00e3o e formar pessoas de diferentes classes sociais, promovendo a inclus\u00e3o e a integra\u00e7\u00e3o.\u00a0Acreditamos que a dissemina\u00e7\u00e3o das t\u00e9cnicas de bioconstru\u00e7\u00e3o trar\u00e1 benef\u00edcios ao meio ambiente, \u00e0s pessoas e ao planeta.\u00a0Com a constru\u00e7\u00e3o do Centro Ecolibrium poderemos oferecer cursos e programas de forma\u00e7\u00e3o a todas as pessoas que queiram aplicar t\u00e9cnicas mais sustent\u00e1veis \u200b\u200be adequadas \u00e0 situa\u00e7\u00e3o atual do nosso planeta.\u00a0Especialmente para as pessoas mais vulner\u00e1veis \u200b\u200be pobres, queremos desenvolver o conceito de casas pequenas e de baixo custo para garantir habita\u00e7\u00e3o e seguran\u00e7a alimentar.\n\t\t\t\t\t\t<\/div>\n\t\t\t\t\t<\/div><div class=\"swmsc_toggle_box_accordion\">\n\t\t\t\t\t\t<span class=\"swmsc_toggle_box_title_accordion\"><span class=\"swmsc_toggle_box_title_text no_icon\">7.5 To help initiatives around the world to set up similar concepts of self-sustainability including a good business concept to generate income.<i class=\"fa fa-plus-square-o openclose\"><\/i><i class=\"fa fa-minus-square-o openclose\"><\/i><\/span><\/span>\n\t\t\t\t\t\t<div class=\"swmsc_toggle_box_inner\">\n\t\t\t\t\t\t\tOf course this is somewhat ambitious to say we will train farms around the world to become multipliers as we are becoming. Still what we have seen around South America is that most permaculture farm concepts are poorly managed resulting in limited results. Combining sustainable techniques with a good business concept is our strength and can generate enormous social and environmental impact in the long run. We already are overwhelmed by demand for volunteers, apprentices and requests for consultancy, bioconstruction projects. With a beautiful self-sustaining farm, a permaculture school, with organic coffee production, a restaurant with own products we expect to become the permaculture farm in Brazil in the next 5 years.\n\t\t\t\t\t\t<\/div>\n\t\t\t\t\t<\/div>\n\t\t\t\t\t<\/div><div  class=\"swmsc_text_block\" > \n<h2><span style=\"color: #074507;\">8. <\/span>Como garantiremos o impacto?<\/h2>\n<\/div><div  class=\"swmsc_toggle_accordion_container\"  data-id=\"closed\">\n\t\t\t\t\t\t<div class=\"swmsc_toggle_box_accordion\">\n\t\t\t\t\t\t<span class=\"swmsc_toggle_box_title_accordion\"><span class=\"swmsc_toggle_box_title_text no_icon\">8.1 Como convencer os agricultores locais a transformarem-se em sistemas agroflorestais e criarem um efeito bola de neve?<i class=\"fa fa-plus-square-o openclose\"><\/i><i class=\"fa fa-minus-square-o openclose\"><\/i><\/span><\/span>\n\t\t\t\t\t\t<div class=\"swmsc_toggle_box_inner\">\n\t\t\t\t\t\t\t\n<h3>8.1.1 Pesquisa e constru\u00e7\u00e3o de conhecimento<\/h3>\n<p>H\u00e1 9 anos participamos de cursos de forma\u00e7\u00e3o com os melhores especialistas agroflorestais do mundo para aprender t\u00e9cnicas sustent\u00e1veis.\u00a0Ap\u00f3s analisar o clima e o mercado dos produtos, decidimos focar no cultivo do caf\u00e9 em sistemas agroflorestais.\u00a0O clima da regi\u00e3o serrana \u00e9 ideal para a produ\u00e7\u00e3o de caf\u00e9.\u00a0Especialmente com o aquecimento global, a nossa regi\u00e3o \u00e9 ainda mais adequada para a produ\u00e7\u00e3o de caf\u00e9, uma vez que as temperaturas mais frias aqui s\u00e3o melhores do que algumas regi\u00f5es tradicionais onde o aumento das temperaturas est\u00e1 a criar mais dificuldades para os produtores de caf\u00e9.\u00a0O caf\u00e9 ser\u00e1 processado na fazenda para agregar valor.\u00a0J\u00e1 plantamos 6.500 \u00e1rvores nativas, frut\u00edferas e dec\u00edduas e 1.500 p\u00e9s de caf\u00e9.\u00a0Utilizamos 250 esp\u00e9cies diferentes de \u00e1rvores, sendo a maioria \u00e1rvores nativas da \u201cMata Atl\u00e2ntica\u201d.\u00a0Nosso objetivo \u00e9 expandir esse sistema para 7 hectares, sendo 3 hectares o m\u00ednimo necess\u00e1rio para uma produ\u00e7\u00e3o lucrativa de caf\u00e9 nos pr\u00f3ximos 5 anos.\u00a0O produto final ser\u00e1 o Caf\u00e9 Ar\u00e1bica org\u00e2nico especial, de alto valor no mercado.\u00a0Atualmente estamos experimentando 3 tipos de caf\u00e9 ar\u00e1bica: Araras, Catuai Amarelo (amarelo) e Catuai Vermelho (Tinto).<\/p>\n<p><strong><em><img loading=\"lazy\" decoding=\"async\" class=\"alignnone wp-image-23866\" src=\"https:\/\/ecocaminhos.com\/wp-content\/uploads\/2023\/12\/agroforestry-desenho-concorcio-cafe-e1703969890689-300x200.jpg\" sizes=\"auto, (max-width: 500px) 100vw, 500px\" srcset=\"https:\/\/ecocaminhos.com\/wp-content\/uploads\/2023\/12\/agroforestry-desenho-concorcio-cafe-e1703969890689-300x200.jpg 300w, https:\/\/ecocaminhos.com\/wp-content\/uploads\/2023\/12\/agroforestry-desenho-concorcio-cafe-e1703969890689-768x512.jpg 768w, https:\/\/ecocaminhos.com\/wp-content\/uploads\/2023\/12\/agroforestry-desenho-concorcio-cafe-e1703969890689.jpg 996w\" alt=\"\" width=\"500\" height=\"333\" title=\"\">Exemplo de projeto de cons\u00f3rcio de caf\u00e9 com linhas de \u00e1rvores e caf\u00e9 no meio.<\/em><\/strong><\/p>\n<p>\u201cAgrossilvicultura \u00e9 definida como a integra\u00e7\u00e3o de \u00e1rvores, arbustos e palmeiras em sistemas agr\u00edcolas e de cria\u00e7\u00e3o de animais.\u00a0Estas pr\u00e1ticas podem ajudar os propriet\u00e1rios de terras a diversificar os produtos e a criar benef\u00edcios sociais, econ\u00f3micos e ambientais.\u00a0As \u00e1rvores e as florestas fornecem mais do que apenas alimentos, podem melhorar os solos, produzir madeira para constru\u00e7\u00e3o, proteger a biodiversidade, preservar e melhorar o precioso abastecimento de \u00e1gua e at\u00e9 ajudar a reduzir os impactos das altera\u00e7\u00f5es clim\u00e1ticas.\u201d<br \/>\nO caf\u00e9 \u00e9 um mercado muito favor\u00e1vel. \u00c9 um aspecto que contribui para o interesse dos produtores em trabalhar com caf\u00e9 org\u00e2nico (Revista de Pol\u00edtica Agr\u00edcola, Ano XXIX \u2013 N\u00b0 2 \u2013 Abr.\/Maio\/Jun. 2020).\u00a0Como estas t\u00e9cnicas s\u00e3o inovadoras e ainda desconhecidas, fizemos forma\u00e7\u00e3o especializada em todo o pa\u00eds com os melhores para aprender a implementar estas t\u00e9cnicas.\u00a0A ideia \u00e9 transformar o caf\u00e9 da fazenda em \u201ccaf\u00e9 especial\u201d.\u00a0Por que o caf\u00e9 especial \u00e9 t\u00e3o interessante?\u00a0O caf\u00e9 especial triplica os pre\u00e7os e a procura por caf\u00e9 especial cresce constantemente, as altera\u00e7\u00f5es clim\u00e1ticas est\u00e3o a tornar a produ\u00e7\u00e3o de caf\u00e9 em monocultura cada vez mais dif\u00edcil e cara, \u00e0 medida que os fertilizantes est\u00e3o a ficar mais caros e a irriga\u00e7\u00e3o est\u00e1 a tornar-se mais complexa, \u00e0 medida que as estiagens aumentam em todo o mundo. .\u00a0O caf\u00e9 agroflorestal n\u00e3o necessita de aduba\u00e7\u00e3o ap\u00f3s o primeiro ano e pode deixar de usar irriga\u00e7\u00e3o ap\u00f3s 3 anos.<\/p>\n<p><img loading=\"lazy\" decoding=\"async\" class=\"alignnone size-full wp-image-23768\" src=\"https:\/\/ecocaminhos.com\/wp-content\/uploads\/2023\/12\/agroforestry-saf5-agrosintropic-farm-brazil.jpg\" sizes=\"auto, (max-width: 1155px) 100vw, 1155px\" srcset=\"https:\/\/ecocaminhos.com\/wp-content\/uploads\/2023\/12\/agroforestry-saf5-agrosintropic-farm-brazil.jpg 1155w, https:\/\/ecocaminhos.com\/wp-content\/uploads\/2023\/12\/agroforestry-saf5-agrosintropic-farm-brazil-300x200.jpg 300w, https:\/\/ecocaminhos.com\/wp-content\/uploads\/2023\/12\/agroforestry-saf5-agrosintropic-farm-brazil-1024x683.jpg 1024w, https:\/\/ecocaminhos.com\/wp-content\/uploads\/2023\/12\/agroforestry-saf5-agrosintropic-farm-brazil-768x512.jpg 768w\" alt=\"\" width=\"1155\" height=\"770\" title=\"\">Experimentos da Eco Caminhos com sistemas agroflorestais (SAF: Sistema Agroflorestal) e datas de in\u00edcio A produ\u00e7\u00e3o de caf\u00e9 em sistemas agroflorestais tamb\u00e9m \u00e9 uma \u00f3tima maneira de atrair o ecoturismo.\u00a0Ag\u00eancias organizam tours de caf\u00e9 por todo o Brasil.\u00a0Voc\u00ea n\u00e3o teria interesse em visitar uma fazenda sustent\u00e1vel que produz caf\u00e9 org\u00e2nico em sistemas agroflorestais?\u00a0Dentro dos sistemas agroflorestais podemos reduzir os fertilizantes e a irriga\u00e7\u00e3o a quase zero ap\u00f3s 3 anos.\u00a0Isso n\u00e3o s\u00f3 tornar\u00e1 o nosso caf\u00e9 org\u00e2nico e de melhor qualidade, mas tamb\u00e9m poderemos simplesmente competir com as fazendas porque nossos custos de produ\u00e7\u00e3o ser\u00e3o menores com o tempo.\u00a0\u00c9 prov\u00e1vel que esta tend\u00eancia aumente no futuro, \u00e0 medida que a nossa situa\u00e7\u00e3o clim\u00e1tica piora e os pre\u00e7os dos fertilizantes aumentam devido \u00e0 depend\u00eancia do g\u00e1s para o seu fabrico.\u00a0Dentro da agrossilvicultura, os agricultores podem continuar a plantar a sua colheita anual, como vegetais, em combina\u00e7\u00e3o com a sua planta\u00e7\u00e3o de caf\u00e9, o que tornar\u00e1 o limiar mais baixo, uma vez que os agricultores podem continuar a fazer como estavam habituados e os agricultores podem vender os seus vegetais dentro de 30 a 60 dias ap\u00f3s o plantio, evitando evitar que tenham que esperar 4 anos antes que o primeiro caf\u00e9 seja colhido e a renda seja gerada.<\/p>\n<p><img loading=\"lazy\" decoding=\"async\" class=\"wp-image-23769 aligncenter\" src=\"https:\/\/ecocaminhos.com\/wp-content\/uploads\/2023\/12\/graph-costs-agroforestry-coffee-system.png\" sizes=\"auto, (max-width: 700px) 100vw, 700px\" srcset=\"https:\/\/ecocaminhos.com\/wp-content\/uploads\/2023\/12\/graph-costs-agroforestry-coffee-system.png 1652w, https:\/\/ecocaminhos.com\/wp-content\/uploads\/2023\/12\/graph-costs-agroforestry-coffee-system-300x180.png 300w, https:\/\/ecocaminhos.com\/wp-content\/uploads\/2023\/12\/graph-costs-agroforestry-coffee-system-1024x615.png 1024w, https:\/\/ecocaminhos.com\/wp-content\/uploads\/2023\/12\/graph-costs-agroforestry-coffee-system-768x461.png 768w, https:\/\/ecocaminhos.com\/wp-content\/uploads\/2023\/12\/graph-costs-agroforestry-coffee-system-1536x922.png 1536w\" alt=\"\" width=\"700\" height=\"420\" title=\"\">O gr\u00e1fico acima \u00e9 indicativo e mostra o que esperamos que aconte\u00e7a com o caf\u00e9 especial na agrofloresta.\u00a0Os custos iniciais para implementar o sistema s\u00e3o muito mais elevados do que com a monocultura.\u00a0Os custos iniciais incluem treinamento, preparo do solo, 250 esp\u00e9cies de \u00e1rvores, ferramentas, trabalho manual etc. No gr\u00e1fico voc\u00ea tamb\u00e9m pode ver que somente no ano 5 come\u00e7amos a ter lucros.\u00a0A grande diferen\u00e7a nas margens de lucro ser\u00e1 o fato de que na agrofloresta vendemos caf\u00e9 org\u00e2nico especial e no cultivo em monocultura precisamos fertilizar fortemente todos os anos, pois o caf\u00e9 exige nutrientes de alta qualidade.\u00a0Outra economia de custos para a agrossilvicultura \u00e9 a irriga\u00e7\u00e3o, que s\u00f3 \u00e9 necess\u00e1ria durante os primeiros 3 anos.\u00a0Os cafeeiros dentro de sistemas agroflorestais tamb\u00e9m viver\u00e3o 3 vezes mais e, portanto, lucrar\u00e3o mais.\u00a0Outro benef\u00edcio dos sistemas agroflorestais \u00e9 que ap\u00f3s 14 anos podemos colher madeira nobre, o que aumentar\u00e1 as margens de lucro.<\/p>\n<h3>8.1.2 Como convencer os agricultores locais?<\/h3>\n<p>Nosso objetivo \u00e9 treinar agricultores locais para implementar o mesmo sistema para transformar fazendas monoculturais poluentes em pr\u00e1ticas agroflorestais sustent\u00e1veis, mostrando nosso exemplo e nossas margens de lucro.\u00a0Abriremos portas e convidaremos os agricultores para mostrar o nosso conceito e tamb\u00e9m os resultados financeiros.\u00a0Para aqueles que est\u00e3o convencidos iniciaremos treinamentos intensivos:<br \/>\n\u2022 Agrofloresta na teoria e na pr\u00e1tica<br \/>\n\u2022 Manuten\u00e7\u00e3o dos sistemas<br \/>\n\u2022 Colheita e poda<br \/>\n\u2022 Secagem, queima e embalagem<br \/>\n\u2022 Vendas<br \/>\n\u2022 Desenvolvimento de neg\u00f3cios<br \/>\n\u2022 Estabelecimento de coopera\u00e7\u00f5es entre v\u00e1rios agricultores<br \/>\n\u2022 Financiamento dos projetos<br \/>\nAcreditamos tamb\u00e9m que precisamos de encontrar incentivos para cobrir os custos iniciais dos sistemas agroflorestais que s\u00e3o elevados e os lucros financeiros s\u00f3 come\u00e7am a partir de 5 anos.\u00a0As taxas de juros no Brasil est\u00e3o entre as mais altas do mundo, por isso emprestar dinheiro \u00e9 imposs\u00edvel para os pequenos agricultores.\u00a0Nos primeiros anos tamb\u00e9m podemos vender o caf\u00e9 aos agricultores at\u00e9 conseguirmos desenvolver coopera\u00e7\u00f5es entre os produtores de caf\u00e9.\u00a0Nossa ideia \u00e9 come\u00e7ar com agricultores locais e expandir para todo o Brasil e para o mundo assim que tivermos sucesso.\u00a0Esperamos que dentro de 5 anos tenhamos 10 agricultores na regi\u00e3o que implementaram com sucesso sistemas agroflorestais.\u00a0Em 10 anos, acreditamos que esse n\u00famero pode aumentar para 100 agricultores, e em 20 anos, 10 mil agricultores em todo o Brasil e no mundo.\u00a0O sucesso deste projeto depende da qualidade do conceito de neg\u00f3cio e da forma\u00e7\u00e3o, para o que necessitaremos do espa\u00e7o Ecolibrium.<\/p>\n<h3>8.1.3.\u00a0Est\u00edmulo e cria\u00e7\u00e3o de Cooperativas<\/h3>\n<p>Uma vez que os primeiros cafeicultores tenham iniciado o cultivo de sistemas agroflorestais de caf\u00e9, queremos estabelecer uma primeira organiza\u00e7\u00e3o cooperativa com esses produtores.\u00a0Isso para controlar democraticamente as vendas de produtos, comprar coletivamente sementes, mudas, fertilizantes, sistemas de irriga\u00e7\u00e3o.\u00a0Tal como explicado na miss\u00e3o, a Associa\u00e7\u00e3o Ecolibrium quer apostar na educa\u00e7\u00e3o, forma\u00e7\u00e3o e orienta\u00e7\u00e3o e n\u00e3o na explora\u00e7\u00e3o dos agricultores locais.\u00a0Queremos colaborar com os agricultores locais para dar novamente o exemplo.\u00a0Acreditamos que cada microrregi\u00e3o precisar\u00e1 constituir a sua pr\u00f3pria cooperativa.\u00a0Ao reunir recursos e negociar colectivamente, os agricultores podem ter acesso a melhores pre\u00e7os, qualidade e quantidade de factores de produ\u00e7\u00e3o e produtos.\u00a0Os agricultores tamb\u00e9m podem beneficiar de economias de escala, infraestruturas partilhadas e gest\u00e3o de riscos.\u00a0Quando chegamos a outras regi\u00f5es pesquisamos e desenvolvemos outros sistemas como produ\u00e7\u00e3o de cacau, produ\u00e7\u00e3o espec\u00edfica de frutas.\u00a0Na Ecolibrium queremos desenvolver programas completos de forma\u00e7\u00e3o para agricultores estabelecerem sua pr\u00f3pria coopera\u00e7\u00e3o em parceria com ag\u00eancias locais de forma\u00e7\u00e3o como: SEBRAE, Embrapa, Emater, OCB, universidades locais e outras.\n\t\t\t\t\t\t<\/div>\n\t\t\t\t\t<\/div><div class=\"swmsc_toggle_box_accordion\">\n\t\t\t\t\t\t<span class=\"swmsc_toggle_box_title_accordion\"><span class=\"swmsc_toggle_box_title_text no_icon\">8.2 Como impactar crian\u00e7as, adolescentes e estudantes universit\u00e1rios?<i class=\"fa fa-plus-square-o openclose\"><\/i><i class=\"fa fa-minus-square-o openclose\"><\/i><\/span><\/span>\n\t\t\t\t\t\t<div class=\"swmsc_toggle_box_inner\">\n\t\t\t\t\t\t\tMuitas vezes recebemos pedidos de visita de escolas e universidades que n\u00e3o possuem nenhum tipo de aulas pr\u00e1ticas de agricultura sustent\u00e1vel, permacultura, agrofloresta e bioconstru\u00e7\u00e3o.\u00a0\u00c0s vezes comparecemos, mas muitas vezes n\u00e3o conseguimos por falta de infraestrutura.\u00a0Com o espa\u00e7o Ecolibrium esta limita\u00e7\u00e3o acabar\u00e1 pois poderemos atender com maior frequ\u00eancia grupos maiores.\u00a0Tamb\u00e9m com o restaurante poderemos atender estes grupos durante todo o dia pois at\u00e9 agora s\u00f3 podemos receber um grupo por uma manh\u00e3 ou tarde pois n\u00e3o podemos oferecer almo\u00e7o.\u00a0Para muitos estudantes, a sustentabilidade \u00e9 uma raz\u00e3o importante para estudar biologia, agronomia ou silvicultura, mas eles precisam de aulas pr\u00e1ticas.\u00a0E a maioria dos professores tem pouco conhecimento sobre agrossilvicultura, bioconstru\u00e7\u00e3o e permacultura e nenhuma experi\u00eancia pr\u00e1tica.\u00a0Tamb\u00e9m recebemos frequentemente ex-alunos para experi\u00eancias de voluntariado e ficamos surpresos com o pouco ou nenhum conhecimento que eles t\u00eam sobre o tema.<br \/>\nAs escolas e universidades locais querem colaborar e, com a infraestrutura, podemos estabelecer parcerias que ser\u00e3o boas para elas, para n\u00f3s, para o p\u00fablico atendido.\u00a0E al\u00e9m dos alunos, os professores tamb\u00e9m podem colocar em pr\u00e1tica seus conhecimentos na Fazenda.<br \/>\nAl\u00e9m disso, podemos oferecer consultoria para escolas e universidades implementarem seus sistemas agroflorestais para gerenciar seus res\u00edduos como compostagem, hortas, uso de \u00e1gua, etc. Para desenvolver um projeto educacional especial, convidamos l\u00edderes dos sistemas educacionais de Nova Friburgo que preocupam-se com o desenvolvimento social e ambiental.\u00a0Exemplo disso foi o encontro visitante realizado com profissionais locais, entre eles: Marcelo Verley, ex-secret\u00e1rio de educa\u00e7\u00e3o, Presidente do Conselho de Ci\u00eancia, Tecnologia e Inova\u00e7\u00e3o, Professora Universit\u00e1ria e Pesquisadora da UERJ Ana Moreira, Alicia Vieira, coordenadora do curso de arquitetura da UERJ Universidade Est\u00e1cio de S\u00e1, entre outras.\u00a0Todos concordam que existe uma grande necessidade de espa\u00e7os de forma\u00e7\u00e3o complementar nos temas Sustentabilidade, Desenvolvimento Sustent\u00e1vel, Produ\u00e7\u00e3o e Consumo, A\u00e7\u00f5es Clim\u00e1ticas, Preserva\u00e7\u00e3o e Conserva\u00e7\u00e3o, entre outros.\u00a0Juntos desenvolvemos um Plano para estruturar a parceria entre diferentes atores locais com o objetivo de ter o Ecolibrium como parceiro estrat\u00e9gico para incluir atividades pr\u00e1ticas e complementares no curr\u00edculo universit\u00e1rio.\n\t\t\t\t\t\t<\/div>\n\t\t\t\t\t<\/div><div class=\"swmsc_toggle_box_accordion\">\n\t\t\t\t\t\t<span class=\"swmsc_toggle_box_title_accordion\"><span class=\"swmsc_toggle_box_title_text no_icon\">8.3 Dezesseis formandos aprendizes anualmente que obt\u00eam empregos de qualidade.<i class=\"fa fa-plus-square-o openclose\"><\/i><i class=\"fa fa-minus-square-o openclose\"><\/i><\/span><\/span>\n\t\t\t\t\t\t<div class=\"swmsc_toggle_box_inner\">\n\t\t\t\t\t\t\t<img loading=\"lazy\" decoding=\"async\" class=\"alignnone size-full wp-image-23770\" src=\"https:\/\/ecocaminhos.com\/wp-content\/uploads\/2023\/12\/apprentices-program-eco-caminhos-brazil.png\" sizes=\"auto, (max-width: 1052px) 100vw, 1052px\" srcset=\"https:\/\/ecocaminhos.com\/wp-content\/uploads\/2023\/12\/apprentices-program-eco-caminhos-brazil.png 1052w, https:\/\/ecocaminhos.com\/wp-content\/uploads\/2023\/12\/apprentices-program-eco-caminhos-brazil-300x137.png 300w, https:\/\/ecocaminhos.com\/wp-content\/uploads\/2023\/12\/apprentices-program-eco-caminhos-brazil-1024x466.png 1024w, https:\/\/ecocaminhos.com\/wp-content\/uploads\/2023\/12\/apprentices-program-eco-caminhos-brazil-768x350.png 768w\" alt=\"\" width=\"1052\" height=\"479\" title=\"\">Nosso programa de aprendizagem presencial funciona desde 2015 e tem recebido jovens em situa\u00e7\u00e3o de vulnerabilidade.\u00a0At\u00e9 agora 24 participantes permaneceram aqui por per\u00edodos de 3 meses e 3 anos aprendendo permacultura, agrofloresta, bioconstru\u00e7\u00e3o e ingl\u00eas.\u00a0A maioria dos jovens aprendeu a trabalhar de forma respons\u00e1vel e correta, tornando-se cidad\u00e3os respeitosos.\u00a0Al\u00e9m de aprenderem sobre as pr\u00e1ticas agr\u00edcolas, tamb\u00e9m aprenderam a cuidar das necessidades dom\u00e9sticas.\u00a0Os resultados s\u00e3o surpreendentes e podemos ver a verdadeira transforma\u00e7\u00e3o em suas vidas.<\/p>\n<p>&nbsp;<\/p>\n<p><strong>Alguns factos:<\/strong><br \/>\n\u2022 40% vieram de um orfanato,<br \/>\n\u2022 90% vieram de fam\u00edlias desfavorecidas,<br \/>\n\u2022 20% vieram directamente das ruas.<br \/>\n\u2022 100% dos que finalizaram o programa deixaram a organiza\u00e7\u00e3o com emprego.<br \/>\n\u2022 20% agora falam ingl\u00eas avan\u00e7ado<br \/>\n\u2022 2 aprendizes agora s\u00e3o contratados pela Eco Caminhos<br \/>\n\u2022 33% que n\u00e3o terminaram, mas pediram para retornar ao programa para uma 2\u00aa chance.<br \/>\nCom o novo espa\u00e7o esperamos poder atender at\u00e9 16 aprendizes anualmente, o que representa 4x o n\u00famero que atendemos atualmente.\u00a0Tamb\u00e9m poderemos ampliar nossa forma\u00e7\u00e3o profissional com hotelaria, culin\u00e1ria e processamento de caf\u00e9, vegetais, frutas, leite e ovos em produtos mais valiosos que possam ser conservados e vendidos.\u00a016 n\u00e3o parece muito, mas \u00e9 importante afirmar que estamos lidando com aprendizes em situa\u00e7\u00f5es vulner\u00e1veis, com um atraso educacional incr\u00edvel, sem habilidades pr\u00e1ticas, que precisam ser ensinados a cozinhar, limpar e se comportar no local de trabalho.\u00a0Preferimos a qualidade \u00e0 quantidade e garantimos uma experi\u00eancia transformadora que oferecer\u00e1 oportunidades que antes da experi\u00eancia eram imposs\u00edveis.\u00a0Por esta raz\u00e3o acreditamos que 16 \u00e9 o m\u00e1ximo absoluto para um centro.\u00a0Supervisionados por nossos colaboradores, os aprendizes t\u00eam papel importante na opera\u00e7\u00e3o da fazenda e do futuro Espa\u00e7o Ecolibrium.\u00a0Assim com os aprendizes conseguimos atender um n\u00famero maior de outros grupos de stakeholders mencionados abaixo.\u00a0Nos pr\u00f3ximos 5 a 10 anos queremos nos tornar um centro educacional reconhecido para jovens carentes no Brasil e em outros lugares.\n\t\t\t\t\t\t<\/div>\n\t\t\t\t\t<\/div><div class=\"swmsc_toggle_box_accordion\">\n\t\t\t\t\t\t<span class=\"swmsc_toggle_box_title_accordion\"><span class=\"swmsc_toggle_box_title_text no_icon\">8.4 Convencer as pessoas a construir casas de bioconstru\u00e7\u00e3o em vez de t\u00e9cnicas poluentes convencionais.<i class=\"fa fa-plus-square-o openclose\"><\/i><i class=\"fa fa-minus-square-o openclose\"><\/i><\/span><\/span>\n\t\t\t\t\t\t<div class=\"swmsc_toggle_box_inner\">\n\t\t\t\t\t\t\t<img loading=\"lazy\" decoding=\"async\" class=\"size-full wp-image-23771 aligncenter\" src=\"https:\/\/ecocaminhos.com\/wp-content\/uploads\/2023\/12\/ecolibrium-bioconstruction-brazil.png\" sizes=\"auto, (max-width: 616px) 100vw, 616px\" srcset=\"https:\/\/ecocaminhos.com\/wp-content\/uploads\/2023\/12\/ecolibrium-bioconstruction-brazil.png 616w, https:\/\/ecocaminhos.com\/wp-content\/uploads\/2023\/12\/ecolibrium-bioconstruction-brazil-300x270.png 300w\" alt=\"\" width=\"616\" height=\"555\" title=\"\"><\/p>\n<p>&nbsp;<\/p>\n<p>O Espa\u00e7o Ecolibrium abrigar\u00e1 uma \u00e1rea multifuncional que ser\u00e1 utilizada como restaurante, espa\u00e7o comum, centro de cursos e espa\u00e7o para eventos.\u00a0Receberemos pessoas da cidade, da regi\u00e3o, de todo o pa\u00eds e do mundo.\u00a0Com um design \u00fanico, esperamos que o espa\u00e7o inspire as pessoas a copiar e replicar o modelo.<br \/>\nAtualmente a fazenda j\u00e1 conta com 2 lindas casas, 1 curral para vacas, galp\u00e3o de ferramentas e galinheiro.\u00a0E aliamos a constru\u00e7\u00e3o natural \u00e0s melhores t\u00e9cnicas de utiliza\u00e7\u00e3o racional da energia recorrendo \u00e0 energia solar e biomassa, t\u00e9cnicas de aquecimento t\u00e9rmico para melhorar o conforto clim\u00e1tico, mantendo as casas quentes no inverno e frescas no ver\u00e3o.\u00a0Na regi\u00e3o, muitas casas t\u00eam problemas com a falta de aquecimento adequado no inverno e alta umidade no ver\u00e3o, mas nas nossas casas n\u00e3o temos esses problemas.\u00a0Hoje recebemos diversas solicita\u00e7\u00f5es para implementa\u00e7\u00e3o de projetos de bioconstru\u00e7\u00e3o na constru\u00e7\u00e3o de moradias em diversos pontos do pa\u00eds.\u00a0Como ainda n\u00e3o temos condi\u00e7\u00f5es de prestar atendimento, contratamos profissionais capacitados aqui em nossa Fazenda.\u00a0S\u00f3 em Nova Friburgo j\u00e1 foram constru\u00eddas 5 casas, fora da fazenda, com base na nossa experi\u00eancia ou recomenda\u00e7\u00f5es.\u00a0E estes pedidos s\u00e3o cada vez maiores, pois o trabalho j\u00e1 \u00e9 reconhecido e procurado, refletindo a valoriza\u00e7\u00e3o da Ecolibrium.\u00a0A cada ano, prepararemos novos profissionais da bioconstru\u00e7\u00e3o que ser\u00e3o qualificados por meio de programas de aprendizagem.\u00a0E estamos a atravessar o mundo e a chegar \u00e0 Europa, como a Quinta Tommati de Portugal, que foi fundada por 2 ex-volunt\u00e1rios, que aplicaram as t\u00e9cnicas aqui aprendidas.\u00a0E agora eles, em Portugal, tamb\u00e9m est\u00e3o a formar outros.<br \/>\nNosso pr\u00f3ximo passo ser\u00e1 fornecer suporte profissional a essas fazendas, incluindo treinamento on-line, orienta\u00e7\u00e3o e especialistas de nossa fazenda dedicando tempo a esses novos projetos para treinar pessoas localmente.\u00a0Isto pode gerar um enorme impacto e um efeito bola de neve onde novas fazendas estabelecidas come\u00e7am a formar outras.<br \/>\nCom o \u201cEspa\u00e7o Ecolibrium\u201d, que ser\u00e1 um complexo de bioconstru\u00e7\u00e3o circular de 927 m\u00b2 com telhado verde e junto com as demais edifica\u00e7\u00f5es da fazenda, ser\u00e1 uma grande inspira\u00e7\u00e3o, aumentando ainda mais o impacto do nosso trabalho.\u00a0Por isso, esperamos muita publicidade durante a constru\u00e7\u00e3o e principalmente ap\u00f3s a inaugura\u00e7\u00e3o, pois, desde agora, j\u00e1 recebemos frequentes pedidos de entrevistas e artigos de canais de not\u00edcias e comunica\u00e7\u00e3o locais e regionais.\u00a0Em nosso canal no YouTube apresentamos alguns v\u00eddeos e materiais publicit\u00e1rios que ser\u00e3o ampliados futuramente.\n\t\t\t\t\t\t<\/div>\n\t\t\t\t\t<\/div><div class=\"swmsc_toggle_box_accordion\">\n\t\t\t\t\t\t<span class=\"swmsc_toggle_box_title_accordion\"><span class=\"swmsc_toggle_box_title_text no_icon\">8.5 Ajudar iniciativas em todo o mundo a estabelecer conceitos semelhantes de auto-sustentabilidade, incluindo um bom conceito de neg\u00f3cio para gerar rendimento.<i class=\"fa fa-plus-square-o openclose\"><\/i><i class=\"fa fa-minus-square-o openclose\"><\/i><\/span><\/span>\n\t\t\t\t\t\t<div class=\"swmsc_toggle_box_inner\">\n\t\t\t\t\t\t\tAssim que o espa\u00e7o Ecolibrium estiver pronto e apresentando resultados positivos, poderemos oferecer apoio a outras fazendas, escolas e organiza\u00e7\u00f5es sociais com prop\u00f3sitos e objetivos semelhantes em todo o mundo.\u00a0Precisaremos selecionar organiza\u00e7\u00f5es que entendam que \u00e9 necess\u00e1rio um bom plano de neg\u00f3cios para causar impacto social e ambiental.\u00a0J\u00e1 somos refer\u00eancia para algumas fazendas que usam nosso conceito como exemplo.\u00a0Agora, cada regi\u00e3o ter\u00e1 o seu clima, mercado, desafios e oportunidades espec\u00edficos.\u00a0\u00c9 uma quest\u00e3o de fazer pesquisas sociais, ambientais e de mercado.\u00a0Encontrar os produtos certos que possam gerar renda dentro de um sistema agroflorestal projetado localmente.\u00a0E como no nosso caso, o potencial de gera\u00e7\u00e3o de receitas adicionais atrav\u00e9s do ecoturismo, cursos, treinamentos e vendas de produtos tamb\u00e9m contribuir\u00e1 para a sa\u00fade financeira.\u00a0Quando uma organiza\u00e7\u00e3o atinge um n\u00edvel de maturidade, ela se torna refer\u00eancia e demonstra funcionalidade em diferentes locais e realidades.\n\t\t\t\t\t\t<\/div>\n\t\t\t\t\t<\/div>\n\t\t\t\t\t<\/div>[\/vc_column][\/vc_row][vc_row css=&#8221;.vc_custom_1705186838735{margin-top: -200px !important;}&#8221; el_class=&#8221;maway&#8221;][vc_column]<div  class=\"clear swmsc_gap\" style=\"margin:30px 0 0 0;\"><\/div><div  class=\"swmsc_text_block\" > \n<h2 style=\"text-align: justify;\"><span style=\"color: #074507;\"><strong>9. <\/strong><\/span><strong>Conhe\u00e7a nossa equipe<\/strong><\/h2>\n<\/div>[\/vc_column][\/vc_row][vc_row el_class=&#8221;daway&#8221;][vc_column]<div  class=\"clear swmsc_gap\" style=\"margin:130px 0 0 0;\"><\/div>[\/vc_column][\/vc_row][vc_row css=&#8221;.vc_custom_1632092433926{margin-top: -200px !important;}&#8221;][vc_column width=&#8221;1\/4&#8243;]<div  class=\"clear swmsc_gap daway\" style=\"margin:100px 0 0 0;\"><\/div>[vc_column_text el_class=&#8221;daway&#8221;]\n<h2 style=\"text-align: justify;\"><span style=\"color: #074507;\"><strong>9. Conhe\u00e7a nossa equipe<\/strong><\/span><\/h2>\n[\/vc_column_text]<div   >\n\t\t\t\t\t\t<div class=\"swmsc_team_member\">\n\t\t\t\t\t\t\t<div class=\"swmsc_team_member_content_holder\" >\n\t\t\t\t\t\t\t\t<div class=\"swmsc_team_member_img\" ><img decoding=\"async\" src=\"https:\/\/ecocaminhos.com\/wp-content\/uploads\/2023\/12\/bart-agroforestry-thumbnail-small-1.jpg\" alt=\"\" title=\"\"><\/div>\n\t\t\t\t\t\t\t\t<div class=\"swmsc_team_member_content\" >\n\t\t\t\t\t\t\t\t\t<div class=\"swmsc_team_member_name\" style=\"font-size:20px;\">Bart Bijen<\/div>\n\t\t\t\t\t\t\t\t\t<p style=\"font-size:14px;\">Diretor Fundador<\/p>\n\t\t\t\t\t\t\t\t\t<div class=\"swmsc_team_member_bio\" ><div class=\"swmsc_team_member_bio_divider\"><span><\/span><\/div>Diretor-gerente<\/p>\n<p>Agrofloresta<\/p>\n<p>Gerente de Projetos Bioconstru\u00e7\u00e3o<div class=\"clear\"><\/div><\/div>\n\t\t\t\t\t\t\t\t\t<ul><li><a href=\"https:\/\/www.facebook.com\/BartBijen\/\" target=\"_blank\" rel=\"noopener\"><i class=\"fa fa-facebook-square\"><\/i><\/a><\/li><li><a href=\"#\"><i class=\"fa fa-linkedin\"><\/i><\/a><\/li><\/ul>\n\t\t\t\t\t\t\t\t\t<div class=\"clear\"><\/div>\n\t\t\t\t\t\t\t\t<\/div>\n\t\t\t\t\t\t\t<\/div>\n\t\t\t\t\t\t<\/div>\n\t\t\t\t\t<\/div><div   >\n\t\t\t\t\t\t<div class=\"swmsc_team_member\">\n\t\t\t\t\t\t\t<div class=\"swmsc_team_member_content_holder\" >\n\t\t\t\t\t\t\t\t<div class=\"swmsc_team_member_img\" ><img decoding=\"async\" src=\"https:\/\/ecocaminhos.com\/wp-content\/uploads\/2023\/12\/thales-thumbnail-1.jpg\" alt=\"\" title=\"\"><\/div>\n\t\t\t\t\t\t\t\t<div class=\"swmsc_team_member_content\" >\n\t\t\t\t\t\t\t\t\t<div class=\"swmsc_team_member_name\" style=\"font-size:20px;\">Thales Silva<\/div>\n\t\t\t\t\t\t\t\t\t<p style=\"font-size:14px;\">Comunica\u00e7\u00e3o<\/p>\n\t\t\t\t\t\t\t\t\t<div class=\"swmsc_team_member_bio\" ><div class=\"swmsc_team_member_bio_divider\"><span><\/span><\/div>Comunica\u00e7\u00e3o<\/p>\n<p>Coordenador de Sele\u00e7\u00e3o<div class=\"clear\"><\/div><\/div>\n\t\t\t\t\t\t\t\t\t<ul><li><a href=\"https:\/\/www.facebook.com\/thales.1991\" target=\"_blank\" rel=\"noopener\"><i class=\"fa fa-facebook-square\"><\/i><\/a><\/li><li><a href=\"https:\/\/www.linkedin.com\/in\/thales-silva91\/\" target=\"_blank\" rel=\"noopener\"><i class=\"fa fa-linkedin\"><\/i><\/a><\/li><\/ul>\n\t\t\t\t\t\t\t\t\t<div class=\"clear\"><\/div>\n\t\t\t\t\t\t\t\t<\/div>\n\t\t\t\t\t\t\t<\/div>\n\t\t\t\t\t\t<\/div>\n\t\t\t\t\t<\/div><div   >\n\t\t\t\t\t\t<div class=\"swmsc_team_member\">\n\t\t\t\t\t\t\t<div class=\"swmsc_team_member_content_holder\" >\n\t\t\t\t\t\t\t\t<div class=\"swmsc_team_member_img\" ><img decoding=\"async\" src=\"https:\/\/ecocaminhos.com\/wp-content\/uploads\/2020\/06\/Sky.jpg\" alt=\"\" title=\"\"><\/div>\n\t\t\t\t\t\t\t\t<div class=\"swmsc_team_member_content\" >\n\t\t\t\t\t\t\t\t\t<div class=\"swmsc_team_member_name\" style=\"font-size:20px;\">Sky<\/div>\n\t\t\t\t\t\t\t\t\t<p style=\"font-size:14px;\">L\u00edder da equipe<\/p>\n\t\t\t\t\t\t\t\t\t<div class=\"swmsc_team_member_bio\" ><div class=\"swmsc_team_member_bio_divider\"><span><\/span><\/div>Team member description text here<div class=\"clear\"><\/div><\/div>\n\t\t\t\t\t\t\t\t\t<ul><li><a href=\"#\"><i class=\"fa fa-twitter\"><\/i><\/a><\/li><li><a href=\"#\"><i class=\"fa fa-facebook\"><\/i><\/a><\/li><li><a href=\"#\"><i class=\"fa fa-linkedin\"><\/i><\/a><\/li><\/ul>\n\t\t\t\t\t\t\t\t\t<div class=\"clear\"><\/div>\n\t\t\t\t\t\t\t\t<\/div>\n\t\t\t\t\t\t\t<\/div>\n\t\t\t\t\t\t<\/div>\n\t\t\t\t\t<\/div>[\/vc_column][vc_column width=&#8221;1\/4&#8243;]<div   >\n\t\t\t\t\t\t<div class=\"swmsc_team_member\">\n\t\t\t\t\t\t\t<div class=\"swmsc_team_member_content_holder\" >\n\t\t\t\t\t\t\t\t<div class=\"swmsc_team_member_img\" ><img decoding=\"async\" src=\"https:\/\/ecocaminhos.com\/wp-content\/uploads\/2023\/12\/dutra-thumbnail-small-1.jpg\" alt=\"\" title=\"\"><\/div>\n\t\t\t\t\t\t\t\t<div class=\"swmsc_team_member_content\" >\n\t\t\t\t\t\t\t\t\t<div class=\"swmsc_team_member_name\" style=\"font-size:20px;\">Margreick Dutra<\/div>\n\t\t\t\t\t\t\t\t\t<p style=\"font-size:14px;\">Coordenador geral<\/p>\n\t\t\t\t\t\t\t\t\t<div class=\"swmsc_team_member_bio\" ><div class=\"swmsc_team_member_bio_divider\"><span><\/span><\/div>coordenador geral<\/p>\n<p>Log\u00edstica<\/p>\n<p>Ecoturismo<div class=\"clear\"><\/div><\/div>\n\t\t\t\t\t\t\t\t\t<ul><li><a href=\"#\"><i class=\"fa fa-twitter\"><\/i><\/a><\/li><li><a href=\"#\"><i class=\"fa fa-facebook\"><\/i><\/a><\/li><li><a href=\"#\"><i class=\"fa fa-linkedin\"><\/i><\/a><\/li><\/ul>\n\t\t\t\t\t\t\t\t\t<div class=\"clear\"><\/div>\n\t\t\t\t\t\t\t\t<\/div>\n\t\t\t\t\t\t\t<\/div>\n\t\t\t\t\t\t<\/div>\n\t\t\t\t\t<\/div><div   >\n\t\t\t\t\t\t<div class=\"swmsc_team_member\">\n\t\t\t\t\t\t\t<div class=\"swmsc_team_member_content_holder\" >\n\t\t\t\t\t\t\t\t<div class=\"swmsc_team_member_img\" ><img decoding=\"async\" src=\"https:\/\/ecocaminhos.com\/wp-content\/uploads\/2023\/12\/Maria-small-1.jpg\" alt=\"\" title=\"\"><\/div>\n\t\t\t\t\t\t\t\t<div class=\"swmsc_team_member_content\" >\n\t\t\t\t\t\t\t\t\t<div class=\"swmsc_team_member_name\" style=\"font-size:20px;\">Maria Iness Fernandez Higuera<\/div>\n\t\t\t\t\t\t\t\t\t<p style=\"font-size:14px;\">Turismo e Culin\u00e1ria<\/p>\n\t\t\t\t\t\t\t\t\t<div class=\"swmsc_team_member_bio\" ><div class=\"swmsc_team_member_bio_divider\"><span><\/span><\/div>Team member description text here<div class=\"clear\"><\/div><\/div>\n\t\t\t\t\t\t\t\t\t<ul><li><a href=\"#\"><i class=\"fa fa-twitter\"><\/i><\/a><\/li><li><a href=\"#\"><i class=\"fa fa-facebook\"><\/i><\/a><\/li><li><a href=\"#\"><i class=\"fa fa-linkedin\"><\/i><\/a><\/li><\/ul>\n\t\t\t\t\t\t\t\t\t<div class=\"clear\"><\/div>\n\t\t\t\t\t\t\t\t<\/div>\n\t\t\t\t\t\t\t<\/div>\n\t\t\t\t\t\t<\/div>\n\t\t\t\t\t<\/div>[\/vc_column][vc_column width=&#8221;1\/4&#8243;]<div   >\n\t\t\t\t\t\t<div class=\"swmsc_team_member\">\n\t\t\t\t\t\t\t<div class=\"swmsc_team_member_content_holder\" >\n\t\t\t\t\t\t\t\t<div class=\"swmsc_team_member_img\" ><img decoding=\"async\" src=\"https:\/\/ecocaminhos.com\/wp-content\/uploads\/2023\/12\/jorge-dutra-thuimbnail-1.jpg\" alt=\"\" title=\"\"><\/div>\n\t\t\t\t\t\t\t\t<div class=\"swmsc_team_member_content\" >\n\t\t\t\t\t\t\t\t\t<div class=\"swmsc_team_member_name\" style=\"font-size:20px;\">Jorge Dutra<\/div>\n\t\t\t\t\t\t\t\t\t<p style=\"font-size:14px;\">Mestre de obras<\/p>\n\t\t\t\t\t\t\t\t\t<div class=\"swmsc_team_member_bio\" ><div class=\"swmsc_team_member_bio_divider\"><span><\/span><\/div>\n<div class=\"swmsc_team_member_bio\">\n<p>Bioconstrutor,Carpinteiro,<\/p>\n<p>Soldagem,<\/p>\n<p>Supervisor<\/p>\n<\/div>\n<div class=\"clear\"><\/div><\/div>\n\t\t\t\t\t\t\t\t\t<ul><li><a href=\"#\"><i class=\"fa fa-twitter\"><\/i><\/a><\/li><li><a href=\"#\"><i class=\"fa fa-facebook\"><\/i><\/a><\/li><li><a href=\"#\"><i class=\"fa fa-linkedin\"><\/i><\/a><\/li><\/ul>\n\t\t\t\t\t\t\t\t\t<div class=\"clear\"><\/div>\n\t\t\t\t\t\t\t\t<\/div>\n\t\t\t\t\t\t\t<\/div>\n\t\t\t\t\t\t<\/div>\n\t\t\t\t\t<\/div><div   >\n\t\t\t\t\t\t<div class=\"swmsc_team_member\">\n\t\t\t\t\t\t\t<div class=\"swmsc_team_member_content_holder\" >\n\t\t\t\t\t\t\t\t<div class=\"swmsc_team_member_img\" ><img decoding=\"async\" src=\"https:\/\/ecocaminhos.com\/wp-content\/uploads\/2023\/12\/Wallace-small-1.jpg\" alt=\"\" title=\"\"><\/div>\n\t\t\t\t\t\t\t\t<div class=\"swmsc_team_member_content\" >\n\t\t\t\t\t\t\t\t\t<div class=\"swmsc_team_member_name\" style=\"font-size:20px;\">Wallace Ferreira<\/div>\n\t\t\t\t\t\t\t\t\t<p style=\"font-size:14px;\">Bioconstru\u00e7\u00e3o e cuidados com animais<\/p>\n\t\t\t\t\t\t\t\t\t<div class=\"swmsc_team_member_bio\" ><div class=\"swmsc_team_member_bio_divider\"><span><\/span><\/div>Team member description text here<div class=\"clear\"><\/div><\/div>\n\t\t\t\t\t\t\t\t\t<ul><li><a href=\"#\"><i class=\"fa fa-twitter\"><\/i><\/a><\/li><li><a href=\"#\"><i class=\"fa fa-facebook\"><\/i><\/a><\/li><li><a href=\"#\"><i class=\"fa fa-linkedin\"><\/i><\/a><\/li><\/ul>\n\t\t\t\t\t\t\t\t\t<div class=\"clear\"><\/div>\n\t\t\t\t\t\t\t\t<\/div>\n\t\t\t\t\t\t\t<\/div>\n\t\t\t\t\t\t<\/div>\n\t\t\t\t\t<\/div>[\/vc_column][vc_column width=&#8221;1\/4&#8243;]<div   >\n\t\t\t\t\t\t<div class=\"swmsc_team_member\">\n\t\t\t\t\t\t\t<div class=\"swmsc_team_member_content_holder\" >\n\t\t\t\t\t\t\t\t<div class=\"swmsc_team_member_img\" ><img decoding=\"async\" src=\"https:\/\/ecocaminhos.com\/wp-content\/uploads\/2023\/12\/rodrigo-small-1.jpg\" alt=\"\" title=\"\"><\/div>\n\t\t\t\t\t\t\t\t<div class=\"swmsc_team_member_content\" >\n\t\t\t\t\t\t\t\t\t<div class=\"swmsc_team_member_name\" style=\"font-size:20px;\">Rodrigo Jose Correa<\/div>\n\t\t\t\t\t\t\t\t\t<p style=\"font-size:14px;\">L\u00edder da equipe<\/p>\n\t\t\t\t\t\t\t\t\t<div class=\"swmsc_team_member_bio\" ><div class=\"swmsc_team_member_bio_divider\"><span><\/span><\/div>Agrofloresta Respons\u00e1vel<\/p>\n<p>Cuidados com Animais<div class=\"clear\"><\/div><\/div>\n\t\t\t\t\t\t\t\t\t<ul><li><a href=\"#\"><i class=\"fa fa-twitter\"><\/i><\/a><\/li><li><a href=\"#\"><i class=\"fa fa-facebook\"><\/i><\/a><\/li><li><a href=\"#\"><i class=\"fa fa-linkedin\"><\/i><\/a><\/li><\/ul>\n\t\t\t\t\t\t\t\t\t<div class=\"clear\"><\/div>\n\t\t\t\t\t\t\t\t<\/div>\n\t\t\t\t\t\t\t<\/div>\n\t\t\t\t\t\t<\/div>\n\t\t\t\t\t<\/div><div   >\n\t\t\t\t\t\t<div class=\"swmsc_team_member\">\n\t\t\t\t\t\t\t<div class=\"swmsc_team_member_content_holder\" >\n\t\t\t\t\t\t\t\t<div class=\"swmsc_team_member_img\" ><img decoding=\"async\" src=\"https:\/\/ecocaminhos.com\/wp-content\/uploads\/2018\/02\/Nnamdi-Okezi-Webmaster-Webdesign-e1602165124688.jpg\" alt=\"\" title=\"\"><\/div>\n\t\t\t\t\t\t\t\t<div class=\"swmsc_team_member_content\" >\n\t\t\t\t\t\t\t\t\t<div class=\"swmsc_team_member_name\" style=\"font-size:20px;\">Nnamdi Okezie<\/div>\n\t\t\t\t\t\t\t\t\t<p style=\"font-size:14px;\">Web designer<\/p>\n\t\t\t\t\t\t\t\t\t<div class=\"swmsc_team_member_bio\" ><div class=\"swmsc_team_member_bio_divider\"><span><\/span><\/div>Webmaster<div class=\"clear\"><\/div><\/div>\n\t\t\t\t\t\t\t\t\t<ul><li><a href=\"#\"><i class=\"fa fa-twitter\"><\/i><\/a><\/li><li><a href=\"#\"><i class=\"fa fa-facebook\"><\/i><\/a><\/li><li><a href=\"#\"><i class=\"fa fa-linkedin\"><\/i><\/a><\/li><\/ul>\n\t\t\t\t\t\t\t\t\t<div class=\"clear\"><\/div>\n\t\t\t\t\t\t\t\t<\/div>\n\t\t\t\t\t\t\t<\/div>\n\t\t\t\t\t\t<\/div>\n\t\t\t\t\t<\/div>[\/vc_column][\/vc_row][vc_row el_class=&#8221;maway&#8221;][vc_column]<div  class=\"clear swmsc_gap\" style=\"margin:30px 0 0 0;\"><\/div><div  class=\"swmsc_text_block\" > \n<h2><strong>Nossos parceiros<\/strong><\/h2>\n<\/div>[\/vc_column][\/vc_row][vc_row css=&#8221;.vc_custom_1632092433926{margin-top: -200px !important;}&#8221;][vc_column width=&#8221;1\/3&#8243;]<div  class=\"clear swmsc_gap daway\" style=\"margin:250px 0 0 0;\"><\/div>[vc_column_text el_class=&#8221;daway&#8221;]\n<h2><strong>Nossos parceiros<\/strong><\/h2>\n[\/vc_column_text][vc_column_text]\n<p><center><a href=\"http:\/\/www.caminhoslanguages.com\/\" target=\"_blank\" rel=\"noopener\"><img decoding=\"async\" class=\"\" src=\"https:\/\/ecocaminhos.com\/images\/logos\/eco-farm-brazil-CaminhosLC.png\" alt=\"eco farm brazil CaminhosLC\" width=\"100%\" title=\"\"><\/a><\/center>[\/vc_column_text][vc_column_text]<a href=\"http:\/\/caminhoslanguages.com\/\" target=\"_blank\" rel=\"noopener\">Caminhos Language Center<\/a>\u00a0oferece aulas de portugu\u00eas em Ipanema, no Rio de Janeiro.\u00a0Tamb\u00e9m oferecemos acomoda\u00e7\u00e3o, aconselhamento sobre vistos, assist\u00eancia e servi\u00e7os estudantis.[\/vc_column_text][\/vc_column][vc_column width=&#8221;1\/3&#8243;][vc_column_text]\n<p><center><a href=\"\/\/www.ecocaminhos.com\"><img decoding=\"async\" class=\"\" src=\"https:\/\/ecocaminhos.com\/images\/logos\/eco-farm-brazil-EcoCaminhos.png\" alt=\"eco farm brazil Eco Caminhos\" width=\"100%\" title=\"\"><\/a><\/center>[\/vc_column_text][vc_column_text]A\u00a0<a href=\"\/\/www.ecocaminhos.com\/\">eco fazenda<\/a>\u00a0\u00e9 refer\u00eancia em servi\u00e7os de\u00a0<a href=\"https:\/\/ecocaminhos.com\/bioconstruction-natural-building-brazil\/\">bioconstru\u00e7\u00e3o<\/a>\u00a0e\u00a0<a href=\"https:\/\/ecocaminhos.com\/agroforest\/\">agrofloresta<\/a>\u00a0.\u00a0Oferecemos\u00a0<a href=\"https:\/\/ecocaminhos.com\/volunteer-opportunities\/\">programas de voluntariado<\/a>\u00a0, hospedagem para\u00a0<a href=\"https:\/\/ecocaminhos.com\/eco-tourism-in-brazil-family-holidays-2\/\">turistas<\/a>\u00a0e\u00a0<a href=\"https:\/\/ecocaminhos.com\/apprenticeship-programme\/\">capacita\u00e7\u00e3o de adolescentes<\/a>\u00a0e jovens.\u00a0Produzimos nossos alimentos org\u00e2nicos e teremos um futuro restaurante.[\/vc_column_text][\/vc_column][vc_column width=&#8221;1\/3&#8243;][vc_column_text]\n<p><center><a href=\"http:\/\/www.maiscaminhos.org\" target=\"_blank\" rel=\"noopener\"><img decoding=\"async\" class=\"\" src=\"https:\/\/ecocaminhos.com\/images\/logos\/eco-farm-brazil-MaisCaminhos.png\" alt=\"eco farm brazil Mais Caminhos\" width=\"100%\" title=\"\"><\/a><\/center>[\/vc_column_text][vc_column_text]<a href=\"http:\/\/www.maiscaminhos.org\/\" target=\"_blank\" rel=\"noopener\">O Mais Caminhos<\/a>\u00a0atende crian\u00e7as e adolescentes em situa\u00e7\u00e3o de vulnerabilidade social e baixa renda.\u00a0Oferecemos programas de interc\u00e2mbio e bolsas de estudo e tamb\u00e9m contamos com o servi\u00e7o Mais Caminhos Fam\u00edlia.[\/vc_column_text][\/vc_column][\/vc_row][vc_column][\/vc_column]\n<\/div>","protected":false},"excerpt":{"rendered":"<p>[vc_row][vc_column][vc_column_text] 1. Hist\u00f3ria Em 2014, Hilaine, Bart, Roger, Nico e Lucas Bijen vieram ao Brasil com a vis\u00e3o de criar a\u00a0fazenda autossustent\u00e1vel Eco Caminhos\u00a0.\u00a0Hoje, a fazenda \u00e9 totalmente autossustent\u00e1vel em [&hellip;]<\/p>\n","protected":false},"author":9,"featured_media":0,"parent":0,"menu_order":1,"comment_status":"closed","ping_status":"closed","template":"","meta":{"footnotes":"","_links_to":"","_links_to_target":""},"categories":[295,299,301,293,296],"tags":[],"class_list":["post-41","page","type-page","status-publish","hentry","category-education","category-permaculture","category-rehabilitation","category-testimonial","category-volunteering"],"rttpg_featured_image_url":null,"rttpg_author":{"display_name":"Nnamdi","author_link":"https:\/\/ecocaminhos.com\/br\/blog\/author\/nnamdi\/"},"rttpg_comment":0,"rttpg_category":" <a href=\"https:\/\/ecocaminhos.com\/br\/blog\/category\/education\/\" rel=\"tag\">Educa\u00e7\u00e3o<\/a><a href=\"https:\/\/ecocaminhos.com\/br\/blog\/category\/permaculture\/\" rel=\"tag\">Permacultura<\/a><a href=\"https:\/\/ecocaminhos.com\/br\/blog\/category\/rehabilitation\/\" rel=\"tag\">Reabilita\u00e7\u00e3o<\/a><a href=\"https:\/\/ecocaminhos.com\/br\/blog\/category\/testimonial\/\" rel=\"tag\">Depoimento<\/a><a href=\"https:\/\/ecocaminhos.com\/br\/blog\/category\/volunteering\/\" rel=\"tag\">Voluntariado<\/a>","rttpg_excerpt":"[vc_row][vc_column][vc_column_text] 1. Hist\u00f3ria Em 2014, Hilaine, Bart, Roger, Nico e Lucas Bijen vieram ao Brasil com a vis\u00e3o de criar a\u00a0fazenda autossustent\u00e1vel Eco Caminhos\u00a0.\u00a0Hoje, a fazenda \u00e9 totalmente autossustent\u00e1vel em [&hellip;]","post_mailing_queue_ids":[],"_links":{"self":[{"href":"https:\/\/ecocaminhos.com\/br\/wp-json\/wp\/v2\/pages\/41","targetHints":{"allow":["GET"]}}],"collection":[{"href":"https:\/\/ecocaminhos.com\/br\/wp-json\/wp\/v2\/pages"}],"about":[{"href":"https:\/\/ecocaminhos.com\/br\/wp-json\/wp\/v2\/types\/page"}],"author":[{"embeddable":true,"href":"https:\/\/ecocaminhos.com\/br\/wp-json\/wp\/v2\/users\/9"}],"replies":[{"embeddable":true,"href":"https:\/\/ecocaminhos.com\/br\/wp-json\/wp\/v2\/comments?post=41"}],"version-history":[{"count":7,"href":"https:\/\/ecocaminhos.com\/br\/wp-json\/wp\/v2\/pages\/41\/revisions"}],"predecessor-version":[{"id":28403,"href":"https:\/\/ecocaminhos.com\/br\/wp-json\/wp\/v2\/pages\/41\/revisions\/28403"}],"wp:attachment":[{"href":"https:\/\/ecocaminhos.com\/br\/wp-json\/wp\/v2\/media?parent=41"}],"wp:term":[{"taxonomy":"category","embeddable":true,"href":"https:\/\/ecocaminhos.com\/br\/wp-json\/wp\/v2\/categories?post=41"},{"taxonomy":"post_tag","embeddable":true,"href":"https:\/\/ecocaminhos.com\/br\/wp-json\/wp\/v2\/tags?post=41"}],"curies":[{"name":"wp","href":"https:\/\/api.w.org\/{rel}","templated":true}]}}